{"id":8,"date":"2011-10-19T11:28:17","date_gmt":"2011-10-19T11:28:17","guid":{"rendered":"http:\/\/fotoknobi.de\/hochzeit\/?page_id=8"},"modified":"2023-11-17T15:35:56","modified_gmt":"2023-11-17T15:35:56","slug":"portfolio","status":"publish","type":"page","link":"https:\/\/hochzeitsfotograf-bb.de\/","title":{"rendered":"Hochzeitsbilder"},"content":{"rendered":"\n<div class=\"wp-block-envira-envira-gallery\"><div id=\"envira-gallery-wrap-1475\" class=\"envira-gallery-wrap envira-gallery-theme-base envira-lightbox-theme-base\" itemscope itemtype=\"https:\/\/schema.org\/ImageGallery\"><div data-row-height=\"150\" data-gallery-theme=\"normal\" id=\"envira-gallery-1475\" class=\"envira-gallery-public envira-gallery-justified-public envira-gallery-0-columns envira-clear enviratope envira-gallery-css-animations\" data-envira-columns=\"0\"><div id=\"envira-gallery-item-1476\" class=\"envira-gallery-item enviratope-item envira-gallery-item-1 envira-lazy-load\" style=\"padding-left: 1px; padding-bottom: 1px; padding-right: 1px;\"  itemscope itemtype=\"https:\/\/schema.org\/ImageObject\"><div class=\"envira-gallery-item-inner\"><div class=\"envira-gallery-position-overlay  envira-gallery-top-left\"><\/div><div class=\"envira-gallery-position-overlay  envira-gallery-top-right\"><\/div><div class=\"envira-gallery-position-overlay  envira-gallery-bottom-left\"><\/div><div class=\"envira-gallery-position-overlay  envira-gallery-bottom-right\"><\/div><a href=\"https:\/\/hochzeitsfotograf-bb.de\/wp-content\/uploads\/2019\/12\/jt1752.jpg\" class=\"envira-gallery-1475 envira-gallery-link\" rel=\"enviragallery1475\" title=\"Hochzeitsfotograf Burg Steffenfels\" data-envira-caption=\"Hochzeitsfotograf Burg Steffenfels\" data-envira-retina=\"\" data-thumbnail=\"\"  itemprop=\"contentUrl\"><img decoding=\"async\" id=\"envira-gallery-image-1476\" class=\"envira-gallery-image envira-gallery-image-1 envira-normal envira-lazy\" data-envira-index=\"1\" src=\"https:\/\/hochzeitsfotograf-bb.de\/wp-content\/uploads\/2019\/12\/jt1752-640x480.jpg\" data-envira-src=\"https:\/\/hochzeitsfotograf-bb.de\/wp-content\/uploads\/2019\/12\/jt1752-640x480.jpg\" data-envira-gallery-id=\"1475\" data-envira-item-id=\"1476\" data-envira-caption=\"Hochzeitsfotograf Burg Steffenfels\" alt=\"hochzeitsfotograf, burg stettenfels, fotoshooting, brautpaar, benjamin knoblauch\" title=\"Hochzeitsfotograf Burg Steffenfels\"  itemprop=\"thumbnailUrl\" data-envira-srcset=\"https:\/\/hochzeitsfotograf-bb.de\/wp-content\/uploads\/2019\/12\/jt1752-640x480.jpg 400w,https:\/\/hochzeitsfotograf-bb.de\/wp-content\/uploads\/2019\/12\/jt1752-640x480.jpg 2x\" data-envira-width=\"300\" data-envira-height=\"200\" srcset=\"data:image\/gif;base64,R0lGODlhAQABAIAAAP\/\/\/\/\/\/\/yH5BAEKAAEALAAAAAABAAEAAAICTAEAOw==\" data-safe-src=\"data:image\/gif;base64,R0lGODlhAQABAIAAAP\/\/\/\/\/\/\/yH5BAEKAAEALAAAAAABAAEAAAICTAEAOw==\" \/><\/a><\/div><\/div><div id=\"envira-gallery-item-1478\" class=\"envira-gallery-item enviratope-item envira-gallery-item-2 envira-lazy-load\" style=\"padding-left: 1px; padding-bottom: 1px; padding-right: 1px;\"  itemscope itemtype=\"https:\/\/schema.org\/ImageObject\"><div class=\"envira-gallery-item-inner\"><div class=\"envira-gallery-position-overlay  envira-gallery-top-left\"><\/div><div class=\"envira-gallery-position-overlay  envira-gallery-top-right\"><\/div><div class=\"envira-gallery-position-overlay  envira-gallery-bottom-left\"><\/div><div class=\"envira-gallery-position-overlay  envira-gallery-bottom-right\"><\/div><a href=\"https:\/\/hochzeitsfotograf-bb.de\/wp-content\/uploads\/2019\/12\/jt1818.jpg\" class=\"envira-gallery-1475 envira-gallery-link\" rel=\"enviragallery1475\" title=\"Hochzeitsfotograf Burg Steffenfels\" data-envira-caption=\"Hochzeitsfotograf Burg Steffenfels\" data-envira-retina=\"\" data-thumbnail=\"\"  itemprop=\"contentUrl\"><img decoding=\"async\" id=\"envira-gallery-image-1478\" class=\"envira-gallery-image envira-gallery-image-2 envira-normal envira-lazy\" data-envira-index=\"2\" src=\"https:\/\/hochzeitsfotograf-bb.de\/wp-content\/uploads\/2019\/12\/jt1818-640x480.jpg\" data-envira-src=\"https:\/\/hochzeitsfotograf-bb.de\/wp-content\/uploads\/2019\/12\/jt1818-640x480.jpg\" data-envira-gallery-id=\"1475\" data-envira-item-id=\"1478\" data-envira-caption=\"Hochzeitsfotograf Burg Steffenfels\" alt=\"hochzeitsfotograf, burg stettenfels, fotoshooting, brautpaar, benjamin knoblauch\" title=\"Hochzeitsfotograf Burg Steffenfels\"  itemprop=\"thumbnailUrl\" data-envira-srcset=\"https:\/\/hochzeitsfotograf-bb.de\/wp-content\/uploads\/2019\/12\/jt1818-640x480.jpg 400w,https:\/\/hochzeitsfotograf-bb.de\/wp-content\/uploads\/2019\/12\/jt1818-640x480.jpg 2x\" data-envira-width=\"300\" data-envira-height=\"200\" srcset=\"data:image\/gif;base64,R0lGODlhAQABAIAAAP\/\/\/\/\/\/\/yH5BAEKAAEALAAAAAABAAEAAAICTAEAOw==\" data-safe-src=\"data:image\/gif;base64,R0lGODlhAQABAIAAAP\/\/\/\/\/\/\/yH5BAEKAAEALAAAAAABAAEAAAICTAEAOw==\" \/><\/a><\/div><\/div><div id=\"envira-gallery-item-1501\" class=\"envira-gallery-item enviratope-item envira-gallery-item-3 envira-lazy-load\" style=\"padding-left: 1px; padding-bottom: 1px; padding-right: 1px;\"  itemscope itemtype=\"https:\/\/schema.org\/ImageObject\"><div class=\"envira-gallery-item-inner\"><div class=\"envira-gallery-position-overlay  envira-gallery-top-left\"><\/div><div class=\"envira-gallery-position-overlay  envira-gallery-top-right\"><\/div><div class=\"envira-gallery-position-overlay  envira-gallery-bottom-left\"><\/div><div class=\"envira-gallery-position-overlay  envira-gallery-bottom-right\"><\/div><a href=\"https:\/\/hochzeitsfotograf-bb.de\/wp-content\/uploads\/2019\/12\/vs0228.jpg\" class=\"envira-gallery-1475 envira-gallery-link\" rel=\"enviragallery1475\" title=\"Hochzeitsfotograf Hofgut Maisenburg\" data-envira-caption=\"Hochzeitsfotograf Hofgut Maisenburg\" data-envira-retina=\"\" data-thumbnail=\"\"  itemprop=\"contentUrl\"><img decoding=\"async\" id=\"envira-gallery-image-1501\" class=\"envira-gallery-image envira-gallery-image-3 envira-normal envira-lazy\" data-envira-index=\"3\" src=\"https:\/\/hochzeitsfotograf-bb.de\/wp-content\/uploads\/2019\/12\/vs0228-640x480.jpg\" data-envira-src=\"https:\/\/hochzeitsfotograf-bb.de\/wp-content\/uploads\/2019\/12\/vs0228-640x480.jpg\" data-envira-gallery-id=\"1475\" data-envira-item-id=\"1501\" data-envira-caption=\"Hochzeitsfotograf Hofgut Maisenburg\" alt=\"hochzeitsfotograf, sindelfingen, schw\u00e4bische alb, b\u00f6blingen, fotoshooting, brautpaar, benjamin knoblauch\" title=\"Hochzeitsfotograf Hofgut Maisenburg\"  itemprop=\"thumbnailUrl\" data-envira-srcset=\"https:\/\/hochzeitsfotograf-bb.de\/wp-content\/uploads\/2019\/12\/vs0228-640x480.jpg 400w,https:\/\/hochzeitsfotograf-bb.de\/wp-content\/uploads\/2019\/12\/vs0228-640x480.jpg 2x\" data-envira-width=\"200\" data-envira-height=\"300\" srcset=\"data:image\/gif;base64,R0lGODlhAQABAIAAAP\/\/\/\/\/\/\/yH5BAEKAAEALAAAAAABAAEAAAICTAEAOw==\" data-safe-src=\"data:image\/gif;base64,R0lGODlhAQABAIAAAP\/\/\/\/\/\/\/yH5BAEKAAEALAAAAAABAAEAAAICTAEAOw==\" \/><\/a><\/div><\/div><div id=\"envira-gallery-item-1502\" class=\"envira-gallery-item enviratope-item envira-gallery-item-4 envira-lazy-load\" style=\"padding-left: 1px; padding-bottom: 1px; padding-right: 1px;\"  itemscope itemtype=\"https:\/\/schema.org\/ImageObject\"><div class=\"envira-gallery-item-inner\"><div class=\"envira-gallery-position-overlay  envira-gallery-top-left\"><\/div><div class=\"envira-gallery-position-overlay  envira-gallery-top-right\"><\/div><div class=\"envira-gallery-position-overlay  envira-gallery-bottom-left\"><\/div><div class=\"envira-gallery-position-overlay  envira-gallery-bottom-right\"><\/div><a href=\"https:\/\/hochzeitsfotograf-bb.de\/wp-content\/uploads\/2019\/12\/vs0343.jpg\" class=\"envira-gallery-1475 envira-gallery-link\" rel=\"enviragallery1475\" title=\"Hochzeitsfotograf Hofgut Maisenburg\" data-envira-caption=\"Hochzeitsfotograf Hofgut Maisenburg\" data-envira-retina=\"\" data-thumbnail=\"\"  itemprop=\"contentUrl\"><img decoding=\"async\" id=\"envira-gallery-image-1502\" class=\"envira-gallery-image envira-gallery-image-4 envira-normal envira-lazy\" data-envira-index=\"4\" src=\"https:\/\/hochzeitsfotograf-bb.de\/wp-content\/uploads\/2019\/12\/vs0343-640x480.jpg\" data-envira-src=\"https:\/\/hochzeitsfotograf-bb.de\/wp-content\/uploads\/2019\/12\/vs0343-640x480.jpg\" data-envira-gallery-id=\"1475\" data-envira-item-id=\"1502\" data-envira-caption=\"Hochzeitsfotograf Hofgut Maisenburg\" alt=\"hochzeitsfotograf, sindelfingen, schw\u00e4bische alb, b\u00f6blingen, fotoshooting, brautpaar, benjamin knoblauch\" title=\"Hochzeitsfotograf Hofgut Maisenburg\"  itemprop=\"thumbnailUrl\" data-envira-srcset=\"https:\/\/hochzeitsfotograf-bb.de\/wp-content\/uploads\/2019\/12\/vs0343-640x480.jpg 400w,https:\/\/hochzeitsfotograf-bb.de\/wp-content\/uploads\/2019\/12\/vs0343-640x480.jpg 2x\" data-envira-width=\"300\" data-envira-height=\"240\" srcset=\"data:image\/gif;base64,R0lGODlhAQABAIAAAP\/\/\/\/\/\/\/yH5BAEKAAEALAAAAAABAAEAAAICTAEAOw==\" data-safe-src=\"data:image\/gif;base64,R0lGODlhAQABAIAAAP\/\/\/\/\/\/\/yH5BAEKAAEALAAAAAABAAEAAAICTAEAOw==\" \/><\/a><\/div><\/div><div id=\"envira-gallery-item-1503\" class=\"envira-gallery-item enviratope-item envira-gallery-item-5 envira-lazy-load\" style=\"padding-left: 1px; padding-bottom: 1px; padding-right: 1px;\"  itemscope itemtype=\"https:\/\/schema.org\/ImageObject\"><div class=\"envira-gallery-item-inner\"><div class=\"envira-gallery-position-overlay  envira-gallery-top-left\"><\/div><div class=\"envira-gallery-position-overlay  envira-gallery-top-right\"><\/div><div class=\"envira-gallery-position-overlay  envira-gallery-bottom-left\"><\/div><div class=\"envira-gallery-position-overlay  envira-gallery-bottom-right\"><\/div><a href=\"https:\/\/hochzeitsfotograf-bb.de\/wp-content\/uploads\/2019\/12\/vs0500.jpg\" class=\"envira-gallery-1475 envira-gallery-link\" rel=\"enviragallery1475\" title=\"Hochzeitsfotograf Hofgut Maisenburg\" data-envira-caption=\"Hochzeitsfotograf Hofgut Maisenburg\" data-envira-retina=\"\" data-thumbnail=\"\"  itemprop=\"contentUrl\"><img decoding=\"async\" id=\"envira-gallery-image-1503\" class=\"envira-gallery-image envira-gallery-image-5 envira-normal envira-lazy\" data-envira-index=\"5\" src=\"https:\/\/hochzeitsfotograf-bb.de\/wp-content\/uploads\/2019\/12\/vs0500-640x480.jpg\" data-envira-src=\"https:\/\/hochzeitsfotograf-bb.de\/wp-content\/uploads\/2019\/12\/vs0500-640x480.jpg\" data-envira-gallery-id=\"1475\" data-envira-item-id=\"1503\" data-envira-caption=\"Hochzeitsfotograf Hofgut Maisenburg\" alt=\"hochzeitsfotograf, sindelfingen, schw\u00e4bische alb, b\u00f6blingen, fotoshooting, brautpaar, benjamin knoblauch\" title=\"Hochzeitsfotograf Hofgut Maisenburg\"  itemprop=\"thumbnailUrl\" data-envira-srcset=\"https:\/\/hochzeitsfotograf-bb.de\/wp-content\/uploads\/2019\/12\/vs0500-640x480.jpg 400w,https:\/\/hochzeitsfotograf-bb.de\/wp-content\/uploads\/2019\/12\/vs0500-640x480.jpg 2x\" data-envira-width=\"300\" data-envira-height=\"200\" srcset=\"data:image\/gif;base64,R0lGODlhAQABAIAAAP\/\/\/\/\/\/\/yH5BAEKAAEALAAAAAABAAEAAAICTAEAOw==\" data-safe-src=\"data:image\/gif;base64,R0lGODlhAQABAIAAAP\/\/\/\/\/\/\/yH5BAEKAAEALAAAAAABAAEAAAICTAEAOw==\" \/><\/a><\/div><\/div><div id=\"envira-gallery-item-1504\" class=\"envira-gallery-item enviratope-item envira-gallery-item-6 envira-lazy-load\" style=\"padding-left: 1px; padding-bottom: 1px; padding-right: 1px;\"  itemscope itemtype=\"https:\/\/schema.org\/ImageObject\"><div class=\"envira-gallery-item-inner\"><div class=\"envira-gallery-position-overlay  envira-gallery-top-left\"><\/div><div class=\"envira-gallery-position-overlay  envira-gallery-top-right\"><\/div><div class=\"envira-gallery-position-overlay  envira-gallery-bottom-left\"><\/div><div class=\"envira-gallery-position-overlay  envira-gallery-bottom-right\"><\/div><a href=\"https:\/\/hochzeitsfotograf-bb.de\/wp-content\/uploads\/2019\/12\/vs0502.jpg\" class=\"envira-gallery-1475 envira-gallery-link\" rel=\"enviragallery1475\" title=\"Hochzeitsfotograf Hofgut Maisenburg\" data-envira-caption=\"Hochzeitsfotograf Hofgut Maisenburg\" data-envira-retina=\"\" data-thumbnail=\"\"  itemprop=\"contentUrl\"><img decoding=\"async\" id=\"envira-gallery-image-1504\" class=\"envira-gallery-image envira-gallery-image-6 envira-normal envira-lazy\" data-envira-index=\"6\" src=\"https:\/\/hochzeitsfotograf-bb.de\/wp-content\/uploads\/2019\/12\/vs0502-640x480.jpg\" data-envira-src=\"https:\/\/hochzeitsfotograf-bb.de\/wp-content\/uploads\/2019\/12\/vs0502-640x480.jpg\" data-envira-gallery-id=\"1475\" data-envira-item-id=\"1504\" data-envira-caption=\"Hochzeitsfotograf Hofgut Maisenburg\" alt=\"hochzeitsfotograf, sindelfingen, schw\u00e4bische alb, b\u00f6blingen, fotoshooting, brautpaar, benjamin knoblauch\" title=\"Hochzeitsfotograf Hofgut Maisenburg\"  itemprop=\"thumbnailUrl\" data-envira-srcset=\"https:\/\/hochzeitsfotograf-bb.de\/wp-content\/uploads\/2019\/12\/vs0502-640x480.jpg 400w,https:\/\/hochzeitsfotograf-bb.de\/wp-content\/uploads\/2019\/12\/vs0502-640x480.jpg 2x\" data-envira-width=\"300\" data-envira-height=\"200\" srcset=\"data:image\/gif;base64,R0lGODlhAQABAIAAAP\/\/\/\/\/\/\/yH5BAEKAAEALAAAAAABAAEAAAICTAEAOw==\" data-safe-src=\"data:image\/gif;base64,R0lGODlhAQABAIAAAP\/\/\/\/\/\/\/yH5BAEKAAEALAAAAAABAAEAAAICTAEAOw==\" \/><\/a><\/div><\/div><div id=\"envira-gallery-item-1505\" class=\"envira-gallery-item enviratope-item envira-gallery-item-7 envira-lazy-load\" style=\"padding-left: 1px; padding-bottom: 1px; padding-right: 1px;\"  itemscope itemtype=\"https:\/\/schema.org\/ImageObject\"><div class=\"envira-gallery-item-inner\"><div class=\"envira-gallery-position-overlay  envira-gallery-top-left\"><\/div><div class=\"envira-gallery-position-overlay  envira-gallery-top-right\"><\/div><div class=\"envira-gallery-position-overlay  envira-gallery-bottom-left\"><\/div><div class=\"envira-gallery-position-overlay  envira-gallery-bottom-right\"><\/div><a href=\"https:\/\/hochzeitsfotograf-bb.de\/wp-content\/uploads\/2019\/12\/vs0513.jpg\" class=\"envira-gallery-1475 envira-gallery-link\" rel=\"enviragallery1475\" title=\"Hochzeitsfotograf Hofgut Maisenburg\" data-envira-caption=\"Hochzeitsfotograf Hofgut Maisenburg\" data-envira-retina=\"\" data-thumbnail=\"\"  itemprop=\"contentUrl\"><img decoding=\"async\" id=\"envira-gallery-image-1505\" class=\"envira-gallery-image envira-gallery-image-7 envira-normal envira-lazy\" data-envira-index=\"7\" src=\"https:\/\/hochzeitsfotograf-bb.de\/wp-content\/uploads\/2019\/12\/vs0513-640x480.jpg\" data-envira-src=\"https:\/\/hochzeitsfotograf-bb.de\/wp-content\/uploads\/2019\/12\/vs0513-640x480.jpg\" data-envira-gallery-id=\"1475\" data-envira-item-id=\"1505\" data-envira-caption=\"Hochzeitsfotograf Hofgut Maisenburg\" alt=\"hochzeitsfotograf, sindelfingen, schw\u00e4bische alb, b\u00f6blingen, fotoshooting, brautpaar, benjamin knoblauch, maisenburg\" title=\"Hochzeitsfotograf Hofgut Maisenburg\"  itemprop=\"thumbnailUrl\" data-envira-srcset=\"https:\/\/hochzeitsfotograf-bb.de\/wp-content\/uploads\/2019\/12\/vs0513-640x480.jpg 400w,https:\/\/hochzeitsfotograf-bb.de\/wp-content\/uploads\/2019\/12\/vs0513-640x480.jpg 2x\" data-envira-width=\"300\" data-envira-height=\"200\" srcset=\"data:image\/gif;base64,R0lGODlhAQABAIAAAP\/\/\/\/\/\/\/yH5BAEKAAEALAAAAAABAAEAAAICTAEAOw==\" data-safe-src=\"data:image\/gif;base64,R0lGODlhAQABAIAAAP\/\/\/\/\/\/\/yH5BAEKAAEALAAAAAABAAEAAAICTAEAOw==\" \/><\/a><\/div><\/div><div id=\"envira-gallery-item-1506\" class=\"envira-gallery-item enviratope-item envira-gallery-item-8 envira-lazy-load\" style=\"padding-left: 1px; padding-bottom: 1px; padding-right: 1px;\"  itemscope itemtype=\"https:\/\/schema.org\/ImageObject\"><div class=\"envira-gallery-item-inner\"><div class=\"envira-gallery-position-overlay  envira-gallery-top-left\"><\/div><div class=\"envira-gallery-position-overlay  envira-gallery-top-right\"><\/div><div class=\"envira-gallery-position-overlay  envira-gallery-bottom-left\"><\/div><div class=\"envira-gallery-position-overlay  envira-gallery-bottom-right\"><\/div><a href=\"https:\/\/hochzeitsfotograf-bb.de\/wp-content\/uploads\/2019\/12\/vs0549.jpg\" class=\"envira-gallery-1475 envira-gallery-link\" rel=\"enviragallery1475\" title=\"Hochzeitsfotograf Schw&auml;biche Alb\" data-envira-caption=\"Hochzeitsfotograf Schw&auml;biche Alb\" data-envira-retina=\"\" data-thumbnail=\"\"  itemprop=\"contentUrl\"><img decoding=\"async\" id=\"envira-gallery-image-1506\" class=\"envira-gallery-image envira-gallery-image-8 envira-normal envira-lazy\" data-envira-index=\"8\" src=\"https:\/\/hochzeitsfotograf-bb.de\/wp-content\/uploads\/2019\/12\/vs0549-640x480.jpg\" data-envira-src=\"https:\/\/hochzeitsfotograf-bb.de\/wp-content\/uploads\/2019\/12\/vs0549-640x480.jpg\" data-envira-gallery-id=\"1475\" data-envira-item-id=\"1506\" data-envira-caption=\"Hochzeitsfotograf Schw&auml;biche Alb\" alt=\"hochzeitsfotograf hofgut maisenburg, maisenburg, schw\u00e4bische alb, benjamin knoblauch\" title=\"Hochzeitsfotograf Schw\u00e4biche Alb\"  itemprop=\"thumbnailUrl\" data-envira-srcset=\"https:\/\/hochzeitsfotograf-bb.de\/wp-content\/uploads\/2019\/12\/vs0549-640x480.jpg 400w,https:\/\/hochzeitsfotograf-bb.de\/wp-content\/uploads\/2019\/12\/vs0549-640x480.jpg 2x\" data-envira-width=\"300\" data-envira-height=\"200\" srcset=\"data:image\/gif;base64,R0lGODlhAQABAIAAAP\/\/\/\/\/\/\/yH5BAEKAAEALAAAAAABAAEAAAICTAEAOw==\" data-safe-src=\"data:image\/gif;base64,R0lGODlhAQABAIAAAP\/\/\/\/\/\/\/yH5BAEKAAEALAAAAAABAAEAAAICTAEAOw==\" \/><\/a><\/div><\/div><div id=\"envira-gallery-item-1493\" class=\"envira-gallery-item enviratope-item envira-gallery-item-9 envira-lazy-load\" style=\"padding-left: 1px; padding-bottom: 1px; padding-right: 1px;\"  itemscope itemtype=\"https:\/\/schema.org\/ImageObject\"><div class=\"envira-gallery-item-inner\"><div class=\"envira-gallery-position-overlay  envira-gallery-top-left\"><\/div><div class=\"envira-gallery-position-overlay  envira-gallery-top-right\"><\/div><div class=\"envira-gallery-position-overlay  envira-gallery-bottom-left\"><\/div><div class=\"envira-gallery-position-overlay  envira-gallery-bottom-right\"><\/div><a href=\"https:\/\/hochzeitsfotograf-bb.de\/wp-content\/uploads\/2019\/12\/sisi0142.jpg\" class=\"envira-gallery-1475 envira-gallery-link\" rel=\"enviragallery1475\" title=\"First Look\" data-envira-caption=\"First Look\" data-envira-retina=\"\" data-thumbnail=\"\"  itemprop=\"contentUrl\"><img decoding=\"async\" id=\"envira-gallery-image-1493\" class=\"envira-gallery-image envira-gallery-image-9 envira-normal envira-lazy\" data-envira-index=\"9\" src=\"https:\/\/hochzeitsfotograf-bb.de\/wp-content\/uploads\/2019\/12\/sisi0142-640x480.jpg\" data-envira-src=\"https:\/\/hochzeitsfotograf-bb.de\/wp-content\/uploads\/2019\/12\/sisi0142-640x480.jpg\" data-envira-gallery-id=\"1475\" data-envira-item-id=\"1493\" data-envira-caption=\"First Look\" alt=\"First Look Fotoshooting im Remstal\" title=\"First Look\"  itemprop=\"thumbnailUrl\" data-envira-srcset=\"https:\/\/hochzeitsfotograf-bb.de\/wp-content\/uploads\/2019\/12\/sisi0142-640x480.jpg 400w,https:\/\/hochzeitsfotograf-bb.de\/wp-content\/uploads\/2019\/12\/sisi0142-640x480.jpg 2x\" data-envira-width=\"300\" data-envira-height=\"225\" srcset=\"data:image\/gif;base64,R0lGODlhAQABAIAAAP\/\/\/\/\/\/\/yH5BAEKAAEALAAAAAABAAEAAAICTAEAOw==\" data-safe-src=\"data:image\/gif;base64,R0lGODlhAQABAIAAAP\/\/\/\/\/\/\/yH5BAEKAAEALAAAAAABAAEAAAICTAEAOw==\" \/><\/a><\/div><\/div><div id=\"envira-gallery-item-1494\" class=\"envira-gallery-item enviratope-item envira-gallery-item-10 envira-lazy-load\" style=\"padding-left: 1px; padding-bottom: 1px; padding-right: 1px;\"  itemscope itemtype=\"https:\/\/schema.org\/ImageObject\"><div class=\"envira-gallery-item-inner\"><div class=\"envira-gallery-position-overlay  envira-gallery-top-left\"><\/div><div class=\"envira-gallery-position-overlay  envira-gallery-top-right\"><\/div><div class=\"envira-gallery-position-overlay  envira-gallery-bottom-left\"><\/div><div class=\"envira-gallery-position-overlay  envira-gallery-bottom-right\"><\/div><a href=\"https:\/\/hochzeitsfotograf-bb.de\/wp-content\/uploads\/2019\/12\/sisi0147.jpg\" class=\"envira-gallery-1475 envira-gallery-link\" rel=\"enviragallery1475\" title=\"First Look\" data-envira-caption=\"First Look\" data-envira-retina=\"\" data-thumbnail=\"\"  itemprop=\"contentUrl\"><img decoding=\"async\" id=\"envira-gallery-image-1494\" class=\"envira-gallery-image envira-gallery-image-10 envira-normal envira-lazy\" data-envira-index=\"10\" src=\"https:\/\/hochzeitsfotograf-bb.de\/wp-content\/uploads\/2019\/12\/sisi0147-640x480.jpg\" data-envira-src=\"https:\/\/hochzeitsfotograf-bb.de\/wp-content\/uploads\/2019\/12\/sisi0147-640x480.jpg\" data-envira-gallery-id=\"1475\" data-envira-item-id=\"1494\" data-envira-caption=\"First Look\" alt=\"First Look Fotoshooting im Remstal\" title=\"First Look\"  itemprop=\"thumbnailUrl\" data-envira-srcset=\"https:\/\/hochzeitsfotograf-bb.de\/wp-content\/uploads\/2019\/12\/sisi0147-640x480.jpg 400w,https:\/\/hochzeitsfotograf-bb.de\/wp-content\/uploads\/2019\/12\/sisi0147-640x480.jpg 2x\" data-envira-width=\"225\" data-envira-height=\"300\" srcset=\"data:image\/gif;base64,R0lGODlhAQABAIAAAP\/\/\/\/\/\/\/yH5BAEKAAEALAAAAAABAAEAAAICTAEAOw==\" data-safe-src=\"data:image\/gif;base64,R0lGODlhAQABAIAAAP\/\/\/\/\/\/\/yH5BAEKAAEALAAAAAABAAEAAAICTAEAOw==\" \/><\/a><\/div><\/div><div id=\"envira-gallery-item-1495\" class=\"envira-gallery-item enviratope-item envira-gallery-item-11 envira-lazy-load\" style=\"padding-left: 1px; padding-bottom: 1px; padding-right: 1px;\"  itemscope itemtype=\"https:\/\/schema.org\/ImageObject\"><div class=\"envira-gallery-item-inner\"><div class=\"envira-gallery-position-overlay  envira-gallery-top-left\"><\/div><div class=\"envira-gallery-position-overlay  envira-gallery-top-right\"><\/div><div class=\"envira-gallery-position-overlay  envira-gallery-bottom-left\"><\/div><div class=\"envira-gallery-position-overlay  envira-gallery-bottom-right\"><\/div><a href=\"https:\/\/hochzeitsfotograf-bb.de\/wp-content\/uploads\/2019\/12\/sisi0149.jpg\" class=\"envira-gallery-1475 envira-gallery-link\" rel=\"enviragallery1475\" title=\"First Look\" data-envira-caption=\"First Look\" data-envira-retina=\"\" data-thumbnail=\"\"  itemprop=\"contentUrl\"><img decoding=\"async\" id=\"envira-gallery-image-1495\" class=\"envira-gallery-image envira-gallery-image-11 envira-normal envira-lazy\" data-envira-index=\"11\" src=\"https:\/\/hochzeitsfotograf-bb.de\/wp-content\/uploads\/2019\/12\/sisi0149-640x480.jpg\" data-envira-src=\"https:\/\/hochzeitsfotograf-bb.de\/wp-content\/uploads\/2019\/12\/sisi0149-640x480.jpg\" data-envira-gallery-id=\"1475\" data-envira-item-id=\"1495\" data-envira-caption=\"First Look\" alt=\"First Look Fotoshooting im Remstal\" title=\"First Look\"  itemprop=\"thumbnailUrl\" data-envira-srcset=\"https:\/\/hochzeitsfotograf-bb.de\/wp-content\/uploads\/2019\/12\/sisi0149-640x480.jpg 400w,https:\/\/hochzeitsfotograf-bb.de\/wp-content\/uploads\/2019\/12\/sisi0149-640x480.jpg 2x\" data-envira-width=\"300\" data-envira-height=\"225\" srcset=\"data:image\/gif;base64,R0lGODlhAQABAIAAAP\/\/\/\/\/\/\/yH5BAEKAAEALAAAAAABAAEAAAICTAEAOw==\" data-safe-src=\"data:image\/gif;base64,R0lGODlhAQABAIAAAP\/\/\/\/\/\/\/yH5BAEKAAEALAAAAAABAAEAAAICTAEAOw==\" \/><\/a><\/div><\/div><div id=\"envira-gallery-item-1496\" class=\"envira-gallery-item enviratope-item envira-gallery-item-12 envira-lazy-load\" style=\"padding-left: 1px; padding-bottom: 1px; padding-right: 1px;\"  itemscope itemtype=\"https:\/\/schema.org\/ImageObject\"><div class=\"envira-gallery-item-inner\"><div class=\"envira-gallery-position-overlay  envira-gallery-top-left\"><\/div><div class=\"envira-gallery-position-overlay  envira-gallery-top-right\"><\/div><div class=\"envira-gallery-position-overlay  envira-gallery-bottom-left\"><\/div><div class=\"envira-gallery-position-overlay  envira-gallery-bottom-right\"><\/div><a href=\"https:\/\/hochzeitsfotograf-bb.de\/wp-content\/uploads\/2019\/12\/sisi0153.jpg\" class=\"envira-gallery-1475 envira-gallery-link\" rel=\"enviragallery1475\" title=\"First Look\" data-envira-caption=\"First Look\" data-envira-retina=\"\" data-thumbnail=\"\"  itemprop=\"contentUrl\"><img decoding=\"async\" id=\"envira-gallery-image-1496\" class=\"envira-gallery-image envira-gallery-image-12 envira-normal envira-lazy\" data-envira-index=\"12\" src=\"https:\/\/hochzeitsfotograf-bb.de\/wp-content\/uploads\/2019\/12\/sisi0153-640x480.jpg\" data-envira-src=\"https:\/\/hochzeitsfotograf-bb.de\/wp-content\/uploads\/2019\/12\/sisi0153-640x480.jpg\" data-envira-gallery-id=\"1475\" data-envira-item-id=\"1496\" data-envira-caption=\"First Look\" alt=\"First Look Fotoshooting im Remstal\" title=\"First Look\"  itemprop=\"thumbnailUrl\" data-envira-srcset=\"https:\/\/hochzeitsfotograf-bb.de\/wp-content\/uploads\/2019\/12\/sisi0153-640x480.jpg 400w,https:\/\/hochzeitsfotograf-bb.de\/wp-content\/uploads\/2019\/12\/sisi0153-640x480.jpg 2x\" data-envira-width=\"300\" data-envira-height=\"200\" srcset=\"data:image\/gif;base64,R0lGODlhAQABAIAAAP\/\/\/\/\/\/\/yH5BAEKAAEALAAAAAABAAEAAAICTAEAOw==\" data-safe-src=\"data:image\/gif;base64,R0lGODlhAQABAIAAAP\/\/\/\/\/\/\/yH5BAEKAAEALAAAAAABAAEAAAICTAEAOw==\" \/><\/a><\/div><\/div><div id=\"envira-gallery-item-1497\" class=\"envira-gallery-item enviratope-item envira-gallery-item-13 envira-lazy-load\" style=\"padding-left: 1px; padding-bottom: 1px; padding-right: 1px;\"  itemscope itemtype=\"https:\/\/schema.org\/ImageObject\"><div class=\"envira-gallery-item-inner\"><div class=\"envira-gallery-position-overlay  envira-gallery-top-left\"><\/div><div class=\"envira-gallery-position-overlay  envira-gallery-top-right\"><\/div><div class=\"envira-gallery-position-overlay  envira-gallery-bottom-left\"><\/div><div class=\"envira-gallery-position-overlay  envira-gallery-bottom-right\"><\/div><a href=\"https:\/\/hochzeitsfotograf-bb.de\/wp-content\/uploads\/2019\/12\/sisi0432.jpg\" class=\"envira-gallery-1475 envira-gallery-link\" rel=\"enviragallery1475\" title=\"Hochzeitsfotoshooting in Stuttgart\" data-envira-caption=\"Hochzeitsfotoshooting in Stuttgart\" data-envira-retina=\"\" data-thumbnail=\"\"  itemprop=\"contentUrl\"><img decoding=\"async\" id=\"envira-gallery-image-1497\" class=\"envira-gallery-image envira-gallery-image-13 envira-normal envira-lazy\" data-envira-index=\"13\" src=\"https:\/\/hochzeitsfotograf-bb.de\/wp-content\/uploads\/2019\/12\/sisi0432-640x480.jpg\" data-envira-src=\"https:\/\/hochzeitsfotograf-bb.de\/wp-content\/uploads\/2019\/12\/sisi0432-640x480.jpg\" data-envira-gallery-id=\"1475\" data-envira-item-id=\"1497\" data-envira-caption=\"Hochzeitsfotoshooting in Stuttgart\" alt=\"Hochzeitsfotografie in der Natur in Stuttgart\" title=\"Hochzeitsfotoshooting in Stuttgart\"  itemprop=\"thumbnailUrl\" data-envira-srcset=\"https:\/\/hochzeitsfotograf-bb.de\/wp-content\/uploads\/2019\/12\/sisi0432-640x480.jpg 400w,https:\/\/hochzeitsfotograf-bb.de\/wp-content\/uploads\/2019\/12\/sisi0432-640x480.jpg 2x\" data-envira-width=\"300\" data-envira-height=\"200\" srcset=\"data:image\/gif;base64,R0lGODlhAQABAIAAAP\/\/\/\/\/\/\/yH5BAEKAAEALAAAAAABAAEAAAICTAEAOw==\" data-safe-src=\"data:image\/gif;base64,R0lGODlhAQABAIAAAP\/\/\/\/\/\/\/yH5BAEKAAEALAAAAAABAAEAAAICTAEAOw==\" \/><\/a><\/div><\/div><div id=\"envira-gallery-item-1516\" class=\"envira-gallery-item enviratope-item envira-gallery-item-14 envira-lazy-load\" style=\"padding-left: 1px; padding-bottom: 1px; padding-right: 1px;\"  itemscope itemtype=\"https:\/\/schema.org\/ImageObject\"><div class=\"envira-gallery-item-inner\"><div class=\"envira-gallery-position-overlay  envira-gallery-top-left\"><\/div><div class=\"envira-gallery-position-overlay  envira-gallery-top-right\"><\/div><div class=\"envira-gallery-position-overlay  envira-gallery-bottom-left\"><\/div><div class=\"envira-gallery-position-overlay  envira-gallery-bottom-right\"><\/div><a href=\"https:\/\/hochzeitsfotograf-bb.de\/wp-content\/uploads\/2019\/12\/jg0390.jpg\" class=\"envira-gallery-1475 envira-gallery-link\" rel=\"enviragallery1475\" title=\"Hochzeitsfotograf Baden-Baden\" data-envira-caption=\"Hochzeitsfotograf Baden-Baden\" data-envira-retina=\"\" data-thumbnail=\"\"  itemprop=\"contentUrl\"><img decoding=\"async\" id=\"envira-gallery-image-1516\" class=\"envira-gallery-image envira-gallery-image-14 envira-normal envira-lazy\" data-envira-index=\"14\" src=\"https:\/\/hochzeitsfotograf-bb.de\/wp-content\/uploads\/2019\/12\/jg0390-640x480.jpg\" data-envira-src=\"https:\/\/hochzeitsfotograf-bb.de\/wp-content\/uploads\/2019\/12\/jg0390-640x480.jpg\" data-envira-gallery-id=\"1475\" data-envira-item-id=\"1516\" data-envira-caption=\"Hochzeitsfotograf Baden-Baden\" alt=\"hochzeitsfotograf baden-baden, schloss eberstein, schwarzwald, benjamin knoblauch\" title=\"Hochzeitsfotograf Baden-Baden\"  itemprop=\"thumbnailUrl\" data-envira-srcset=\"https:\/\/hochzeitsfotograf-bb.de\/wp-content\/uploads\/2019\/12\/jg0390-640x480.jpg 400w,https:\/\/hochzeitsfotograf-bb.de\/wp-content\/uploads\/2019\/12\/jg0390-640x480.jpg 2x\" data-envira-width=\"300\" data-envira-height=\"200\" srcset=\"data:image\/gif;base64,R0lGODlhAQABAIAAAP\/\/\/\/\/\/\/yH5BAEKAAEALAAAAAABAAEAAAICTAEAOw==\" data-safe-src=\"data:image\/gif;base64,R0lGODlhAQABAIAAAP\/\/\/\/\/\/\/yH5BAEKAAEALAAAAAABAAEAAAICTAEAOw==\" \/><\/a><\/div><\/div><div id=\"envira-gallery-item-1477\" class=\"envira-gallery-item enviratope-item envira-gallery-item-15 envira-lazy-load\" style=\"padding-left: 1px; padding-bottom: 1px; padding-right: 1px;\"  itemscope itemtype=\"https:\/\/schema.org\/ImageObject\"><div class=\"envira-gallery-item-inner\"><div class=\"envira-gallery-position-overlay  envira-gallery-top-left\"><\/div><div class=\"envira-gallery-position-overlay  envira-gallery-top-right\"><\/div><div class=\"envira-gallery-position-overlay  envira-gallery-bottom-left\"><\/div><div class=\"envira-gallery-position-overlay  envira-gallery-bottom-right\"><\/div><a href=\"https:\/\/hochzeitsfotograf-bb.de\/wp-content\/uploads\/2019\/12\/jg2083.jpg\" class=\"envira-gallery-1475 envira-gallery-link\" rel=\"enviragallery1475\" title=\"Fotoshooting in Baden-Baden\" data-envira-caption=\"Fotoshooting in Baden-Baden\" data-envira-retina=\"\" data-thumbnail=\"\"  itemprop=\"contentUrl\"><img decoding=\"async\" id=\"envira-gallery-image-1477\" class=\"envira-gallery-image envira-gallery-image-15 envira-normal envira-lazy\" data-envira-index=\"15\" src=\"https:\/\/hochzeitsfotograf-bb.de\/wp-content\/uploads\/2019\/12\/jg2083-640x480.jpg\" data-envira-src=\"https:\/\/hochzeitsfotograf-bb.de\/wp-content\/uploads\/2019\/12\/jg2083-640x480.jpg\" data-envira-gallery-id=\"1475\" data-envira-item-id=\"1477\" data-envira-caption=\"Fotoshooting in Baden-Baden\" alt=\"hochzeitsfotograf baden-baden, schloss eberstein, schwarzwald, benjamin knoblauch\" title=\"Fotoshooting in Baden-Baden\"  itemprop=\"thumbnailUrl\" data-envira-srcset=\"https:\/\/hochzeitsfotograf-bb.de\/wp-content\/uploads\/2019\/12\/jg2083-640x480.jpg 400w,https:\/\/hochzeitsfotograf-bb.de\/wp-content\/uploads\/2019\/12\/jg2083-640x480.jpg 2x\" data-envira-width=\"300\" data-envira-height=\"200\" srcset=\"data:image\/gif;base64,R0lGODlhAQABAIAAAP\/\/\/\/\/\/\/yH5BAEKAAEALAAAAAABAAEAAAICTAEAOw==\" data-safe-src=\"data:image\/gif;base64,R0lGODlhAQABAIAAAP\/\/\/\/\/\/\/yH5BAEKAAEALAAAAAABAAEAAAICTAEAOw==\" \/><\/a><\/div><\/div><div id=\"envira-gallery-item-1518\" class=\"envira-gallery-item enviratope-item envira-gallery-item-16 envira-lazy-load\" style=\"padding-left: 1px; padding-bottom: 1px; padding-right: 1px;\"  itemscope itemtype=\"https:\/\/schema.org\/ImageObject\"><div class=\"envira-gallery-item-inner\"><div class=\"envira-gallery-position-overlay  envira-gallery-top-left\"><\/div><div class=\"envira-gallery-position-overlay  envira-gallery-top-right\"><\/div><div class=\"envira-gallery-position-overlay  envira-gallery-bottom-left\"><\/div><div class=\"envira-gallery-position-overlay  envira-gallery-bottom-right\"><\/div><a href=\"https:\/\/hochzeitsfotograf-bb.de\/wp-content\/uploads\/2019\/12\/jg2103.jpg\" class=\"envira-gallery-1475 envira-gallery-link\" rel=\"enviragallery1475\" title=\"Fotoshooting in Baden-Baden\" data-envira-caption=\"Fotoshooting in Baden-Baden\" data-envira-retina=\"\" data-thumbnail=\"\"  itemprop=\"contentUrl\"><img decoding=\"async\" id=\"envira-gallery-image-1518\" class=\"envira-gallery-image envira-gallery-image-16 envira-normal envira-lazy\" data-envira-index=\"16\" src=\"https:\/\/hochzeitsfotograf-bb.de\/wp-content\/uploads\/2019\/12\/jg2103-640x480.jpg\" data-envira-src=\"https:\/\/hochzeitsfotograf-bb.de\/wp-content\/uploads\/2019\/12\/jg2103-640x480.jpg\" data-envira-gallery-id=\"1475\" data-envira-item-id=\"1518\" data-envira-caption=\"Fotoshooting in Baden-Baden\" alt=\"hochzeitsfotograf baden-baden, schloss eberstein, schwarzwald, benjamin knoblauch\" title=\"Fotoshooting in Baden-Baden\"  itemprop=\"thumbnailUrl\" data-envira-srcset=\"https:\/\/hochzeitsfotograf-bb.de\/wp-content\/uploads\/2019\/12\/jg2103-640x480.jpg 400w,https:\/\/hochzeitsfotograf-bb.de\/wp-content\/uploads\/2019\/12\/jg2103-640x480.jpg 2x\" data-envira-width=\"300\" data-envira-height=\"240\" srcset=\"data:image\/gif;base64,R0lGODlhAQABAIAAAP\/\/\/\/\/\/\/yH5BAEKAAEALAAAAAABAAEAAAICTAEAOw==\" data-safe-src=\"data:image\/gif;base64,R0lGODlhAQABAIAAAP\/\/\/\/\/\/\/yH5BAEKAAEALAAAAAABAAEAAAICTAEAOw==\" \/><\/a><\/div><\/div><div id=\"envira-gallery-item-1519\" class=\"envira-gallery-item enviratope-item envira-gallery-item-17 envira-lazy-load\" style=\"padding-left: 1px; padding-bottom: 1px; padding-right: 1px;\"  itemscope itemtype=\"https:\/\/schema.org\/ImageObject\"><div class=\"envira-gallery-item-inner\"><div class=\"envira-gallery-position-overlay  envira-gallery-top-left\"><\/div><div class=\"envira-gallery-position-overlay  envira-gallery-top-right\"><\/div><div class=\"envira-gallery-position-overlay  envira-gallery-bottom-left\"><\/div><div class=\"envira-gallery-position-overlay  envira-gallery-bottom-right\"><\/div><a href=\"https:\/\/hochzeitsfotograf-bb.de\/wp-content\/uploads\/2019\/12\/jg2592.jpg\" class=\"envira-gallery-1475 envira-gallery-link\" rel=\"enviragallery1475\" title=\"Brautpaarshooting in Baden-Baden\" data-envira-caption=\"Brautpaarshooting in Baden-Baden\" data-envira-retina=\"\" data-thumbnail=\"\"  itemprop=\"contentUrl\"><img decoding=\"async\" id=\"envira-gallery-image-1519\" class=\"envira-gallery-image envira-gallery-image-17 envira-normal envira-lazy\" data-envira-index=\"17\" src=\"https:\/\/hochzeitsfotograf-bb.de\/wp-content\/uploads\/2019\/12\/jg2592-640x480.jpg\" data-envira-src=\"https:\/\/hochzeitsfotograf-bb.de\/wp-content\/uploads\/2019\/12\/jg2592-640x480.jpg\" data-envira-gallery-id=\"1475\" data-envira-item-id=\"1519\" data-envira-caption=\"Brautpaarshooting in Baden-Baden\" alt=\"hochzeitsfotograf baden-baden, schloss eberstein, schwarzwald, benjamin knoblauch\" title=\"Brautpaarshooting in Baden-Baden\"  itemprop=\"thumbnailUrl\" data-envira-srcset=\"https:\/\/hochzeitsfotograf-bb.de\/wp-content\/uploads\/2019\/12\/jg2592-640x480.jpg 400w,https:\/\/hochzeitsfotograf-bb.de\/wp-content\/uploads\/2019\/12\/jg2592-640x480.jpg 2x\" data-envira-width=\"300\" data-envira-height=\"200\" srcset=\"data:image\/gif;base64,R0lGODlhAQABAIAAAP\/\/\/\/\/\/\/yH5BAEKAAEALAAAAAABAAEAAAICTAEAOw==\" data-safe-src=\"data:image\/gif;base64,R0lGODlhAQABAIAAAP\/\/\/\/\/\/\/yH5BAEKAAEALAAAAAABAAEAAAICTAEAOw==\" \/><\/a><\/div><\/div><div id=\"envira-gallery-item-1520\" class=\"envira-gallery-item enviratope-item envira-gallery-item-18 envira-lazy-load\" style=\"padding-left: 1px; padding-bottom: 1px; padding-right: 1px;\"  itemscope itemtype=\"https:\/\/schema.org\/ImageObject\"><div class=\"envira-gallery-item-inner\"><div class=\"envira-gallery-position-overlay  envira-gallery-top-left\"><\/div><div class=\"envira-gallery-position-overlay  envira-gallery-top-right\"><\/div><div class=\"envira-gallery-position-overlay  envira-gallery-bottom-left\"><\/div><div class=\"envira-gallery-position-overlay  envira-gallery-bottom-right\"><\/div><a href=\"https:\/\/hochzeitsfotograf-bb.de\/wp-content\/uploads\/2019\/12\/jg2856.jpg\" class=\"envira-gallery-1475 envira-gallery-link\" rel=\"enviragallery1475\" title=\"Fotoshooting in Baden-Baden\" data-envira-caption=\"Fotoshooting in Baden-Baden\" data-envira-retina=\"\" data-thumbnail=\"\"  itemprop=\"contentUrl\"><img decoding=\"async\" id=\"envira-gallery-image-1520\" class=\"envira-gallery-image envira-gallery-image-18 envira-normal envira-lazy\" data-envira-index=\"18\" src=\"https:\/\/hochzeitsfotograf-bb.de\/wp-content\/uploads\/2019\/12\/jg2856-640x480.jpg\" data-envira-src=\"https:\/\/hochzeitsfotograf-bb.de\/wp-content\/uploads\/2019\/12\/jg2856-640x480.jpg\" data-envira-gallery-id=\"1475\" data-envira-item-id=\"1520\" data-envira-caption=\"Fotoshooting in Baden-Baden\" alt=\"hochzeitsfotograf baden-baden, schloss eberstein, schwarzwald, benjamin knoblauch\" title=\"Fotoshooting in Baden-Baden\"  itemprop=\"thumbnailUrl\" data-envira-srcset=\"https:\/\/hochzeitsfotograf-bb.de\/wp-content\/uploads\/2019\/12\/jg2856-640x480.jpg 400w,https:\/\/hochzeitsfotograf-bb.de\/wp-content\/uploads\/2019\/12\/jg2856-640x480.jpg 2x\" data-envira-width=\"300\" data-envira-height=\"200\" srcset=\"data:image\/gif;base64,R0lGODlhAQABAIAAAP\/\/\/\/\/\/\/yH5BAEKAAEALAAAAAABAAEAAAICTAEAOw==\" data-safe-src=\"data:image\/gif;base64,R0lGODlhAQABAIAAAP\/\/\/\/\/\/\/yH5BAEKAAEALAAAAAABAAEAAAICTAEAOw==\" \/><\/a><\/div><\/div><div id=\"envira-gallery-item-1521\" class=\"envira-gallery-item enviratope-item envira-gallery-item-19 envira-lazy-load\" style=\"padding-left: 1px; padding-bottom: 1px; padding-right: 1px;\"  itemscope itemtype=\"https:\/\/schema.org\/ImageObject\"><div class=\"envira-gallery-item-inner\"><div class=\"envira-gallery-position-overlay  envira-gallery-top-left\"><\/div><div class=\"envira-gallery-position-overlay  envira-gallery-top-right\"><\/div><div class=\"envira-gallery-position-overlay  envira-gallery-bottom-left\"><\/div><div class=\"envira-gallery-position-overlay  envira-gallery-bottom-right\"><\/div><a href=\"https:\/\/hochzeitsfotograf-bb.de\/wp-content\/uploads\/2019\/12\/jg3294.jpg\" class=\"envira-gallery-1475 envira-gallery-link\" rel=\"enviragallery1475\" title=\"Fotoshooting im Schwarzwald auf Schloss Eberstein\" data-envira-caption=\"Fotoshooting im Schwarzwald auf Schloss Eberstein\" data-envira-retina=\"\" data-thumbnail=\"\"  itemprop=\"contentUrl\"><img decoding=\"async\" id=\"envira-gallery-image-1521\" class=\"envira-gallery-image envira-gallery-image-19 envira-normal envira-lazy\" data-envira-index=\"19\" src=\"https:\/\/hochzeitsfotograf-bb.de\/wp-content\/uploads\/2019\/12\/jg3294-640x480.jpg\" data-envira-src=\"https:\/\/hochzeitsfotograf-bb.de\/wp-content\/uploads\/2019\/12\/jg3294-640x480.jpg\" data-envira-gallery-id=\"1475\" data-envira-item-id=\"1521\" data-envira-caption=\"Fotoshooting im Schwarzwald auf Schloss Eberstein\" alt=\"hochzeitsfotograf, schloss eberstein, hochzeit, fotoshooting, fotograf, brautpaar, benjamin knoblauch\" title=\"Fotoshooting im Schwarzwald auf Schloss Eberstein\"  itemprop=\"thumbnailUrl\" data-envira-srcset=\"https:\/\/hochzeitsfotograf-bb.de\/wp-content\/uploads\/2019\/12\/jg3294-640x480.jpg 400w,https:\/\/hochzeitsfotograf-bb.de\/wp-content\/uploads\/2019\/12\/jg3294-640x480.jpg 2x\" data-envira-width=\"300\" data-envira-height=\"200\" srcset=\"data:image\/gif;base64,R0lGODlhAQABAIAAAP\/\/\/\/\/\/\/yH5BAEKAAEALAAAAAABAAEAAAICTAEAOw==\" data-safe-src=\"data:image\/gif;base64,R0lGODlhAQABAIAAAP\/\/\/\/\/\/\/yH5BAEKAAEALAAAAAABAAEAAAICTAEAOw==\" \/><\/a><\/div><\/div><div id=\"envira-gallery-item-1522\" class=\"envira-gallery-item enviratope-item envira-gallery-item-20 envira-lazy-load\" style=\"padding-left: 1px; padding-bottom: 1px; padding-right: 1px;\"  itemscope itemtype=\"https:\/\/schema.org\/ImageObject\"><div class=\"envira-gallery-item-inner\"><div class=\"envira-gallery-position-overlay  envira-gallery-top-left\"><\/div><div class=\"envira-gallery-position-overlay  envira-gallery-top-right\"><\/div><div class=\"envira-gallery-position-overlay  envira-gallery-bottom-left\"><\/div><div class=\"envira-gallery-position-overlay  envira-gallery-bottom-right\"><\/div><a href=\"https:\/\/hochzeitsfotograf-bb.de\/wp-content\/uploads\/2019\/12\/jg3331.jpg\" class=\"envira-gallery-1475 envira-gallery-link\" rel=\"enviragallery1475\" title=\"Fotoshooting im Schwarzwald auf Schloss Eberstein\" data-envira-caption=\"Fotoshooting im Schwarzwald auf Schloss Eberstein\" data-envira-retina=\"\" data-thumbnail=\"\"  itemprop=\"contentUrl\"><img decoding=\"async\" id=\"envira-gallery-image-1522\" class=\"envira-gallery-image envira-gallery-image-20 envira-normal envira-lazy\" data-envira-index=\"20\" src=\"https:\/\/hochzeitsfotograf-bb.de\/wp-content\/uploads\/2019\/12\/jg3331-640x480.jpg\" data-envira-src=\"https:\/\/hochzeitsfotograf-bb.de\/wp-content\/uploads\/2019\/12\/jg3331-640x480.jpg\" data-envira-gallery-id=\"1475\" data-envira-item-id=\"1522\" data-envira-caption=\"Fotoshooting im Schwarzwald auf Schloss Eberstein\" alt=\"hochzeitsfotograf, schloss eberstein, schwarzwald, fotoshooting, fotograf, brautpaar, benjamin knoblauch\" title=\"Fotoshooting im Schwarzwald auf Schloss Eberstein\"  itemprop=\"thumbnailUrl\" data-envira-srcset=\"https:\/\/hochzeitsfotograf-bb.de\/wp-content\/uploads\/2019\/12\/jg3331-640x480.jpg 400w,https:\/\/hochzeitsfotograf-bb.de\/wp-content\/uploads\/2019\/12\/jg3331-640x480.jpg 2x\" data-envira-width=\"300\" data-envira-height=\"200\" srcset=\"data:image\/gif;base64,R0lGODlhAQABAIAAAP\/\/\/\/\/\/\/yH5BAEKAAEALAAAAAABAAEAAAICTAEAOw==\" data-safe-src=\"data:image\/gif;base64,R0lGODlhAQABAIAAAP\/\/\/\/\/\/\/yH5BAEKAAEALAAAAAABAAEAAAICTAEAOw==\" \/><\/a><\/div><\/div><div id=\"envira-gallery-item-1484\" class=\"envira-gallery-item enviratope-item envira-gallery-item-21 envira-lazy-load\" style=\"padding-left: 1px; padding-bottom: 1px; padding-right: 1px;\"  itemscope itemtype=\"https:\/\/schema.org\/ImageObject\"><div class=\"envira-gallery-item-inner\"><div class=\"envira-gallery-position-overlay  envira-gallery-top-left\"><\/div><div class=\"envira-gallery-position-overlay  envira-gallery-top-right\"><\/div><div class=\"envira-gallery-position-overlay  envira-gallery-bottom-left\"><\/div><div class=\"envira-gallery-position-overlay  envira-gallery-bottom-right\"><\/div><a href=\"https:\/\/hochzeitsfotograf-bb.de\/wp-content\/uploads\/2019\/12\/ld2055.jpg\" class=\"envira-gallery-1475 envira-gallery-link\" rel=\"enviragallery1475\" title=\"Lena &amp;amp;amp; Domenico\" data-envira-caption=\"Lena &amp;amp;amp; Domenico\" data-envira-retina=\"\" data-thumbnail=\"\"  itemprop=\"contentUrl\"><img decoding=\"async\" id=\"envira-gallery-image-1484\" class=\"envira-gallery-image envira-gallery-image-21 envira-normal envira-lazy\" data-envira-index=\"21\" src=\"https:\/\/hochzeitsfotograf-bb.de\/wp-content\/uploads\/2019\/12\/ld2055-640x480.jpg\" data-envira-src=\"https:\/\/hochzeitsfotograf-bb.de\/wp-content\/uploads\/2019\/12\/ld2055-640x480.jpg\" data-envira-gallery-id=\"1475\" data-envira-item-id=\"1484\" data-envira-caption=\"Lena &amp;amp;amp; Domenico\" alt=\"Hochzeitsfotografie auf einer Streuobstwiese im Gro\u00dfraum Stuttgart\" title=\"Lena &amp;amp; Domenico\"  itemprop=\"thumbnailUrl\" data-envira-srcset=\"https:\/\/hochzeitsfotograf-bb.de\/wp-content\/uploads\/2019\/12\/ld2055-640x480.jpg 400w,https:\/\/hochzeitsfotograf-bb.de\/wp-content\/uploads\/2019\/12\/ld2055-640x480.jpg 2x\" data-envira-width=\"300\" data-envira-height=\"200\" srcset=\"data:image\/gif;base64,R0lGODlhAQABAIAAAP\/\/\/\/\/\/\/yH5BAEKAAEALAAAAAABAAEAAAICTAEAOw==\" data-safe-src=\"data:image\/gif;base64,R0lGODlhAQABAIAAAP\/\/\/\/\/\/\/yH5BAEKAAEALAAAAAABAAEAAAICTAEAOw==\" \/><\/a><\/div><\/div><div id=\"envira-gallery-item-1485\" class=\"envira-gallery-item enviratope-item envira-gallery-item-22 envira-lazy-load\" style=\"padding-left: 1px; padding-bottom: 1px; padding-right: 1px;\"  itemscope itemtype=\"https:\/\/schema.org\/ImageObject\"><div class=\"envira-gallery-item-inner\"><div class=\"envira-gallery-position-overlay  envira-gallery-top-left\"><\/div><div class=\"envira-gallery-position-overlay  envira-gallery-top-right\"><\/div><div class=\"envira-gallery-position-overlay  envira-gallery-bottom-left\"><\/div><div class=\"envira-gallery-position-overlay  envira-gallery-bottom-right\"><\/div><a href=\"https:\/\/hochzeitsfotograf-bb.de\/wp-content\/uploads\/2019\/12\/ld2188.jpg\" class=\"envira-gallery-1475 envira-gallery-link\" rel=\"enviragallery1475\" title=\"Lena &amp;amp;amp; Domenico\" data-envira-caption=\"Lena &amp;amp;amp; Domenico\" data-envira-retina=\"\" data-thumbnail=\"\"  itemprop=\"contentUrl\"><img decoding=\"async\" id=\"envira-gallery-image-1485\" class=\"envira-gallery-image envira-gallery-image-22 envira-normal envira-lazy\" data-envira-index=\"22\" src=\"https:\/\/hochzeitsfotograf-bb.de\/wp-content\/uploads\/2019\/12\/ld2188-640x480.jpg\" data-envira-src=\"https:\/\/hochzeitsfotograf-bb.de\/wp-content\/uploads\/2019\/12\/ld2188-640x480.jpg\" data-envira-gallery-id=\"1475\" data-envira-item-id=\"1485\" data-envira-caption=\"Lena &amp;amp;amp; Domenico\" alt=\"Hochzeitsfotografie auf einer Streuobstwiese im Gro\u00dfraum Stuttgart\" title=\"Lena &amp;amp; Domenico\"  itemprop=\"thumbnailUrl\" data-envira-srcset=\"https:\/\/hochzeitsfotograf-bb.de\/wp-content\/uploads\/2019\/12\/ld2188-640x480.jpg 400w,https:\/\/hochzeitsfotograf-bb.de\/wp-content\/uploads\/2019\/12\/ld2188-640x480.jpg 2x\" data-envira-width=\"300\" data-envira-height=\"240\" srcset=\"data:image\/gif;base64,R0lGODlhAQABAIAAAP\/\/\/\/\/\/\/yH5BAEKAAEALAAAAAABAAEAAAICTAEAOw==\" data-safe-src=\"data:image\/gif;base64,R0lGODlhAQABAIAAAP\/\/\/\/\/\/\/yH5BAEKAAEALAAAAAABAAEAAAICTAEAOw==\" \/><\/a><\/div><\/div><div id=\"envira-gallery-item-1486\" class=\"envira-gallery-item enviratope-item envira-gallery-item-23 envira-lazy-load\" style=\"padding-left: 1px; padding-bottom: 1px; padding-right: 1px;\"  itemscope itemtype=\"https:\/\/schema.org\/ImageObject\"><div class=\"envira-gallery-item-inner\"><div class=\"envira-gallery-position-overlay  envira-gallery-top-left\"><\/div><div class=\"envira-gallery-position-overlay  envira-gallery-top-right\"><\/div><div class=\"envira-gallery-position-overlay  envira-gallery-bottom-left\"><\/div><div class=\"envira-gallery-position-overlay  envira-gallery-bottom-right\"><\/div><a href=\"https:\/\/hochzeitsfotograf-bb.de\/wp-content\/uploads\/2019\/12\/ld2268.jpg\" class=\"envira-gallery-1475 envira-gallery-link\" rel=\"enviragallery1475\" title=\"Lena &amp;amp;amp; Domenico\" data-envira-caption=\"Lena &amp;amp;amp; Domenico\" data-envira-retina=\"\" data-thumbnail=\"\"  itemprop=\"contentUrl\"><img decoding=\"async\" id=\"envira-gallery-image-1486\" class=\"envira-gallery-image envira-gallery-image-23 envira-normal envira-lazy\" data-envira-index=\"23\" src=\"https:\/\/hochzeitsfotograf-bb.de\/wp-content\/uploads\/2019\/12\/ld2268-640x480.jpg\" data-envira-src=\"https:\/\/hochzeitsfotograf-bb.de\/wp-content\/uploads\/2019\/12\/ld2268-640x480.jpg\" data-envira-gallery-id=\"1475\" data-envira-item-id=\"1486\" data-envira-caption=\"Lena &amp;amp;amp; Domenico\" alt=\"Hochzeitsfotografie auf einer Streuobstwiese im Gro\u00dfraum Stuttgart\" title=\"Lena &amp;amp; Domenico\"  itemprop=\"thumbnailUrl\" data-envira-srcset=\"https:\/\/hochzeitsfotograf-bb.de\/wp-content\/uploads\/2019\/12\/ld2268-640x480.jpg 400w,https:\/\/hochzeitsfotograf-bb.de\/wp-content\/uploads\/2019\/12\/ld2268-640x480.jpg 2x\" data-envira-width=\"300\" data-envira-height=\"200\" srcset=\"data:image\/gif;base64,R0lGODlhAQABAIAAAP\/\/\/\/\/\/\/yH5BAEKAAEALAAAAAABAAEAAAICTAEAOw==\" data-safe-src=\"data:image\/gif;base64,R0lGODlhAQABAIAAAP\/\/\/\/\/\/\/yH5BAEKAAEALAAAAAABAAEAAAICTAEAOw==\" \/><\/a><\/div><\/div><div id=\"envira-gallery-item-1487\" class=\"envira-gallery-item enviratope-item envira-gallery-item-24 envira-lazy-load\" style=\"padding-left: 1px; padding-bottom: 1px; padding-right: 1px;\"  itemscope itemtype=\"https:\/\/schema.org\/ImageObject\"><div class=\"envira-gallery-item-inner\"><div class=\"envira-gallery-position-overlay  envira-gallery-top-left\"><\/div><div class=\"envira-gallery-position-overlay  envira-gallery-top-right\"><\/div><div class=\"envira-gallery-position-overlay  envira-gallery-bottom-left\"><\/div><div class=\"envira-gallery-position-overlay  envira-gallery-bottom-right\"><\/div><a href=\"https:\/\/hochzeitsfotograf-bb.de\/wp-content\/uploads\/2019\/12\/ld2376.jpg\" class=\"envira-gallery-1475 envira-gallery-link\" rel=\"enviragallery1475\" title=\"Lena &amp;amp;amp; Domenico und der G-Wagon\" data-envira-caption=\"Lena &amp;amp;amp; Domenico und der G-Wagon\" data-envira-retina=\"\" data-thumbnail=\"\"  itemprop=\"contentUrl\"><img decoding=\"async\" id=\"envira-gallery-image-1487\" class=\"envira-gallery-image envira-gallery-image-24 envira-normal envira-lazy\" data-envira-index=\"24\" src=\"https:\/\/hochzeitsfotograf-bb.de\/wp-content\/uploads\/2019\/12\/ld2376-640x480.jpg\" data-envira-src=\"https:\/\/hochzeitsfotograf-bb.de\/wp-content\/uploads\/2019\/12\/ld2376-640x480.jpg\" data-envira-gallery-id=\"1475\" data-envira-item-id=\"1487\" data-envira-caption=\"Lena &amp;amp;amp; Domenico und der G-Wagon\" alt=\"Hochzeitsfotografie im Gro\u00dfraum Stuttgart mit G-Klasse\" title=\"Lena &amp;amp; Domenico und der G-Wagon\"  itemprop=\"thumbnailUrl\" data-envira-srcset=\"https:\/\/hochzeitsfotograf-bb.de\/wp-content\/uploads\/2019\/12\/ld2376-640x480.jpg 400w,https:\/\/hochzeitsfotograf-bb.de\/wp-content\/uploads\/2019\/12\/ld2376-640x480.jpg 2x\" data-envira-width=\"300\" data-envira-height=\"200\" srcset=\"data:image\/gif;base64,R0lGODlhAQABAIAAAP\/\/\/\/\/\/\/yH5BAEKAAEALAAAAAABAAEAAAICTAEAOw==\" data-safe-src=\"data:image\/gif;base64,R0lGODlhAQABAIAAAP\/\/\/\/\/\/\/yH5BAEKAAEALAAAAAABAAEAAAICTAEAOw==\" \/><\/a><\/div><\/div><div id=\"envira-gallery-item-1492\" class=\"envira-gallery-item enviratope-item envira-gallery-item-25 envira-lazy-load\" style=\"padding-left: 1px; padding-bottom: 1px; padding-right: 1px;\"  itemscope itemtype=\"https:\/\/schema.org\/ImageObject\"><div class=\"envira-gallery-item-inner\"><div class=\"envira-gallery-position-overlay  envira-gallery-top-left\"><\/div><div class=\"envira-gallery-position-overlay  envira-gallery-top-right\"><\/div><div class=\"envira-gallery-position-overlay  envira-gallery-bottom-left\"><\/div><div class=\"envira-gallery-position-overlay  envira-gallery-bottom-right\"><\/div><a href=\"https:\/\/hochzeitsfotograf-bb.de\/wp-content\/uploads\/2019\/12\/sf0802.jpg\" class=\"envira-gallery-1475 envira-gallery-link\" rel=\"enviragallery1475\" title=\"Hochzeitsfotograf B&ouml;blingen\" data-envira-caption=\"Hochzeitsfotograf B&ouml;blingen\" data-envira-retina=\"\" data-thumbnail=\"\"  itemprop=\"contentUrl\"><img decoding=\"async\" id=\"envira-gallery-image-1492\" class=\"envira-gallery-image envira-gallery-image-25 envira-normal envira-lazy\" data-envira-index=\"25\" src=\"https:\/\/hochzeitsfotograf-bb.de\/wp-content\/uploads\/2019\/12\/sf0802-640x480.jpg\" data-envira-src=\"https:\/\/hochzeitsfotograf-bb.de\/wp-content\/uploads\/2019\/12\/sf0802-640x480.jpg\" data-envira-gallery-id=\"1475\" data-envira-item-id=\"1492\" data-envira-caption=\"Hochzeitsfotograf B&ouml;blingen\" alt=\"Brautpaar beim Fotoshooting am Hochzeitstag in der Natur\" title=\"Hochzeitsfotograf B\u00f6blingen\"  itemprop=\"thumbnailUrl\" data-envira-srcset=\"https:\/\/hochzeitsfotograf-bb.de\/wp-content\/uploads\/2019\/12\/sf0802-640x480.jpg 400w,https:\/\/hochzeitsfotograf-bb.de\/wp-content\/uploads\/2019\/12\/sf0802-640x480.jpg 2x\" data-envira-width=\"300\" data-envira-height=\"200\" srcset=\"data:image\/gif;base64,R0lGODlhAQABAIAAAP\/\/\/\/\/\/\/yH5BAEKAAEALAAAAAABAAEAAAICTAEAOw==\" data-safe-src=\"data:image\/gif;base64,R0lGODlhAQABAIAAAP\/\/\/\/\/\/\/yH5BAEKAAEALAAAAAABAAEAAAICTAEAOw==\" \/><\/a><\/div><\/div><div id=\"envira-gallery-item-1533\" class=\"envira-gallery-item enviratope-item envira-gallery-item-26 envira-lazy-load\" style=\"padding-left: 1px; padding-bottom: 1px; padding-right: 1px;\"  itemscope itemtype=\"https:\/\/schema.org\/ImageObject\"><div class=\"envira-gallery-item-inner\"><div class=\"envira-gallery-position-overlay  envira-gallery-top-left\"><\/div><div class=\"envira-gallery-position-overlay  envira-gallery-top-right\"><\/div><div class=\"envira-gallery-position-overlay  envira-gallery-bottom-left\"><\/div><div class=\"envira-gallery-position-overlay  envira-gallery-bottom-right\"><\/div><a href=\"https:\/\/hochzeitsfotograf-bb.de\/wp-content\/uploads\/2019\/12\/nc0803.jpg\" class=\"envira-gallery-1475 envira-gallery-link\" rel=\"enviragallery1475\" title=\"Fotoshooting an der Eselsm&uuml;hle\" data-envira-caption=\"Fotoshooting an der Eselsm&uuml;hle\" data-envira-retina=\"\" data-thumbnail=\"\"  itemprop=\"contentUrl\"><img decoding=\"async\" id=\"envira-gallery-image-1533\" class=\"envira-gallery-image envira-gallery-image-26 envira-normal envira-lazy\" data-envira-index=\"26\" src=\"https:\/\/hochzeitsfotograf-bb.de\/wp-content\/uploads\/2019\/12\/nc0803-640x480.jpg\" data-envira-src=\"https:\/\/hochzeitsfotograf-bb.de\/wp-content\/uploads\/2019\/12\/nc0803-640x480.jpg\" data-envira-gallery-id=\"1475\" data-envira-item-id=\"1533\" data-envira-caption=\"Fotoshooting an der Eselsm&uuml;hle\" alt=\"Hochzeitsfotograf Eselsm\u00fchle Stuttgart, Brautpaar, Fotoshooting, Natur\" title=\"Fotoshooting an der Eselsm\u00fchle\"  itemprop=\"thumbnailUrl\" data-envira-srcset=\"https:\/\/hochzeitsfotograf-bb.de\/wp-content\/uploads\/2019\/12\/nc0803-640x480.jpg 400w,https:\/\/hochzeitsfotograf-bb.de\/wp-content\/uploads\/2019\/12\/nc0803-640x480.jpg 2x\" data-envira-width=\"300\" data-envira-height=\"200\" srcset=\"data:image\/gif;base64,R0lGODlhAQABAIAAAP\/\/\/\/\/\/\/yH5BAEKAAEALAAAAAABAAEAAAICTAEAOw==\" data-safe-src=\"data:image\/gif;base64,R0lGODlhAQABAIAAAP\/\/\/\/\/\/\/yH5BAEKAAEALAAAAAABAAEAAAICTAEAOw==\" \/><\/a><\/div><\/div><div id=\"envira-gallery-item-1508\" class=\"envira-gallery-item enviratope-item envira-gallery-item-27 envira-lazy-load\" style=\"padding-left: 1px; padding-bottom: 1px; padding-right: 1px;\"  itemscope itemtype=\"https:\/\/schema.org\/ImageObject\"><div class=\"envira-gallery-item-inner\"><div class=\"envira-gallery-position-overlay  envira-gallery-top-left\"><\/div><div class=\"envira-gallery-position-overlay  envira-gallery-top-right\"><\/div><div class=\"envira-gallery-position-overlay  envira-gallery-bottom-left\"><\/div><div class=\"envira-gallery-position-overlay  envira-gallery-bottom-right\"><\/div><a href=\"https:\/\/hochzeitsfotograf-bb.de\/wp-content\/uploads\/2019\/12\/ej0337.jpg\" class=\"envira-gallery-1475 envira-gallery-link\" rel=\"enviragallery1475\" title=\"Brautpaar im Sonnenaufgang am Schloss Solitude\" data-envira-caption=\"Brautpaar im Sonnenaufgang am Schloss Solitude\" data-envira-retina=\"\" data-thumbnail=\"\"  itemprop=\"contentUrl\"><img decoding=\"async\" id=\"envira-gallery-image-1508\" class=\"envira-gallery-image envira-gallery-image-27 envira-normal envira-lazy\" data-envira-index=\"27\" src=\"https:\/\/hochzeitsfotograf-bb.de\/wp-content\/uploads\/2019\/12\/ej0337-640x480.jpg\" data-envira-src=\"https:\/\/hochzeitsfotograf-bb.de\/wp-content\/uploads\/2019\/12\/ej0337-640x480.jpg\" data-envira-gallery-id=\"1475\" data-envira-item-id=\"1508\" data-envira-caption=\"Brautpaar im Sonnenaufgang am Schloss Solitude\" alt=\"hochzeitsfotograf, brautpaar, schloss solitude, sonnenaufgang, fotoshooting, benjamin knoblauch, herbst\" title=\"Brautpaar im Sonnenaufgang am Schloss Solitude\"  itemprop=\"thumbnailUrl\" data-envira-srcset=\"https:\/\/hochzeitsfotograf-bb.de\/wp-content\/uploads\/2019\/12\/ej0337-640x480.jpg 400w,https:\/\/hochzeitsfotograf-bb.de\/wp-content\/uploads\/2019\/12\/ej0337-640x480.jpg 2x\" data-envira-width=\"300\" data-envira-height=\"188\" srcset=\"data:image\/gif;base64,R0lGODlhAQABAIAAAP\/\/\/\/\/\/\/yH5BAEKAAEALAAAAAABAAEAAAICTAEAOw==\" data-safe-src=\"data:image\/gif;base64,R0lGODlhAQABAIAAAP\/\/\/\/\/\/\/yH5BAEKAAEALAAAAAABAAEAAAICTAEAOw==\" \/><\/a><\/div><\/div><div id=\"envira-gallery-item-2192\" class=\"envira-gallery-item enviratope-item envira-gallery-item-28 envira-lazy-load\" style=\"padding-left: 1px; padding-bottom: 1px; padding-right: 1px;\"  itemscope itemtype=\"https:\/\/schema.org\/ImageObject\"><div class=\"envira-gallery-item-inner\"><div class=\"envira-gallery-position-overlay  envira-gallery-top-left\"><\/div><div class=\"envira-gallery-position-overlay  envira-gallery-top-right\"><\/div><div class=\"envira-gallery-position-overlay  envira-gallery-bottom-left\"><\/div><div class=\"envira-gallery-position-overlay  envira-gallery-bottom-right\"><\/div><a href=\"https:\/\/hochzeitsfotograf-bb.de\/wp-content\/uploads\/2024\/11\/winterhochzeit_stuttgart_benjamin-knoblauch.jpg\" class=\"envira-gallery-1475 envira-gallery-link\" rel=\"enviragallery1475\" title=\"Winterhochzeit in der Stuttgarter Innenstadt bei Sonnenschein\" data-envira-caption=\"Winterhochzeit in der Stuttgarter Innenstadt bei Sonnenschein\" data-envira-retina=\"\" data-thumbnail=\"\"  itemprop=\"contentUrl\"><img decoding=\"async\" id=\"envira-gallery-image-2192\" class=\"envira-gallery-image envira-gallery-image-28 envira-normal envira-lazy\" data-envira-index=\"28\" src=\"https:\/\/hochzeitsfotograf-bb.de\/wp-content\/uploads\/2024\/11\/winterhochzeit_stuttgart_benjamin-knoblauch-1024x683-640x480.jpg\" data-envira-src=\"https:\/\/hochzeitsfotograf-bb.de\/wp-content\/uploads\/2024\/11\/winterhochzeit_stuttgart_benjamin-knoblauch-1024x683-640x480.jpg\" data-envira-gallery-id=\"1475\" data-envira-item-id=\"2192\" data-envira-caption=\"Winterhochzeit in der Stuttgarter Innenstadt bei Sonnenschein\" alt=\"fotograf stuttgart, hochzeit, winter, sonne, fotoshooting, hochzeitsfotograf\" title=\"Winterhochzeit in der Stuttgarter Innenstadt bei Sonnenschein\"  itemprop=\"thumbnailUrl\" data-envira-srcset=\"https:\/\/hochzeitsfotograf-bb.de\/wp-content\/uploads\/2024\/11\/winterhochzeit_stuttgart_benjamin-knoblauch-1024x683-640x480.jpg 400w,https:\/\/hochzeitsfotograf-bb.de\/wp-content\/uploads\/2024\/11\/winterhochzeit_stuttgart_benjamin-knoblauch-1024x683-640x480.jpg 2x\" data-envira-width=\"300\" data-envira-height=\"200\" srcset=\"data:image\/gif;base64,R0lGODlhAQABAIAAAP\/\/\/\/\/\/\/yH5BAEKAAEALAAAAAABAAEAAAICTAEAOw==\" data-safe-src=\"data:image\/gif;base64,R0lGODlhAQABAIAAAP\/\/\/\/\/\/\/yH5BAEKAAEALAAAAAABAAEAAAICTAEAOw==\" \/><\/a><\/div><\/div><div id=\"envira-gallery-item-2209\" class=\"envira-gallery-item enviratope-item envira-gallery-item-29 envira-lazy-load\" style=\"padding-left: 1px; padding-bottom: 1px; padding-right: 1px;\"  itemscope itemtype=\"https:\/\/schema.org\/ImageObject\"><div class=\"envira-gallery-item-inner\"><div class=\"envira-gallery-position-overlay  envira-gallery-top-left\"><\/div><div class=\"envira-gallery-position-overlay  envira-gallery-top-right\"><\/div><div class=\"envira-gallery-position-overlay  envira-gallery-bottom-left\"><\/div><div class=\"envira-gallery-position-overlay  envira-gallery-bottom-right\"><\/div><a href=\"https:\/\/hochzeitsfotograf-bb.de\/wp-content\/uploads\/2025\/01\/fg_1727.jpg\" class=\"envira-gallery-1475 envira-gallery-link\" rel=\"enviragallery1475\" title=\"fg_1727\" data-envira-caption=\"fg_1727\" data-envira-retina=\"\" data-thumbnail=\"\"  itemprop=\"contentUrl\"><img decoding=\"async\" id=\"envira-gallery-image-2209\" class=\"envira-gallery-image envira-gallery-image-29 envira-normal envira-lazy\" data-envira-index=\"29\" src=\"https:\/\/hochzeitsfotograf-bb.de\/wp-content\/uploads\/2025\/01\/fg_1727-1024x683-640x480.jpg\" data-envira-src=\"https:\/\/hochzeitsfotograf-bb.de\/wp-content\/uploads\/2025\/01\/fg_1727-1024x683-640x480.jpg\" data-envira-gallery-id=\"1475\" data-envira-item-id=\"2209\" data-envira-caption=\"fg_1727\" alt=\"Brautpaar beim Fotoshooting in der Altstadt von Magstadt im Sommer mit Hochzeitsfotograf Benjamin Knoblauch von www.hochzeitsfotograf-bb.de\" title=\"fg_1727\"  itemprop=\"thumbnailUrl\" data-envira-srcset=\"https:\/\/hochzeitsfotograf-bb.de\/wp-content\/uploads\/2025\/01\/fg_1727-1024x683-640x480.jpg 400w,https:\/\/hochzeitsfotograf-bb.de\/wp-content\/uploads\/2025\/01\/fg_1727-1024x683-640x480.jpg 2x\" data-envira-width=\"300\" data-envira-height=\"200\" srcset=\"data:image\/gif;base64,R0lGODlhAQABAIAAAP\/\/\/\/\/\/\/yH5BAEKAAEALAAAAAABAAEAAAICTAEAOw==\" data-safe-src=\"data:image\/gif;base64,R0lGODlhAQABAIAAAP\/\/\/\/\/\/\/yH5BAEKAAEALAAAAAABAAEAAAICTAEAOw==\" \/><\/a><\/div><\/div><div id=\"envira-gallery-item-1489\" class=\"envira-gallery-item enviratope-item envira-gallery-item-30 envira-lazy-load\" style=\"padding-left: 1px; padding-bottom: 1px; padding-right: 1px;\"  itemscope itemtype=\"https:\/\/schema.org\/ImageObject\"><div class=\"envira-gallery-item-inner\"><div class=\"envira-gallery-position-overlay  envira-gallery-top-left\"><\/div><div class=\"envira-gallery-position-overlay  envira-gallery-top-right\"><\/div><div class=\"envira-gallery-position-overlay  envira-gallery-bottom-left\"><\/div><div class=\"envira-gallery-position-overlay  envira-gallery-bottom-right\"><\/div><a href=\"https:\/\/hochzeitsfotograf-bb.de\/wp-content\/uploads\/2019\/12\/rs1298.jpg\" class=\"envira-gallery-1475 envira-gallery-link\" rel=\"enviragallery1475\" title=\"rs1298\" data-envira-caption=\"rs1298\" data-envira-retina=\"\" data-thumbnail=\"\"  itemprop=\"contentUrl\"><img decoding=\"async\" id=\"envira-gallery-image-1489\" class=\"envira-gallery-image envira-gallery-image-30 envira-normal envira-lazy\" data-envira-index=\"30\" src=\"https:\/\/hochzeitsfotograf-bb.de\/wp-content\/uploads\/2019\/12\/rs1298-640x480.jpg\" data-envira-src=\"https:\/\/hochzeitsfotograf-bb.de\/wp-content\/uploads\/2019\/12\/rs1298-640x480.jpg\" data-envira-gallery-id=\"1475\" data-envira-item-id=\"1489\" data-envira-caption=\"rs1298\" alt=\"\" title=\"rs1298\"  itemprop=\"thumbnailUrl\" data-envira-srcset=\"https:\/\/hochzeitsfotograf-bb.de\/wp-content\/uploads\/2019\/12\/rs1298-640x480.jpg 400w,https:\/\/hochzeitsfotograf-bb.de\/wp-content\/uploads\/2019\/12\/rs1298-640x480.jpg 2x\" data-envira-width=\"300\" data-envira-height=\"200\" srcset=\"data:image\/gif;base64,R0lGODlhAQABAIAAAP\/\/\/\/\/\/\/yH5BAEKAAEALAAAAAABAAEAAAICTAEAOw==\" data-safe-src=\"data:image\/gif;base64,R0lGODlhAQABAIAAAP\/\/\/\/\/\/\/yH5BAEKAAEALAAAAAABAAEAAAICTAEAOw==\" \/><\/a><\/div><\/div><div id=\"envira-gallery-item-1925\" class=\"envira-gallery-item enviratope-item envira-gallery-item-31 envira-lazy-load\" style=\"padding-left: 1px; padding-bottom: 1px; padding-right: 1px;\"  itemscope itemtype=\"https:\/\/schema.org\/ImageObject\"><div class=\"envira-gallery-item-inner\"><div class=\"envira-gallery-position-overlay  envira-gallery-top-left\"><\/div><div class=\"envira-gallery-position-overlay  envira-gallery-top-right\"><\/div><div class=\"envira-gallery-position-overlay  envira-gallery-bottom-left\"><\/div><div class=\"envira-gallery-position-overlay  envira-gallery-bottom-right\"><\/div><a href=\"https:\/\/hochzeitsfotograf-bb.de\/wp-content\/uploads\/2019\/12\/jasminkevin.jpg\" class=\"envira-gallery-1475 envira-gallery-link\" rel=\"enviragallery1475\" title=\"jasminkevin\" data-envira-caption=\"jasminkevin\" data-envira-retina=\"\" data-thumbnail=\"\"  itemprop=\"contentUrl\"><img decoding=\"async\" id=\"envira-gallery-image-1925\" class=\"envira-gallery-image envira-gallery-image-31 envira-normal envira-lazy\" data-envira-index=\"31\" src=\"https:\/\/hochzeitsfotograf-bb.de\/wp-content\/uploads\/2019\/12\/jasminkevin-640x480.jpg\" data-envira-src=\"https:\/\/hochzeitsfotograf-bb.de\/wp-content\/uploads\/2019\/12\/jasminkevin-640x480.jpg\" data-envira-gallery-id=\"1475\" data-envira-item-id=\"1925\" data-envira-caption=\"jasminkevin\" alt=\"hochzeitsfotograf, b\u00f6blingen, fotoknobi, benjamin knoblauch, brautpaar, paarshooting, brautkleid, braut, brautstrau\u00df\" title=\"jasminkevin\"  itemprop=\"thumbnailUrl\" data-envira-srcset=\"https:\/\/hochzeitsfotograf-bb.de\/wp-content\/uploads\/2019\/12\/jasminkevin-640x480.jpg 400w,https:\/\/hochzeitsfotograf-bb.de\/wp-content\/uploads\/2019\/12\/jasminkevin-640x480.jpg 2x\" data-envira-width=\"200\" data-envira-height=\"300\" srcset=\"data:image\/gif;base64,R0lGODlhAQABAIAAAP\/\/\/\/\/\/\/yH5BAEKAAEALAAAAAABAAEAAAICTAEAOw==\" data-safe-src=\"data:image\/gif;base64,R0lGODlhAQABAIAAAP\/\/\/\/\/\/\/yH5BAEKAAEALAAAAAABAAEAAAICTAEAOw==\" \/><\/a><\/div><\/div><div id=\"envira-gallery-item-1914\" class=\"envira-gallery-item enviratope-item envira-gallery-item-32 envira-lazy-load\" style=\"padding-left: 1px; padding-bottom: 1px; padding-right: 1px;\"  itemscope itemtype=\"https:\/\/schema.org\/ImageObject\"><div class=\"envira-gallery-item-inner\"><div class=\"envira-gallery-position-overlay  envira-gallery-top-left\"><\/div><div class=\"envira-gallery-position-overlay  envira-gallery-top-right\"><\/div><div class=\"envira-gallery-position-overlay  envira-gallery-bottom-left\"><\/div><div class=\"envira-gallery-position-overlay  envira-gallery-bottom-right\"><\/div><a href=\"https:\/\/hochzeitsfotograf-bb.de\/wp-content\/uploads\/2019\/12\/nc1485.jpg\" class=\"envira-gallery-1475 envira-gallery-link\" rel=\"enviragallery1475\" title=\"nc1485\" data-envira-caption=\"nc1485\" data-envira-retina=\"\" data-thumbnail=\"\"  itemprop=\"contentUrl\"><img decoding=\"async\" id=\"envira-gallery-image-1914\" class=\"envira-gallery-image envira-gallery-image-32 envira-normal envira-lazy\" data-envira-index=\"32\" src=\"https:\/\/hochzeitsfotograf-bb.de\/wp-content\/uploads\/2019\/12\/nc1485-640x480.jpg\" data-envira-src=\"https:\/\/hochzeitsfotograf-bb.de\/wp-content\/uploads\/2019\/12\/nc1485-640x480.jpg\" data-envira-gallery-id=\"1475\" data-envira-item-id=\"1914\" data-envira-caption=\"nc1485\" alt=\"hochzeitsfotograf heilbronn, benjamin knoblauch, brautpaar, fotoshooting heilbronn,\" title=\"nc1485\"  itemprop=\"thumbnailUrl\" data-envira-srcset=\"https:\/\/hochzeitsfotograf-bb.de\/wp-content\/uploads\/2019\/12\/nc1485-640x480.jpg 400w,https:\/\/hochzeitsfotograf-bb.de\/wp-content\/uploads\/2019\/12\/nc1485-640x480.jpg 2x\" data-envira-width=\"300\" data-envira-height=\"225\" srcset=\"data:image\/gif;base64,R0lGODlhAQABAIAAAP\/\/\/\/\/\/\/yH5BAEKAAEALAAAAAABAAEAAAICTAEAOw==\" data-safe-src=\"data:image\/gif;base64,R0lGODlhAQABAIAAAP\/\/\/\/\/\/\/yH5BAEKAAEALAAAAAABAAEAAAICTAEAOw==\" \/><\/a><\/div><\/div><div id=\"envira-gallery-item-1498\" class=\"envira-gallery-item enviratope-item envira-gallery-item-33 envira-lazy-load\" style=\"padding-left: 1px; padding-bottom: 1px; padding-right: 1px;\"  itemscope itemtype=\"https:\/\/schema.org\/ImageObject\"><div class=\"envira-gallery-item-inner\"><div class=\"envira-gallery-position-overlay  envira-gallery-top-left\"><\/div><div class=\"envira-gallery-position-overlay  envira-gallery-top-right\"><\/div><div class=\"envira-gallery-position-overlay  envira-gallery-bottom-left\"><\/div><div class=\"envira-gallery-position-overlay  envira-gallery-bottom-right\"><\/div><a href=\"https:\/\/hochzeitsfotograf-bb.de\/wp-content\/uploads\/2019\/12\/tz0338.jpg\" class=\"envira-gallery-1475 envira-gallery-link\" rel=\"enviragallery1475\" title=\"tz0338\" data-envira-caption=\"tz0338\" data-envira-retina=\"\" data-thumbnail=\"\"  itemprop=\"contentUrl\"><img decoding=\"async\" id=\"envira-gallery-image-1498\" class=\"envira-gallery-image envira-gallery-image-33 envira-normal envira-lazy\" data-envira-index=\"33\" src=\"https:\/\/hochzeitsfotograf-bb.de\/wp-content\/uploads\/2019\/12\/tz0338-640x480.jpg\" data-envira-src=\"https:\/\/hochzeitsfotograf-bb.de\/wp-content\/uploads\/2019\/12\/tz0338-640x480.jpg\" data-envira-gallery-id=\"1475\" data-envira-item-id=\"1498\" data-envira-caption=\"tz0338\" alt=\"\" title=\"tz0338\"  itemprop=\"thumbnailUrl\" data-envira-srcset=\"https:\/\/hochzeitsfotograf-bb.de\/wp-content\/uploads\/2019\/12\/tz0338-640x480.jpg 400w,https:\/\/hochzeitsfotograf-bb.de\/wp-content\/uploads\/2019\/12\/tz0338-640x480.jpg 2x\" data-envira-width=\"300\" data-envira-height=\"214\" srcset=\"data:image\/gif;base64,R0lGODlhAQABAIAAAP\/\/\/\/\/\/\/yH5BAEKAAEALAAAAAABAAEAAAICTAEAOw==\" data-safe-src=\"data:image\/gif;base64,R0lGODlhAQABAIAAAP\/\/\/\/\/\/\/yH5BAEKAAEALAAAAAABAAEAAAICTAEAOw==\" \/><\/a><\/div><\/div><div id=\"envira-gallery-item-1500\" class=\"envira-gallery-item enviratope-item envira-gallery-item-34 envira-lazy-load\" style=\"padding-left: 1px; padding-bottom: 1px; padding-right: 1px;\"  itemscope itemtype=\"https:\/\/schema.org\/ImageObject\"><div class=\"envira-gallery-item-inner\"><div class=\"envira-gallery-position-overlay  envira-gallery-top-left\"><\/div><div class=\"envira-gallery-position-overlay  envira-gallery-top-right\"><\/div><div class=\"envira-gallery-position-overlay  envira-gallery-bottom-left\"><\/div><div class=\"envira-gallery-position-overlay  envira-gallery-bottom-right\"><\/div><a href=\"https:\/\/hochzeitsfotograf-bb.de\/wp-content\/uploads\/2019\/12\/vc0219.jpg\" class=\"envira-gallery-1475 envira-gallery-link\" rel=\"enviragallery1475\" title=\"vc0219\" data-envira-caption=\"vc0219\" data-envira-retina=\"\" data-thumbnail=\"\"  itemprop=\"contentUrl\"><img decoding=\"async\" id=\"envira-gallery-image-1500\" class=\"envira-gallery-image envira-gallery-image-34 envira-normal envira-lazy\" data-envira-index=\"34\" src=\"https:\/\/hochzeitsfotograf-bb.de\/wp-content\/uploads\/2019\/12\/vc0219-640x480.jpg\" data-envira-src=\"https:\/\/hochzeitsfotograf-bb.de\/wp-content\/uploads\/2019\/12\/vc0219-640x480.jpg\" data-envira-gallery-id=\"1475\" data-envira-item-id=\"1500\" data-envira-caption=\"vc0219\" alt=\"\" title=\"vc0219\"  itemprop=\"thumbnailUrl\" data-envira-srcset=\"https:\/\/hochzeitsfotograf-bb.de\/wp-content\/uploads\/2019\/12\/vc0219-640x480.jpg 400w,https:\/\/hochzeitsfotograf-bb.de\/wp-content\/uploads\/2019\/12\/vc0219-640x480.jpg 2x\" data-envira-width=\"300\" data-envira-height=\"240\" srcset=\"data:image\/gif;base64,R0lGODlhAQABAIAAAP\/\/\/\/\/\/\/yH5BAEKAAEALAAAAAABAAEAAAICTAEAOw==\" data-safe-src=\"data:image\/gif;base64,R0lGODlhAQABAIAAAP\/\/\/\/\/\/\/yH5BAEKAAEALAAAAAABAAEAAAICTAEAOw==\" \/><\/a><\/div><\/div><div id=\"envira-gallery-item-1515\" class=\"envira-gallery-item enviratope-item envira-gallery-item-35 envira-lazy-load\" style=\"padding-left: 1px; padding-bottom: 1px; padding-right: 1px;\"  itemscope itemtype=\"https:\/\/schema.org\/ImageObject\"><div class=\"envira-gallery-item-inner\"><div class=\"envira-gallery-position-overlay  envira-gallery-top-left\"><\/div><div class=\"envira-gallery-position-overlay  envira-gallery-top-right\"><\/div><div class=\"envira-gallery-position-overlay  envira-gallery-bottom-left\"><\/div><div class=\"envira-gallery-position-overlay  envira-gallery-bottom-right\"><\/div><a href=\"https:\/\/hochzeitsfotograf-bb.de\/wp-content\/uploads\/2019\/12\/it0871.jpg\" class=\"envira-gallery-1475 envira-gallery-link\" rel=\"enviragallery1475\" title=\"it0871\" data-envira-caption=\"it0871\" data-envira-retina=\"\" data-thumbnail=\"\"  itemprop=\"contentUrl\"><img decoding=\"async\" id=\"envira-gallery-image-1515\" class=\"envira-gallery-image envira-gallery-image-35 envira-normal envira-lazy\" data-envira-index=\"35\" src=\"https:\/\/hochzeitsfotograf-bb.de\/wp-content\/uploads\/2019\/12\/it0871-640x480.jpg\" data-envira-src=\"https:\/\/hochzeitsfotograf-bb.de\/wp-content\/uploads\/2019\/12\/it0871-640x480.jpg\" data-envira-gallery-id=\"1475\" data-envira-item-id=\"1515\" data-envira-caption=\"it0871\" alt=\"\" title=\"it0871\"  itemprop=\"thumbnailUrl\" data-envira-srcset=\"https:\/\/hochzeitsfotograf-bb.de\/wp-content\/uploads\/2019\/12\/it0871-640x480.jpg 400w,https:\/\/hochzeitsfotograf-bb.de\/wp-content\/uploads\/2019\/12\/it0871-640x480.jpg 2x\" data-envira-width=\"300\" data-envira-height=\"200\" srcset=\"data:image\/gif;base64,R0lGODlhAQABAIAAAP\/\/\/\/\/\/\/yH5BAEKAAEALAAAAAABAAEAAAICTAEAOw==\" data-safe-src=\"data:image\/gif;base64,R0lGODlhAQABAIAAAP\/\/\/\/\/\/\/yH5BAEKAAEALAAAAAABAAEAAAICTAEAOw==\" \/><\/a><\/div><\/div><div id=\"envira-gallery-item-2222\" class=\"envira-gallery-item enviratope-item envira-gallery-item-36 envira-lazy-load\" style=\"padding-left: 1px; padding-bottom: 1px; padding-right: 1px;\"  itemscope itemtype=\"https:\/\/schema.org\/ImageObject\"><div class=\"envira-gallery-item-inner\"><div class=\"envira-gallery-position-overlay  envira-gallery-top-left\"><\/div><div class=\"envira-gallery-position-overlay  envira-gallery-top-right\"><\/div><div class=\"envira-gallery-position-overlay  envira-gallery-bottom-left\"><\/div><div class=\"envira-gallery-position-overlay  envira-gallery-bottom-right\"><\/div><a href=\"https:\/\/hochzeitsfotograf-bb.de\/wp-content\/uploads\/2019\/12\/jasmintimo_mailand_dom.jpg\" class=\"envira-gallery-1475 envira-gallery-link\" rel=\"enviragallery1475\" title=\"jasmintimo_mailand_dom\" data-envira-caption=\"jasmintimo_mailand_dom\" data-envira-retina=\"\" data-thumbnail=\"\"  itemprop=\"contentUrl\"><img decoding=\"async\" id=\"envira-gallery-image-2222\" class=\"envira-gallery-image envira-gallery-image-36 envira-normal envira-lazy\" data-envira-index=\"36\" src=\"https:\/\/hochzeitsfotograf-bb.de\/wp-content\/uploads\/2019\/12\/jasmintimo_mailand_dom-1024x683-640x480.jpg\" data-envira-src=\"https:\/\/hochzeitsfotograf-bb.de\/wp-content\/uploads\/2019\/12\/jasmintimo_mailand_dom-1024x683-640x480.jpg\" data-envira-gallery-id=\"1475\" data-envira-item-id=\"2222\" data-envira-caption=\"jasmintimo_mailand_dom\" alt=\"mailand, dom, sonnenaufgang, hochzeitsfotograf, wedding, photoshooting, milan, sunrise\" title=\"jasmintimo_mailand_dom\"  itemprop=\"thumbnailUrl\" data-envira-srcset=\"https:\/\/hochzeitsfotograf-bb.de\/wp-content\/uploads\/2019\/12\/jasmintimo_mailand_dom-1024x683-640x480.jpg 400w,https:\/\/hochzeitsfotograf-bb.de\/wp-content\/uploads\/2019\/12\/jasmintimo_mailand_dom-1024x683-640x480.jpg 2x\" data-envira-width=\"300\" data-envira-height=\"200\" srcset=\"data:image\/gif;base64,R0lGODlhAQABAIAAAP\/\/\/\/\/\/\/yH5BAEKAAEALAAAAAABAAEAAAICTAEAOw==\" data-safe-src=\"data:image\/gif;base64,R0lGODlhAQABAIAAAP\/\/\/\/\/\/\/yH5BAEKAAEALAAAAAABAAEAAAICTAEAOw==\" \/><\/a><\/div><\/div><div id=\"envira-gallery-item-1483\" class=\"envira-gallery-item enviratope-item envira-gallery-item-37 envira-lazy-load\" style=\"padding-left: 1px; padding-bottom: 1px; padding-right: 1px;\"  itemscope itemtype=\"https:\/\/schema.org\/ImageObject\"><div class=\"envira-gallery-item-inner\"><div class=\"envira-gallery-position-overlay  envira-gallery-top-left\"><\/div><div class=\"envira-gallery-position-overlay  envira-gallery-top-right\"><\/div><div class=\"envira-gallery-position-overlay  envira-gallery-bottom-left\"><\/div><div class=\"envira-gallery-position-overlay  envira-gallery-bottom-right\"><\/div><a href=\"https:\/\/hochzeitsfotograf-bb.de\/wp-content\/uploads\/2019\/12\/ld0392.jpg\" class=\"envira-gallery-1475 envira-gallery-link\" rel=\"enviragallery1475\" title=\"ld0392\" data-envira-caption=\"ld0392\" data-envira-retina=\"\" data-thumbnail=\"\"  itemprop=\"contentUrl\"><img decoding=\"async\" id=\"envira-gallery-image-1483\" class=\"envira-gallery-image envira-gallery-image-37 envira-normal envira-lazy\" data-envira-index=\"37\" src=\"https:\/\/hochzeitsfotograf-bb.de\/wp-content\/uploads\/2019\/12\/ld0392-640x480.jpg\" data-envira-src=\"https:\/\/hochzeitsfotograf-bb.de\/wp-content\/uploads\/2019\/12\/ld0392-640x480.jpg\" data-envira-gallery-id=\"1475\" data-envira-item-id=\"1483\" data-envira-caption=\"ld0392\" alt=\"\" title=\"ld0392\"  itemprop=\"thumbnailUrl\" data-envira-srcset=\"https:\/\/hochzeitsfotograf-bb.de\/wp-content\/uploads\/2019\/12\/ld0392-640x480.jpg 400w,https:\/\/hochzeitsfotograf-bb.de\/wp-content\/uploads\/2019\/12\/ld0392-640x480.jpg 2x\" data-envira-width=\"300\" data-envira-height=\"200\" srcset=\"data:image\/gif;base64,R0lGODlhAQABAIAAAP\/\/\/\/\/\/\/yH5BAEKAAEALAAAAAABAAEAAAICTAEAOw==\" data-safe-src=\"data:image\/gif;base64,R0lGODlhAQABAIAAAP\/\/\/\/\/\/\/yH5BAEKAAEALAAAAAABAAEAAAICTAEAOw==\" \/><\/a><\/div><\/div><div id=\"envira-gallery-item-1525\" class=\"envira-gallery-item enviratope-item envira-gallery-item-38 envira-lazy-load\" style=\"padding-left: 1px; padding-bottom: 1px; padding-right: 1px;\"  itemscope itemtype=\"https:\/\/schema.org\/ImageObject\"><div class=\"envira-gallery-item-inner\"><div class=\"envira-gallery-position-overlay  envira-gallery-top-left\"><\/div><div class=\"envira-gallery-position-overlay  envira-gallery-top-right\"><\/div><div class=\"envira-gallery-position-overlay  envira-gallery-bottom-left\"><\/div><div class=\"envira-gallery-position-overlay  envira-gallery-bottom-right\"><\/div><a href=\"https:\/\/hochzeitsfotograf-bb.de\/wp-content\/uploads\/2019\/12\/jt0153.jpg\" class=\"envira-gallery-1475 envira-gallery-link\" rel=\"enviragallery1475\" title=\"jt0153\" data-envira-caption=\"jt0153\" data-envira-retina=\"\" data-thumbnail=\"\"  itemprop=\"contentUrl\"><img decoding=\"async\" id=\"envira-gallery-image-1525\" class=\"envira-gallery-image envira-gallery-image-38 envira-normal envira-lazy\" data-envira-index=\"38\" src=\"https:\/\/hochzeitsfotograf-bb.de\/wp-content\/uploads\/2019\/12\/jt0153-640x480.jpg\" data-envira-src=\"https:\/\/hochzeitsfotograf-bb.de\/wp-content\/uploads\/2019\/12\/jt0153-640x480.jpg\" data-envira-gallery-id=\"1475\" data-envira-item-id=\"1525\" data-envira-caption=\"jt0153\" alt=\"hochzeitsfotograf, getting ready, braut, trauzeugin, bridesmaid, sindelfingen, b\u00f6blingen, fotoshooting, benjamin knoblauch\" title=\"jt0153\"  itemprop=\"thumbnailUrl\" data-envira-srcset=\"https:\/\/hochzeitsfotograf-bb.de\/wp-content\/uploads\/2019\/12\/jt0153-640x480.jpg 400w,https:\/\/hochzeitsfotograf-bb.de\/wp-content\/uploads\/2019\/12\/jt0153-640x480.jpg 2x\" data-envira-width=\"300\" data-envira-height=\"200\" srcset=\"data:image\/gif;base64,R0lGODlhAQABAIAAAP\/\/\/\/\/\/\/yH5BAEKAAEALAAAAAABAAEAAAICTAEAOw==\" data-safe-src=\"data:image\/gif;base64,R0lGODlhAQABAIAAAP\/\/\/\/\/\/\/yH5BAEKAAEALAAAAAABAAEAAAICTAEAOw==\" \/><\/a><\/div><\/div><div id=\"envira-gallery-item-1482\" class=\"envira-gallery-item enviratope-item envira-gallery-item-39 envira-lazy-load\" style=\"padding-left: 1px; padding-bottom: 1px; padding-right: 1px;\"  itemscope itemtype=\"https:\/\/schema.org\/ImageObject\"><div class=\"envira-gallery-item-inner\"><div class=\"envira-gallery-position-overlay  envira-gallery-top-left\"><\/div><div class=\"envira-gallery-position-overlay  envira-gallery-top-right\"><\/div><div class=\"envira-gallery-position-overlay  envira-gallery-bottom-left\"><\/div><div class=\"envira-gallery-position-overlay  envira-gallery-bottom-right\"><\/div><a href=\"https:\/\/hochzeitsfotograf-bb.de\/wp-content\/uploads\/2019\/12\/ld0242.jpg\" class=\"envira-gallery-1475 envira-gallery-link\" rel=\"enviragallery1475\" title=\"ld0242\" data-envira-caption=\"ld0242\" data-envira-retina=\"\" data-thumbnail=\"\"  itemprop=\"contentUrl\"><img decoding=\"async\" id=\"envira-gallery-image-1482\" class=\"envira-gallery-image envira-gallery-image-39 envira-normal envira-lazy\" data-envira-index=\"39\" src=\"https:\/\/hochzeitsfotograf-bb.de\/wp-content\/uploads\/2019\/12\/ld0242-640x480.jpg\" data-envira-src=\"https:\/\/hochzeitsfotograf-bb.de\/wp-content\/uploads\/2019\/12\/ld0242-640x480.jpg\" data-envira-gallery-id=\"1475\" data-envira-item-id=\"1482\" data-envira-caption=\"ld0242\" alt=\"hochzeitsfotograf, getting ready, braut, trauzeugin, bridesmaid, sindelfingen, b\u00f6blingen, fotoshooting, benjamin knoblauch\" title=\"ld0242\"  itemprop=\"thumbnailUrl\" data-envira-srcset=\"https:\/\/hochzeitsfotograf-bb.de\/wp-content\/uploads\/2019\/12\/ld0242-640x480.jpg 400w,https:\/\/hochzeitsfotograf-bb.de\/wp-content\/uploads\/2019\/12\/ld0242-640x480.jpg 2x\" data-envira-width=\"300\" data-envira-height=\"200\" srcset=\"data:image\/gif;base64,R0lGODlhAQABAIAAAP\/\/\/\/\/\/\/yH5BAEKAAEALAAAAAABAAEAAAICTAEAOw==\" data-safe-src=\"data:image\/gif;base64,R0lGODlhAQABAIAAAP\/\/\/\/\/\/\/yH5BAEKAAEALAAAAAABAAEAAAICTAEAOw==\" \/><\/a><\/div><\/div><div id=\"envira-gallery-item-1526\" class=\"envira-gallery-item enviratope-item envira-gallery-item-40 envira-lazy-load\" style=\"padding-left: 1px; padding-bottom: 1px; padding-right: 1px;\"  itemscope itemtype=\"https:\/\/schema.org\/ImageObject\"><div class=\"envira-gallery-item-inner\"><div class=\"envira-gallery-position-overlay  envira-gallery-top-left\"><\/div><div class=\"envira-gallery-position-overlay  envira-gallery-top-right\"><\/div><div class=\"envira-gallery-position-overlay  envira-gallery-bottom-left\"><\/div><div class=\"envira-gallery-position-overlay  envira-gallery-bottom-right\"><\/div><a href=\"https:\/\/hochzeitsfotograf-bb.de\/wp-content\/uploads\/2019\/12\/jt0221.jpg\" class=\"envira-gallery-1475 envira-gallery-link\" rel=\"enviragallery1475\" title=\"jt0221\" data-envira-caption=\"jt0221\" data-envira-retina=\"\" data-thumbnail=\"\"  itemprop=\"contentUrl\"><img decoding=\"async\" id=\"envira-gallery-image-1526\" class=\"envira-gallery-image envira-gallery-image-40 envira-normal envira-lazy\" data-envira-index=\"40\" src=\"https:\/\/hochzeitsfotograf-bb.de\/wp-content\/uploads\/2019\/12\/jt0221-640x480.jpg\" data-envira-src=\"https:\/\/hochzeitsfotograf-bb.de\/wp-content\/uploads\/2019\/12\/jt0221-640x480.jpg\" data-envira-gallery-id=\"1475\" data-envira-item-id=\"1526\" data-envira-caption=\"jt0221\" alt=\"hochzeitsfotograf, getting ready, braut, trauzeugin, bridesmaid, sindelfingen, b\u00f6blingen, fotoshooting, benjamin knoblauch\" title=\"jt0221\"  itemprop=\"thumbnailUrl\" data-envira-srcset=\"https:\/\/hochzeitsfotograf-bb.de\/wp-content\/uploads\/2019\/12\/jt0221-640x480.jpg 400w,https:\/\/hochzeitsfotograf-bb.de\/wp-content\/uploads\/2019\/12\/jt0221-640x480.jpg 2x\" data-envira-width=\"300\" data-envira-height=\"200\" srcset=\"data:image\/gif;base64,R0lGODlhAQABAIAAAP\/\/\/\/\/\/\/yH5BAEKAAEALAAAAAABAAEAAAICTAEAOw==\" data-safe-src=\"data:image\/gif;base64,R0lGODlhAQABAIAAAP\/\/\/\/\/\/\/yH5BAEKAAEALAAAAAABAAEAAAICTAEAOw==\" \/><\/a><\/div><\/div><div id=\"envira-gallery-item-1491\" class=\"envira-gallery-item enviratope-item envira-gallery-item-41 envira-lazy-load\" style=\"padding-left: 1px; padding-bottom: 1px; padding-right: 1px;\"  itemscope itemtype=\"https:\/\/schema.org\/ImageObject\"><div class=\"envira-gallery-item-inner\"><div class=\"envira-gallery-position-overlay  envira-gallery-top-left\"><\/div><div class=\"envira-gallery-position-overlay  envira-gallery-top-right\"><\/div><div class=\"envira-gallery-position-overlay  envira-gallery-bottom-left\"><\/div><div class=\"envira-gallery-position-overlay  envira-gallery-bottom-right\"><\/div><a href=\"https:\/\/hochzeitsfotograf-bb.de\/wp-content\/uploads\/2019\/12\/sd0613.jpg\" class=\"envira-gallery-1475 envira-gallery-link\" rel=\"enviragallery1475\" title=\"Hochzeitsfotograf B&ouml;blingen\" data-envira-caption=\"Hochzeitsfotograf B&ouml;blingen\" data-envira-retina=\"\" data-thumbnail=\"\"  itemprop=\"contentUrl\"><img decoding=\"async\" id=\"envira-gallery-image-1491\" class=\"envira-gallery-image envira-gallery-image-41 envira-normal envira-lazy\" data-envira-index=\"41\" src=\"https:\/\/hochzeitsfotograf-bb.de\/wp-content\/uploads\/2019\/12\/sd0613-640x480.jpg\" data-envira-src=\"https:\/\/hochzeitsfotograf-bb.de\/wp-content\/uploads\/2019\/12\/sd0613-640x480.jpg\" data-envira-gallery-id=\"1475\" data-envira-item-id=\"1491\" data-envira-caption=\"Hochzeitsfotograf B&ouml;blingen\" alt=\"b\u00f6blingen, marktplatz, fotoshooting, hochzeit, brautpaar, hochzeitsfotograf, stadtkirche,\" title=\"Hochzeitsfotograf B\u00f6blingen\"  itemprop=\"thumbnailUrl\" data-envira-srcset=\"https:\/\/hochzeitsfotograf-bb.de\/wp-content\/uploads\/2019\/12\/sd0613-640x480.jpg 400w,https:\/\/hochzeitsfotograf-bb.de\/wp-content\/uploads\/2019\/12\/sd0613-640x480.jpg 2x\" data-envira-width=\"200\" data-envira-height=\"300\" srcset=\"data:image\/gif;base64,R0lGODlhAQABAIAAAP\/\/\/\/\/\/\/yH5BAEKAAEALAAAAAABAAEAAAICTAEAOw==\" data-safe-src=\"data:image\/gif;base64,R0lGODlhAQABAIAAAP\/\/\/\/\/\/\/yH5BAEKAAEALAAAAAABAAEAAAICTAEAOw==\" \/><\/a><\/div><\/div><div id=\"envira-gallery-item-1479\" class=\"envira-gallery-item enviratope-item envira-gallery-item-42 envira-lazy-load\" style=\"padding-left: 1px; padding-bottom: 1px; padding-right: 1px;\"  itemscope itemtype=\"https:\/\/schema.org\/ImageObject\"><div class=\"envira-gallery-item-inner\"><div class=\"envira-gallery-position-overlay  envira-gallery-top-left\"><\/div><div class=\"envira-gallery-position-overlay  envira-gallery-top-right\"><\/div><div class=\"envira-gallery-position-overlay  envira-gallery-bottom-left\"><\/div><div class=\"envira-gallery-position-overlay  envira-gallery-bottom-right\"><\/div><a href=\"https:\/\/hochzeitsfotograf-bb.de\/wp-content\/uploads\/2019\/12\/jt2245.jpg\" class=\"envira-gallery-1475 envira-gallery-link\" rel=\"enviragallery1475\" title=\"jt2245\" data-envira-caption=\"jt2245\" data-envira-retina=\"\" data-thumbnail=\"\"  itemprop=\"contentUrl\"><img decoding=\"async\" id=\"envira-gallery-image-1479\" class=\"envira-gallery-image envira-gallery-image-42 envira-normal envira-lazy\" data-envira-index=\"42\" src=\"https:\/\/hochzeitsfotograf-bb.de\/wp-content\/uploads\/2019\/12\/jt2245-640x480.jpg\" data-envira-src=\"https:\/\/hochzeitsfotograf-bb.de\/wp-content\/uploads\/2019\/12\/jt2245-640x480.jpg\" data-envira-gallery-id=\"1475\" data-envira-item-id=\"1479\" data-envira-caption=\"jt2245\" alt=\"\" title=\"jt2245\"  itemprop=\"thumbnailUrl\" data-envira-srcset=\"https:\/\/hochzeitsfotograf-bb.de\/wp-content\/uploads\/2019\/12\/jt2245-640x480.jpg 400w,https:\/\/hochzeitsfotograf-bb.de\/wp-content\/uploads\/2019\/12\/jt2245-640x480.jpg 2x\" data-envira-width=\"300\" data-envira-height=\"200\" srcset=\"data:image\/gif;base64,R0lGODlhAQABAIAAAP\/\/\/\/\/\/\/yH5BAEKAAEALAAAAAABAAEAAAICTAEAOw==\" data-safe-src=\"data:image\/gif;base64,R0lGODlhAQABAIAAAP\/\/\/\/\/\/\/yH5BAEKAAEALAAAAAABAAEAAAICTAEAOw==\" \/><\/a><\/div><\/div><div id=\"envira-gallery-item-1499\" class=\"envira-gallery-item enviratope-item envira-gallery-item-43 envira-lazy-load\" style=\"padding-left: 1px; padding-bottom: 1px; padding-right: 1px;\"  itemscope itemtype=\"https:\/\/schema.org\/ImageObject\"><div class=\"envira-gallery-item-inner\"><div class=\"envira-gallery-position-overlay  envira-gallery-top-left\"><\/div><div class=\"envira-gallery-position-overlay  envira-gallery-top-right\"><\/div><div class=\"envira-gallery-position-overlay  envira-gallery-bottom-left\"><\/div><div class=\"envira-gallery-position-overlay  envira-gallery-bottom-right\"><\/div><a href=\"https:\/\/hochzeitsfotograf-bb.de\/wp-content\/uploads\/2019\/12\/uf2150.jpg\" class=\"envira-gallery-1475 envira-gallery-link\" rel=\"enviragallery1475\" title=\"uf2150\" data-envira-caption=\"uf2150\" data-envira-retina=\"\" data-thumbnail=\"\"  itemprop=\"contentUrl\"><img decoding=\"async\" id=\"envira-gallery-image-1499\" class=\"envira-gallery-image envira-gallery-image-43 envira-normal envira-lazy\" data-envira-index=\"43\" src=\"https:\/\/hochzeitsfotograf-bb.de\/wp-content\/uploads\/2019\/12\/uf2150-640x480.jpg\" data-envira-src=\"https:\/\/hochzeitsfotograf-bb.de\/wp-content\/uploads\/2019\/12\/uf2150-640x480.jpg\" data-envira-gallery-id=\"1475\" data-envira-item-id=\"1499\" data-envira-caption=\"uf2150\" alt=\"\" title=\"uf2150\"  itemprop=\"thumbnailUrl\" data-envira-srcset=\"https:\/\/hochzeitsfotograf-bb.de\/wp-content\/uploads\/2019\/12\/uf2150-640x480.jpg 400w,https:\/\/hochzeitsfotograf-bb.de\/wp-content\/uploads\/2019\/12\/uf2150-640x480.jpg 2x\" data-envira-width=\"300\" data-envira-height=\"200\" srcset=\"data:image\/gif;base64,R0lGODlhAQABAIAAAP\/\/\/\/\/\/\/yH5BAEKAAEALAAAAAABAAEAAAICTAEAOw==\" data-safe-src=\"data:image\/gif;base64,R0lGODlhAQABAIAAAP\/\/\/\/\/\/\/yH5BAEKAAEALAAAAAABAAEAAAICTAEAOw==\" \/><\/a><\/div><\/div><div id=\"envira-gallery-item-1514\" class=\"envira-gallery-item enviratope-item envira-gallery-item-44 envira-lazy-load\" style=\"padding-left: 1px; padding-bottom: 1px; padding-right: 1px;\"  itemscope itemtype=\"https:\/\/schema.org\/ImageObject\"><div class=\"envira-gallery-item-inner\"><div class=\"envira-gallery-position-overlay  envira-gallery-top-left\"><\/div><div class=\"envira-gallery-position-overlay  envira-gallery-top-right\"><\/div><div class=\"envira-gallery-position-overlay  envira-gallery-bottom-left\"><\/div><div class=\"envira-gallery-position-overlay  envira-gallery-bottom-right\"><\/div><a href=\"https:\/\/hochzeitsfotograf-bb.de\/wp-content\/uploads\/2019\/12\/IMG_7991.jpg\" class=\"envira-gallery-1475 envira-gallery-link\" rel=\"enviragallery1475\" title=\"IMG_7991\" data-envira-caption=\"IMG_7991\" data-envira-retina=\"\" data-thumbnail=\"\"  itemprop=\"contentUrl\"><img decoding=\"async\" id=\"envira-gallery-image-1514\" class=\"envira-gallery-image envira-gallery-image-44 envira-normal envira-lazy\" data-envira-index=\"44\" src=\"https:\/\/hochzeitsfotograf-bb.de\/wp-content\/uploads\/2019\/12\/IMG_7991-640x480.jpg\" data-envira-src=\"https:\/\/hochzeitsfotograf-bb.de\/wp-content\/uploads\/2019\/12\/IMG_7991-640x480.jpg\" data-envira-gallery-id=\"1475\" data-envira-item-id=\"1514\" data-envira-caption=\"IMG_7991\" alt=\"\" title=\"IMG_7991\"  itemprop=\"thumbnailUrl\" data-envira-srcset=\"https:\/\/hochzeitsfotograf-bb.de\/wp-content\/uploads\/2019\/12\/IMG_7991-640x480.jpg 400w,https:\/\/hochzeitsfotograf-bb.de\/wp-content\/uploads\/2019\/12\/IMG_7991-640x480.jpg 2x\" data-envira-width=\"300\" data-envira-height=\"240\" srcset=\"data:image\/gif;base64,R0lGODlhAQABAIAAAP\/\/\/\/\/\/\/yH5BAEKAAEALAAAAAABAAEAAAICTAEAOw==\" data-safe-src=\"data:image\/gif;base64,R0lGODlhAQABAIAAAP\/\/\/\/\/\/\/yH5BAEKAAEALAAAAAABAAEAAAICTAEAOw==\" \/><\/a><\/div><\/div><div id=\"envira-gallery-item-1524\" class=\"envira-gallery-item enviratope-item envira-gallery-item-45 envira-lazy-load\" style=\"padding-left: 1px; padding-bottom: 1px; padding-right: 1px;\"  itemscope itemtype=\"https:\/\/schema.org\/ImageObject\"><div class=\"envira-gallery-item-inner\"><div class=\"envira-gallery-position-overlay  envira-gallery-top-left\"><\/div><div class=\"envira-gallery-position-overlay  envira-gallery-top-right\"><\/div><div class=\"envira-gallery-position-overlay  envira-gallery-bottom-left\"><\/div><div class=\"envira-gallery-position-overlay  envira-gallery-bottom-right\"><\/div><a href=\"https:\/\/hochzeitsfotograf-bb.de\/wp-content\/uploads\/2019\/12\/jm1306.jpg\" class=\"envira-gallery-1475 envira-gallery-link\" rel=\"enviragallery1475\" title=\"jm1306\" data-envira-caption=\"jm1306\" data-envira-retina=\"\" data-thumbnail=\"\"  itemprop=\"contentUrl\"><img decoding=\"async\" id=\"envira-gallery-image-1524\" class=\"envira-gallery-image envira-gallery-image-45 envira-normal envira-lazy\" data-envira-index=\"45\" src=\"https:\/\/hochzeitsfotograf-bb.de\/wp-content\/uploads\/2019\/12\/jm1306-640x480.jpg\" data-envira-src=\"https:\/\/hochzeitsfotograf-bb.de\/wp-content\/uploads\/2019\/12\/jm1306-640x480.jpg\" data-envira-gallery-id=\"1475\" data-envira-item-id=\"1524\" data-envira-caption=\"jm1306\" alt=\"\" title=\"jm1306\"  itemprop=\"thumbnailUrl\" data-envira-srcset=\"https:\/\/hochzeitsfotograf-bb.de\/wp-content\/uploads\/2019\/12\/jm1306-640x480.jpg 400w,https:\/\/hochzeitsfotograf-bb.de\/wp-content\/uploads\/2019\/12\/jm1306-640x480.jpg 2x\" data-envira-width=\"300\" data-envira-height=\"200\" srcset=\"data:image\/gif;base64,R0lGODlhAQABAIAAAP\/\/\/\/\/\/\/yH5BAEKAAEALAAAAAABAAEAAAICTAEAOw==\" data-safe-src=\"data:image\/gif;base64,R0lGODlhAQABAIAAAP\/\/\/\/\/\/\/yH5BAEKAAEALAAAAAABAAEAAAICTAEAOw==\" \/><\/a><\/div><\/div><div id=\"envira-gallery-item-1509\" class=\"envira-gallery-item enviratope-item envira-gallery-item-46 envira-lazy-load\" style=\"padding-left: 1px; padding-bottom: 1px; padding-right: 1px;\"  itemscope itemtype=\"https:\/\/schema.org\/ImageObject\"><div class=\"envira-gallery-item-inner\"><div class=\"envira-gallery-position-overlay  envira-gallery-top-left\"><\/div><div class=\"envira-gallery-position-overlay  envira-gallery-top-right\"><\/div><div class=\"envira-gallery-position-overlay  envira-gallery-bottom-left\"><\/div><div class=\"envira-gallery-position-overlay  envira-gallery-bottom-right\"><\/div><a href=\"https:\/\/hochzeitsfotograf-bb.de\/wp-content\/uploads\/2019\/12\/ej0415.jpg\" class=\"envira-gallery-1475 envira-gallery-link\" rel=\"enviragallery1475\" title=\"ej0415\" data-envira-caption=\"ej0415\" data-envira-retina=\"\" data-thumbnail=\"\"  itemprop=\"contentUrl\"><img decoding=\"async\" id=\"envira-gallery-image-1509\" class=\"envira-gallery-image envira-gallery-image-46 envira-normal envira-lazy\" data-envira-index=\"46\" src=\"https:\/\/hochzeitsfotograf-bb.de\/wp-content\/uploads\/2019\/12\/ej0415-640x480.jpg\" data-envira-src=\"https:\/\/hochzeitsfotograf-bb.de\/wp-content\/uploads\/2019\/12\/ej0415-640x480.jpg\" data-envira-gallery-id=\"1475\" data-envira-item-id=\"1509\" data-envira-caption=\"ej0415\" alt=\"\" title=\"ej0415\"  itemprop=\"thumbnailUrl\" data-envira-srcset=\"https:\/\/hochzeitsfotograf-bb.de\/wp-content\/uploads\/2019\/12\/ej0415-640x480.jpg 400w,https:\/\/hochzeitsfotograf-bb.de\/wp-content\/uploads\/2019\/12\/ej0415-640x480.jpg 2x\" data-envira-width=\"300\" data-envira-height=\"200\" srcset=\"data:image\/gif;base64,R0lGODlhAQABAIAAAP\/\/\/\/\/\/\/yH5BAEKAAEALAAAAAABAAEAAAICTAEAOw==\" data-safe-src=\"data:image\/gif;base64,R0lGODlhAQABAIAAAP\/\/\/\/\/\/\/yH5BAEKAAEALAAAAAABAAEAAAICTAEAOw==\" \/><\/a><\/div><\/div><div id=\"envira-gallery-item-1513\" class=\"envira-gallery-item enviratope-item envira-gallery-item-47 envira-lazy-load\" style=\"padding-left: 1px; padding-bottom: 1px; padding-right: 1px;\"  itemscope itemtype=\"https:\/\/schema.org\/ImageObject\"><div class=\"envira-gallery-item-inner\"><div class=\"envira-gallery-position-overlay  envira-gallery-top-left\"><\/div><div class=\"envira-gallery-position-overlay  envira-gallery-top-right\"><\/div><div class=\"envira-gallery-position-overlay  envira-gallery-bottom-left\"><\/div><div class=\"envira-gallery-position-overlay  envira-gallery-bottom-right\"><\/div><a href=\"https:\/\/hochzeitsfotograf-bb.de\/wp-content\/uploads\/2019\/12\/IMG_4267.jpg\" class=\"envira-gallery-1475 envira-gallery-link\" rel=\"enviragallery1475\" title=\"IMG_4267\" data-envira-caption=\"IMG_4267\" data-envira-retina=\"\" data-thumbnail=\"\"  itemprop=\"contentUrl\"><img decoding=\"async\" id=\"envira-gallery-image-1513\" class=\"envira-gallery-image envira-gallery-image-47 envira-normal envira-lazy\" data-envira-index=\"47\" src=\"https:\/\/hochzeitsfotograf-bb.de\/wp-content\/uploads\/2019\/12\/IMG_4267-640x480.jpg\" data-envira-src=\"https:\/\/hochzeitsfotograf-bb.de\/wp-content\/uploads\/2019\/12\/IMG_4267-640x480.jpg\" data-envira-gallery-id=\"1475\" data-envira-item-id=\"1513\" data-envira-caption=\"IMG_4267\" alt=\"\" title=\"IMG_4267\"  itemprop=\"thumbnailUrl\" data-envira-srcset=\"https:\/\/hochzeitsfotograf-bb.de\/wp-content\/uploads\/2019\/12\/IMG_4267-640x480.jpg 400w,https:\/\/hochzeitsfotograf-bb.de\/wp-content\/uploads\/2019\/12\/IMG_4267-640x480.jpg 2x\" data-envira-width=\"300\" data-envira-height=\"300\" srcset=\"data:image\/gif;base64,R0lGODlhAQABAIAAAP\/\/\/\/\/\/\/yH5BAEKAAEALAAAAAABAAEAAAICTAEAOw==\" data-safe-src=\"data:image\/gif;base64,R0lGODlhAQABAIAAAP\/\/\/\/\/\/\/yH5BAEKAAEALAAAAAABAAEAAAICTAEAOw==\" \/><\/a><\/div><\/div><div id=\"envira-gallery-item-1511\" class=\"envira-gallery-item enviratope-item envira-gallery-item-48 envira-lazy-load\" style=\"padding-left: 1px; padding-bottom: 1px; padding-right: 1px;\"  itemscope itemtype=\"https:\/\/schema.org\/ImageObject\"><div class=\"envira-gallery-item-inner\"><div class=\"envira-gallery-position-overlay  envira-gallery-top-left\"><\/div><div class=\"envira-gallery-position-overlay  envira-gallery-top-right\"><\/div><div class=\"envira-gallery-position-overlay  envira-gallery-bottom-left\"><\/div><div class=\"envira-gallery-position-overlay  envira-gallery-bottom-right\"><\/div><a href=\"https:\/\/hochzeitsfotograf-bb.de\/wp-content\/uploads\/2019\/12\/im3684.jpg\" class=\"envira-gallery-1475 envira-gallery-link\" rel=\"enviragallery1475\" title=\"Hochzeitstanz Isi &amp;amp;amp; Manu\" data-envira-caption=\"Hochzeitstanz Isi &amp;amp;amp; Manu\" data-envira-retina=\"\" data-thumbnail=\"\"  itemprop=\"contentUrl\"><img decoding=\"async\" id=\"envira-gallery-image-1511\" class=\"envira-gallery-image envira-gallery-image-48 envira-normal envira-lazy\" data-envira-index=\"48\" src=\"https:\/\/hochzeitsfotograf-bb.de\/wp-content\/uploads\/2019\/12\/im3684-640x480.jpg\" data-envira-src=\"https:\/\/hochzeitsfotograf-bb.de\/wp-content\/uploads\/2019\/12\/im3684-640x480.jpg\" data-envira-gallery-id=\"1475\" data-envira-item-id=\"1511\" data-envira-caption=\"Hochzeitstanz Isi &amp;amp;amp; Manu\" alt=\"Hochzeitstanz, Hochzeitsfotograf, Ludwigsburg, Benjamin Knoblauch\" title=\"Hochzeitstanz Isi &amp;amp; Manu\"  itemprop=\"thumbnailUrl\" data-envira-srcset=\"https:\/\/hochzeitsfotograf-bb.de\/wp-content\/uploads\/2019\/12\/im3684-640x480.jpg 400w,https:\/\/hochzeitsfotograf-bb.de\/wp-content\/uploads\/2019\/12\/im3684-640x480.jpg 2x\" data-envira-width=\"300\" data-envira-height=\"200\" srcset=\"data:image\/gif;base64,R0lGODlhAQABAIAAAP\/\/\/\/\/\/\/yH5BAEKAAEALAAAAAABAAEAAAICTAEAOw==\" data-safe-src=\"data:image\/gif;base64,R0lGODlhAQABAIAAAP\/\/\/\/\/\/\/yH5BAEKAAEALAAAAAABAAEAAAICTAEAOw==\" \/><\/a><\/div><\/div><div id=\"envira-gallery-item-1512\" class=\"envira-gallery-item enviratope-item envira-gallery-item-49 envira-lazy-load\" style=\"padding-left: 1px; padding-bottom: 1px; padding-right: 1px;\"  itemscope itemtype=\"https:\/\/schema.org\/ImageObject\"><div class=\"envira-gallery-item-inner\"><div class=\"envira-gallery-position-overlay  envira-gallery-top-left\"><\/div><div class=\"envira-gallery-position-overlay  envira-gallery-top-right\"><\/div><div class=\"envira-gallery-position-overlay  envira-gallery-bottom-left\"><\/div><div class=\"envira-gallery-position-overlay  envira-gallery-bottom-right\"><\/div><a href=\"https:\/\/hochzeitsfotograf-bb.de\/wp-content\/uploads\/2019\/12\/im3725.jpg\" class=\"envira-gallery-1475 envira-gallery-link\" rel=\"enviragallery1475\" title=\"Hochzeitstanz Isi &amp;amp;amp; Manu\" data-envira-caption=\"Hochzeitstanz Isi &amp;amp;amp; Manu\" data-envira-retina=\"\" data-thumbnail=\"\"  itemprop=\"contentUrl\"><img decoding=\"async\" id=\"envira-gallery-image-1512\" class=\"envira-gallery-image envira-gallery-image-49 envira-normal envira-lazy\" data-envira-index=\"49\" src=\"https:\/\/hochzeitsfotograf-bb.de\/wp-content\/uploads\/2019\/12\/im3725-640x480.jpg\" data-envira-src=\"https:\/\/hochzeitsfotograf-bb.de\/wp-content\/uploads\/2019\/12\/im3725-640x480.jpg\" data-envira-gallery-id=\"1475\" data-envira-item-id=\"1512\" data-envira-caption=\"Hochzeitstanz Isi &amp;amp;amp; Manu\" alt=\"Hochzeitstanz, Hochzeitsfotograf, Ludwigsburg, Benjamin Knoblauch\" title=\"Hochzeitstanz Isi &amp;amp; Manu\"  itemprop=\"thumbnailUrl\" data-envira-srcset=\"https:\/\/hochzeitsfotograf-bb.de\/wp-content\/uploads\/2019\/12\/im3725-640x480.jpg 400w,https:\/\/hochzeitsfotograf-bb.de\/wp-content\/uploads\/2019\/12\/im3725-640x480.jpg 2x\" data-envira-width=\"300\" data-envira-height=\"200\" srcset=\"data:image\/gif;base64,R0lGODlhAQABAIAAAP\/\/\/\/\/\/\/yH5BAEKAAEALAAAAAABAAEAAAICTAEAOw==\" data-safe-src=\"data:image\/gif;base64,R0lGODlhAQABAIAAAP\/\/\/\/\/\/\/yH5BAEKAAEALAAAAAABAAEAAAICTAEAOw==\" \/><\/a><\/div><\/div><div id=\"envira-gallery-item-1523\" class=\"envira-gallery-item enviratope-item envira-gallery-item-50 envira-lazy-load\" style=\"padding-left: 1px; padding-bottom: 1px; padding-right: 1px;\"  itemscope itemtype=\"https:\/\/schema.org\/ImageObject\"><div class=\"envira-gallery-item-inner\"><div class=\"envira-gallery-position-overlay  envira-gallery-top-left\"><\/div><div class=\"envira-gallery-position-overlay  envira-gallery-top-right\"><\/div><div class=\"envira-gallery-position-overlay  envira-gallery-bottom-left\"><\/div><div class=\"envira-gallery-position-overlay  envira-gallery-bottom-right\"><\/div><a href=\"https:\/\/hochzeitsfotograf-bb.de\/wp-content\/uploads\/2019\/12\/jg4910.jpg\" class=\"envira-gallery-1475 envira-gallery-link\" rel=\"enviragallery1475\" title=\"Hochzeitstanz auf Schloss Eberstein\" data-envira-caption=\"Hochzeitstanz auf Schloss Eberstein\" data-envira-retina=\"\" data-thumbnail=\"\"  itemprop=\"contentUrl\"><img decoding=\"async\" id=\"envira-gallery-image-1523\" class=\"envira-gallery-image envira-gallery-image-50 envira-normal envira-lazy\" data-envira-index=\"50\" src=\"https:\/\/hochzeitsfotograf-bb.de\/wp-content\/uploads\/2019\/12\/jg4910-640x480.jpg\" data-envira-src=\"https:\/\/hochzeitsfotograf-bb.de\/wp-content\/uploads\/2019\/12\/jg4910-640x480.jpg\" data-envira-gallery-id=\"1475\" data-envira-item-id=\"1523\" data-envira-caption=\"Hochzeitstanz auf Schloss Eberstein\" alt=\"schloss eberstein, schwarzwald, hochzeit, hochzeitstanz, hochzeitsfotograf, party\" title=\"Hochzeitstanz auf Schloss Eberstein\"  itemprop=\"thumbnailUrl\" data-envira-srcset=\"https:\/\/hochzeitsfotograf-bb.de\/wp-content\/uploads\/2019\/12\/jg4910-640x480.jpg 400w,https:\/\/hochzeitsfotograf-bb.de\/wp-content\/uploads\/2019\/12\/jg4910-640x480.jpg 2x\" data-envira-width=\"300\" data-envira-height=\"200\" srcset=\"data:image\/gif;base64,R0lGODlhAQABAIAAAP\/\/\/\/\/\/\/yH5BAEKAAEALAAAAAABAAEAAAICTAEAOw==\" data-safe-src=\"data:image\/gif;base64,R0lGODlhAQABAIAAAP\/\/\/\/\/\/\/yH5BAEKAAEALAAAAAABAAEAAAICTAEAOw==\" \/><\/a><\/div><\/div><div id=\"envira-gallery-item-1535\" class=\"envira-gallery-item enviratope-item envira-gallery-item-51 envira-lazy-load\" style=\"padding-left: 1px; padding-bottom: 1px; padding-right: 1px;\"  itemscope itemtype=\"https:\/\/schema.org\/ImageObject\"><div class=\"envira-gallery-item-inner\"><div class=\"envira-gallery-position-overlay  envira-gallery-top-left\"><\/div><div class=\"envira-gallery-position-overlay  envira-gallery-top-right\"><\/div><div class=\"envira-gallery-position-overlay  envira-gallery-bottom-left\"><\/div><div class=\"envira-gallery-position-overlay  envira-gallery-bottom-right\"><\/div><a href=\"https:\/\/hochzeitsfotograf-bb.de\/wp-content\/uploads\/2019\/12\/jg3628.jpg\" class=\"envira-gallery-1475 envira-gallery-link\" rel=\"enviragallery1475\" title=\"jg3628\" data-envira-caption=\"jg3628\" data-envira-retina=\"\" data-thumbnail=\"\"  itemprop=\"contentUrl\"><img decoding=\"async\" id=\"envira-gallery-image-1535\" class=\"envira-gallery-image envira-gallery-image-51 envira-normal envira-lazy\" data-envira-index=\"51\" src=\"https:\/\/hochzeitsfotograf-bb.de\/wp-content\/uploads\/2019\/12\/jg3628-640x480.jpg\" data-envira-src=\"https:\/\/hochzeitsfotograf-bb.de\/wp-content\/uploads\/2019\/12\/jg3628-640x480.jpg\" data-envira-gallery-id=\"1475\" data-envira-item-id=\"1535\" data-envira-caption=\"jg3628\" alt=\"schloss eberstein, schwarzwald, hochzeit, essen, hochzeitsfotograf, vorspeise\" title=\"jg3628\"  itemprop=\"thumbnailUrl\" data-envira-srcset=\"https:\/\/hochzeitsfotograf-bb.de\/wp-content\/uploads\/2019\/12\/jg3628-640x480.jpg 400w,https:\/\/hochzeitsfotograf-bb.de\/wp-content\/uploads\/2019\/12\/jg3628-640x480.jpg 2x\" data-envira-width=\"300\" data-envira-height=\"200\" srcset=\"data:image\/gif;base64,R0lGODlhAQABAIAAAP\/\/\/\/\/\/\/yH5BAEKAAEALAAAAAABAAEAAAICTAEAOw==\" data-safe-src=\"data:image\/gif;base64,R0lGODlhAQABAIAAAP\/\/\/\/\/\/\/yH5BAEKAAEALAAAAAABAAEAAAICTAEAOw==\" \/><\/a><\/div><\/div><div id=\"envira-gallery-item-1939\" class=\"envira-gallery-item enviratope-item envira-gallery-item-52 envira-lazy-load\" style=\"padding-left: 1px; padding-bottom: 1px; padding-right: 1px;\"  itemscope itemtype=\"https:\/\/schema.org\/ImageObject\"><div class=\"envira-gallery-item-inner\"><div class=\"envira-gallery-position-overlay  envira-gallery-top-left\"><\/div><div class=\"envira-gallery-position-overlay  envira-gallery-top-right\"><\/div><div class=\"envira-gallery-position-overlay  envira-gallery-bottom-left\"><\/div><div class=\"envira-gallery-position-overlay  envira-gallery-bottom-right\"><\/div><a href=\"https:\/\/hochzeitsfotograf-bb.de\/wp-content\/uploads\/2019\/12\/nt1482.jpg\" class=\"envira-gallery-1475 envira-gallery-link\" rel=\"enviragallery1475\" title=\"nt1482\" data-envira-caption=\"nt1482\" data-envira-retina=\"\" data-thumbnail=\"\"  itemprop=\"contentUrl\"><img decoding=\"async\" id=\"envira-gallery-image-1939\" class=\"envira-gallery-image envira-gallery-image-52 envira-normal envira-lazy\" data-envira-index=\"52\" src=\"https:\/\/hochzeitsfotograf-bb.de\/wp-content\/uploads\/2019\/12\/nt1482-1024x683-640x480.jpg\" data-envira-src=\"https:\/\/hochzeitsfotograf-bb.de\/wp-content\/uploads\/2019\/12\/nt1482-1024x683-640x480.jpg\" data-envira-gallery-id=\"1475\" data-envira-item-id=\"1939\" data-envira-caption=\"nt1482\" alt=\"Schlosshotel Stonsdorf, Hochzeit, Hochzeitsfotograf, Benjamin Knoblauch, fotoknobi, weddingphotographer, palac staniszow, jelenia gora\" title=\"nt1482\"  itemprop=\"thumbnailUrl\" data-envira-srcset=\"https:\/\/hochzeitsfotograf-bb.de\/wp-content\/uploads\/2019\/12\/nt1482-1024x683-640x480.jpg 400w,https:\/\/hochzeitsfotograf-bb.de\/wp-content\/uploads\/2019\/12\/nt1482-1024x683-640x480.jpg 2x\" data-envira-width=\"300\" data-envira-height=\"200\" srcset=\"data:image\/gif;base64,R0lGODlhAQABAIAAAP\/\/\/\/\/\/\/yH5BAEKAAEALAAAAAABAAEAAAICTAEAOw==\" data-safe-src=\"data:image\/gif;base64,R0lGODlhAQABAIAAAP\/\/\/\/\/\/\/yH5BAEKAAEALAAAAAABAAEAAAICTAEAOw==\" \/><\/a><\/div><\/div><div id=\"envira-gallery-item-1938\" class=\"envira-gallery-item enviratope-item envira-gallery-item-53 envira-lazy-load\" style=\"padding-left: 1px; padding-bottom: 1px; padding-right: 1px;\"  itemscope itemtype=\"https:\/\/schema.org\/ImageObject\"><div class=\"envira-gallery-item-inner\"><div class=\"envira-gallery-position-overlay  envira-gallery-top-left\"><\/div><div class=\"envira-gallery-position-overlay  envira-gallery-top-right\"><\/div><div class=\"envira-gallery-position-overlay  envira-gallery-bottom-left\"><\/div><div class=\"envira-gallery-position-overlay  envira-gallery-bottom-right\"><\/div><a href=\"https:\/\/hochzeitsfotograf-bb.de\/wp-content\/uploads\/2019\/12\/nt1486.jpg\" class=\"envira-gallery-1475 envira-gallery-link\" rel=\"enviragallery1475\" title=\"nt1486\" data-envira-caption=\"nt1486\" data-envira-retina=\"\" data-thumbnail=\"\"  itemprop=\"contentUrl\"><img decoding=\"async\" id=\"envira-gallery-image-1938\" class=\"envira-gallery-image envira-gallery-image-53 envira-normal envira-lazy\" data-envira-index=\"53\" src=\"https:\/\/hochzeitsfotograf-bb.de\/wp-content\/uploads\/2019\/12\/nt1486-1024x683-640x480.jpg\" data-envira-src=\"https:\/\/hochzeitsfotograf-bb.de\/wp-content\/uploads\/2019\/12\/nt1486-1024x683-640x480.jpg\" data-envira-gallery-id=\"1475\" data-envira-item-id=\"1938\" data-envira-caption=\"nt1486\" alt=\"Schlosshotel Stonsdorf, Hochzeit, Hochzeitsfotograf, Benjamin Knoblauch, fotoknobi, weddingphotographer, palac staniszow, jelenia gora\" title=\"nt1486\"  itemprop=\"thumbnailUrl\" data-envira-srcset=\"https:\/\/hochzeitsfotograf-bb.de\/wp-content\/uploads\/2019\/12\/nt1486-1024x683-640x480.jpg 400w,https:\/\/hochzeitsfotograf-bb.de\/wp-content\/uploads\/2019\/12\/nt1486-1024x683-640x480.jpg 2x\" data-envira-width=\"300\" data-envira-height=\"200\" srcset=\"data:image\/gif;base64,R0lGODlhAQABAIAAAP\/\/\/\/\/\/\/yH5BAEKAAEALAAAAAABAAEAAAICTAEAOw==\" data-safe-src=\"data:image\/gif;base64,R0lGODlhAQABAIAAAP\/\/\/\/\/\/\/yH5BAEKAAEALAAAAAABAAEAAAICTAEAOw==\" \/><\/a><\/div><\/div><div id=\"envira-gallery-item-1940\" class=\"envira-gallery-item enviratope-item envira-gallery-item-54 envira-lazy-load\" style=\"padding-left: 1px; padding-bottom: 1px; padding-right: 1px;\"  itemscope itemtype=\"https:\/\/schema.org\/ImageObject\"><div class=\"envira-gallery-item-inner\"><div class=\"envira-gallery-position-overlay  envira-gallery-top-left\"><\/div><div class=\"envira-gallery-position-overlay  envira-gallery-top-right\"><\/div><div class=\"envira-gallery-position-overlay  envira-gallery-bottom-left\"><\/div><div class=\"envira-gallery-position-overlay  envira-gallery-bottom-right\"><\/div><a href=\"https:\/\/hochzeitsfotograf-bb.de\/wp-content\/uploads\/2019\/12\/nt1538.jpg\" class=\"envira-gallery-1475 envira-gallery-link\" rel=\"enviragallery1475\" title=\"nt1538\" data-envira-caption=\"nt1538\" data-envira-retina=\"\" data-thumbnail=\"\"  itemprop=\"contentUrl\"><img decoding=\"async\" id=\"envira-gallery-image-1940\" class=\"envira-gallery-image envira-gallery-image-54 envira-normal envira-lazy\" data-envira-index=\"54\" src=\"https:\/\/hochzeitsfotograf-bb.de\/wp-content\/uploads\/2019\/12\/nt1538-1024x683-640x480.jpg\" data-envira-src=\"https:\/\/hochzeitsfotograf-bb.de\/wp-content\/uploads\/2019\/12\/nt1538-1024x683-640x480.jpg\" data-envira-gallery-id=\"1475\" data-envira-item-id=\"1940\" data-envira-caption=\"nt1538\" alt=\"Schlosshotel Stonsdorf, Hochzeit, Hochzeitsfotograf, Benjamin Knoblauch, fotoknobi, weddingphotographer, palac staniszow, jelenia gora\" title=\"nt1538\"  itemprop=\"thumbnailUrl\" data-envira-srcset=\"https:\/\/hochzeitsfotograf-bb.de\/wp-content\/uploads\/2019\/12\/nt1538-1024x683-640x480.jpg 400w,https:\/\/hochzeitsfotograf-bb.de\/wp-content\/uploads\/2019\/12\/nt1538-1024x683-640x480.jpg 2x\" data-envira-width=\"300\" data-envira-height=\"200\" srcset=\"data:image\/gif;base64,R0lGODlhAQABAIAAAP\/\/\/\/\/\/\/yH5BAEKAAEALAAAAAABAAEAAAICTAEAOw==\" data-safe-src=\"data:image\/gif;base64,R0lGODlhAQABAIAAAP\/\/\/\/\/\/\/yH5BAEKAAEALAAAAAABAAEAAAICTAEAOw==\" \/><\/a><\/div><\/div><div id=\"envira-gallery-item-1913\" class=\"envira-gallery-item enviratope-item envira-gallery-item-55 envira-lazy-load\" style=\"padding-left: 1px; padding-bottom: 1px; padding-right: 1px;\"  itemscope itemtype=\"https:\/\/schema.org\/ImageObject\"><div class=\"envira-gallery-item-inner\"><div class=\"envira-gallery-position-overlay  envira-gallery-top-left\"><\/div><div class=\"envira-gallery-position-overlay  envira-gallery-top-right\"><\/div><div class=\"envira-gallery-position-overlay  envira-gallery-bottom-left\"><\/div><div class=\"envira-gallery-position-overlay  envira-gallery-bottom-right\"><\/div><a href=\"https:\/\/hochzeitsfotograf-bb.de\/wp-content\/uploads\/2019\/12\/nt1653.jpg\" class=\"envira-gallery-1475 envira-gallery-link\" rel=\"enviragallery1475\" title=\"nt1653\" data-envira-caption=\"nt1653\" data-envira-retina=\"\" data-thumbnail=\"\"  itemprop=\"contentUrl\"><img decoding=\"async\" id=\"envira-gallery-image-1913\" class=\"envira-gallery-image envira-gallery-image-55 envira-normal envira-lazy\" data-envira-index=\"55\" src=\"https:\/\/hochzeitsfotograf-bb.de\/wp-content\/uploads\/2019\/12\/nt1653-1024x683-640x480.jpg\" data-envira-src=\"https:\/\/hochzeitsfotograf-bb.de\/wp-content\/uploads\/2019\/12\/nt1653-1024x683-640x480.jpg\" data-envira-gallery-id=\"1475\" data-envira-item-id=\"1913\" data-envira-caption=\"nt1653\" alt=\"Schlosshotel Stonsdorf, Hochzeit, Hochzeitsfotograf, Benjamin Knoblauch, fotoknobi, weddingphotographer, palac staniszow, jelenia gora\" title=\"nt1653\"  itemprop=\"thumbnailUrl\" data-envira-srcset=\"https:\/\/hochzeitsfotograf-bb.de\/wp-content\/uploads\/2019\/12\/nt1653-1024x683-640x480.jpg 400w,https:\/\/hochzeitsfotograf-bb.de\/wp-content\/uploads\/2019\/12\/nt1653-1024x683-640x480.jpg 2x\" data-envira-width=\"300\" data-envira-height=\"200\" srcset=\"data:image\/gif;base64,R0lGODlhAQABAIAAAP\/\/\/\/\/\/\/yH5BAEKAAEALAAAAAABAAEAAAICTAEAOw==\" data-safe-src=\"data:image\/gif;base64,R0lGODlhAQABAIAAAP\/\/\/\/\/\/\/yH5BAEKAAEALAAAAAABAAEAAAICTAEAOw==\" \/><\/a><\/div><\/div><div id=\"envira-gallery-item-1507\" class=\"envira-gallery-item enviratope-item envira-gallery-item-56 envira-lazy-load\" style=\"padding-left: 1px; padding-bottom: 1px; padding-right: 1px;\"  itemscope itemtype=\"https:\/\/schema.org\/ImageObject\"><div class=\"envira-gallery-item-inner\"><div class=\"envira-gallery-position-overlay  envira-gallery-top-left\"><\/div><div class=\"envira-gallery-position-overlay  envira-gallery-top-right\"><\/div><div class=\"envira-gallery-position-overlay  envira-gallery-bottom-left\"><\/div><div class=\"envira-gallery-position-overlay  envira-gallery-bottom-right\"><\/div><a href=\"https:\/\/hochzeitsfotograf-bb.de\/wp-content\/uploads\/2019\/12\/dw0585.jpg\" class=\"envira-gallery-1475 envira-gallery-link\" rel=\"enviragallery1475\" title=\"dw0585\" data-envira-caption=\"dw0585\" data-envira-retina=\"\" data-thumbnail=\"\"  itemprop=\"contentUrl\"><img decoding=\"async\" id=\"envira-gallery-image-1507\" class=\"envira-gallery-image envira-gallery-image-56 envira-normal envira-lazy\" data-envira-index=\"56\" src=\"https:\/\/hochzeitsfotograf-bb.de\/wp-content\/uploads\/2019\/12\/dw0585-640x480.jpg\" data-envira-src=\"https:\/\/hochzeitsfotograf-bb.de\/wp-content\/uploads\/2019\/12\/dw0585-640x480.jpg\" data-envira-gallery-id=\"1475\" data-envira-item-id=\"1507\" data-envira-caption=\"dw0585\" alt=\"\" title=\"dw0585\"  itemprop=\"thumbnailUrl\" data-envira-srcset=\"https:\/\/hochzeitsfotograf-bb.de\/wp-content\/uploads\/2019\/12\/dw0585-640x480.jpg 400w,https:\/\/hochzeitsfotograf-bb.de\/wp-content\/uploads\/2019\/12\/dw0585-640x480.jpg 2x\" data-envira-width=\"240\" data-envira-height=\"300\" srcset=\"data:image\/gif;base64,R0lGODlhAQABAIAAAP\/\/\/\/\/\/\/yH5BAEKAAEALAAAAAABAAEAAAICTAEAOw==\" data-safe-src=\"data:image\/gif;base64,R0lGODlhAQABAIAAAP\/\/\/\/\/\/\/yH5BAEKAAEALAAAAAABAAEAAAICTAEAOw==\" \/><\/a><\/div><\/div><div id=\"envira-gallery-item-1937\" class=\"envira-gallery-item enviratope-item envira-gallery-item-57 envira-lazy-load\" style=\"padding-left: 1px; padding-bottom: 1px; padding-right: 1px;\"  itemscope itemtype=\"https:\/\/schema.org\/ImageObject\"><div class=\"envira-gallery-item-inner\"><div class=\"envira-gallery-position-overlay  envira-gallery-top-left\"><\/div><div class=\"envira-gallery-position-overlay  envira-gallery-top-right\"><\/div><div class=\"envira-gallery-position-overlay  envira-gallery-bottom-left\"><\/div><div class=\"envira-gallery-position-overlay  envira-gallery-bottom-right\"><\/div><a href=\"https:\/\/hochzeitsfotograf-bb.de\/wp-content\/uploads\/2019\/12\/nc1813.jpg\" class=\"envira-gallery-1475 envira-gallery-link\" rel=\"enviragallery1475\" title=\"nc1813\" data-envira-caption=\"nc1813\" data-envira-retina=\"\" data-thumbnail=\"\"  itemprop=\"contentUrl\"><img decoding=\"async\" id=\"envira-gallery-image-1937\" class=\"envira-gallery-image envira-gallery-image-57 envira-normal envira-lazy\" data-envira-index=\"57\" src=\"https:\/\/hochzeitsfotograf-bb.de\/wp-content\/uploads\/2019\/12\/nc1813-1024x683-640x480.jpg\" data-envira-src=\"https:\/\/hochzeitsfotograf-bb.de\/wp-content\/uploads\/2019\/12\/nc1813-1024x683-640x480.jpg\" data-envira-gallery-id=\"1475\" data-envira-item-id=\"1937\" data-envira-caption=\"nc1813\" alt=\"Granai Certosa Societ\u00e0 Agricola Snc, pavia, wedding, Granai Certosa, milan, weddingphotographer, hochzeitsfotograf, fotograf, benjamin knoblauch,\" title=\"nc1813\"  itemprop=\"thumbnailUrl\" data-envira-srcset=\"https:\/\/hochzeitsfotograf-bb.de\/wp-content\/uploads\/2019\/12\/nc1813-1024x683-640x480.jpg 400w,https:\/\/hochzeitsfotograf-bb.de\/wp-content\/uploads\/2019\/12\/nc1813-1024x683-640x480.jpg 2x\" data-envira-width=\"300\" data-envira-height=\"200\" srcset=\"data:image\/gif;base64,R0lGODlhAQABAIAAAP\/\/\/\/\/\/\/yH5BAEKAAEALAAAAAABAAEAAAICTAEAOw==\" data-safe-src=\"data:image\/gif;base64,R0lGODlhAQABAIAAAP\/\/\/\/\/\/\/yH5BAEKAAEALAAAAAABAAEAAAICTAEAOw==\" \/><\/a><\/div><\/div><div id=\"envira-gallery-item-1935\" class=\"envira-gallery-item enviratope-item envira-gallery-item-58 envira-lazy-load\" style=\"padding-left: 1px; padding-bottom: 1px; padding-right: 1px;\"  itemscope itemtype=\"https:\/\/schema.org\/ImageObject\"><div class=\"envira-gallery-item-inner\"><div class=\"envira-gallery-position-overlay  envira-gallery-top-left\"><\/div><div class=\"envira-gallery-position-overlay  envira-gallery-top-right\"><\/div><div class=\"envira-gallery-position-overlay  envira-gallery-bottom-left\"><\/div><div class=\"envira-gallery-position-overlay  envira-gallery-bottom-right\"><\/div><a href=\"https:\/\/hochzeitsfotograf-bb.de\/wp-content\/uploads\/2019\/12\/nc2821.jpg\" class=\"envira-gallery-1475 envira-gallery-link\" rel=\"enviragallery1475\" title=\"nc2821\" data-envira-caption=\"nc2821\" data-envira-retina=\"\" data-thumbnail=\"\"  itemprop=\"contentUrl\"><img decoding=\"async\" id=\"envira-gallery-image-1935\" class=\"envira-gallery-image envira-gallery-image-58 envira-normal envira-lazy\" data-envira-index=\"58\" src=\"https:\/\/hochzeitsfotograf-bb.de\/wp-content\/uploads\/2019\/12\/nc2821-1024x683-640x480.jpg\" data-envira-src=\"https:\/\/hochzeitsfotograf-bb.de\/wp-content\/uploads\/2019\/12\/nc2821-1024x683-640x480.jpg\" data-envira-gallery-id=\"1475\" data-envira-item-id=\"1935\" data-envira-caption=\"nc2821\" alt=\"Granai Certosa Societ\u00e0 Agricola Snc, pavia, wedding, Granai Certosa, milan, weddingphotographer, hochzeitsfotograf, fotograf, benjamin knoblauch,\" title=\"nc2821\"  itemprop=\"thumbnailUrl\" data-envira-srcset=\"https:\/\/hochzeitsfotograf-bb.de\/wp-content\/uploads\/2019\/12\/nc2821-1024x683-640x480.jpg 400w,https:\/\/hochzeitsfotograf-bb.de\/wp-content\/uploads\/2019\/12\/nc2821-1024x683-640x480.jpg 2x\" data-envira-width=\"300\" data-envira-height=\"200\" srcset=\"data:image\/gif;base64,R0lGODlhAQABAIAAAP\/\/\/\/\/\/\/yH5BAEKAAEALAAAAAABAAEAAAICTAEAOw==\" data-safe-src=\"data:image\/gif;base64,R0lGODlhAQABAIAAAP\/\/\/\/\/\/\/yH5BAEKAAEALAAAAAABAAEAAAICTAEAOw==\" \/><\/a><\/div><\/div><div id=\"envira-gallery-item-1936\" class=\"envira-gallery-item enviratope-item envira-gallery-item-59 envira-lazy-load\" style=\"padding-left: 1px; padding-bottom: 1px; padding-right: 1px;\"  itemscope itemtype=\"https:\/\/schema.org\/ImageObject\"><div class=\"envira-gallery-item-inner\"><div class=\"envira-gallery-position-overlay  envira-gallery-top-left\"><\/div><div class=\"envira-gallery-position-overlay  envira-gallery-top-right\"><\/div><div class=\"envira-gallery-position-overlay  envira-gallery-bottom-left\"><\/div><div class=\"envira-gallery-position-overlay  envira-gallery-bottom-right\"><\/div><a href=\"https:\/\/hochzeitsfotograf-bb.de\/wp-content\/uploads\/2019\/12\/nc1868.jpg\" class=\"envira-gallery-1475 envira-gallery-link\" rel=\"enviragallery1475\" title=\"Granai Certosa Societ&agrave; Agricola Snc\" data-envira-caption=\"Granai Certosa Societ&agrave; Agricola Snc\" data-envira-retina=\"\" data-thumbnail=\"\"  itemprop=\"contentUrl\"><img decoding=\"async\" id=\"envira-gallery-image-1936\" class=\"envira-gallery-image envira-gallery-image-59 envira-normal envira-lazy\" data-envira-index=\"59\" src=\"https:\/\/hochzeitsfotograf-bb.de\/wp-content\/uploads\/2019\/12\/nc1868-1024x683-640x480.jpg\" data-envira-src=\"https:\/\/hochzeitsfotograf-bb.de\/wp-content\/uploads\/2019\/12\/nc1868-1024x683-640x480.jpg\" data-envira-gallery-id=\"1475\" data-envira-item-id=\"1936\" data-envira-caption=\"Granai Certosa Societ&agrave; Agricola Snc\" alt=\"Granai Certosa Societ\u00e0 Agricola Snc, pavia, wedding, Granai Certosa, milan, weddingphotographer, hochzeitsfotograf, fotograf, benjamin knoblauch,\" title=\"Granai Certosa Societ\u00e0 Agricola Snc\"  itemprop=\"thumbnailUrl\" data-envira-srcset=\"https:\/\/hochzeitsfotograf-bb.de\/wp-content\/uploads\/2019\/12\/nc1868-1024x683-640x480.jpg 400w,https:\/\/hochzeitsfotograf-bb.de\/wp-content\/uploads\/2019\/12\/nc1868-1024x683-640x480.jpg 2x\" data-envira-width=\"300\" data-envira-height=\"200\" srcset=\"data:image\/gif;base64,R0lGODlhAQABAIAAAP\/\/\/\/\/\/\/yH5BAEKAAEALAAAAAABAAEAAAICTAEAOw==\" data-safe-src=\"data:image\/gif;base64,R0lGODlhAQABAIAAAP\/\/\/\/\/\/\/yH5BAEKAAEALAAAAAABAAEAAAICTAEAOw==\" \/><\/a><\/div><\/div><div id=\"envira-gallery-item-1480\" class=\"envira-gallery-item enviratope-item envira-gallery-item-60 envira-lazy-load\" style=\"padding-left: 1px; padding-bottom: 1px; padding-right: 1px;\"  itemscope itemtype=\"https:\/\/schema.org\/ImageObject\"><div class=\"envira-gallery-item-inner\"><div class=\"envira-gallery-position-overlay  envira-gallery-top-left\"><\/div><div class=\"envira-gallery-position-overlay  envira-gallery-top-right\"><\/div><div class=\"envira-gallery-position-overlay  envira-gallery-bottom-left\"><\/div><div class=\"envira-gallery-position-overlay  envira-gallery-bottom-right\"><\/div><a href=\"https:\/\/hochzeitsfotograf-bb.de\/wp-content\/uploads\/2019\/12\/ld0021.jpg\" class=\"envira-gallery-1475 envira-gallery-link\" rel=\"enviragallery1475\" title=\"ld0021\" data-envira-caption=\"ld0021\" data-envira-retina=\"\" data-thumbnail=\"\"  itemprop=\"contentUrl\"><img decoding=\"async\" id=\"envira-gallery-image-1480\" class=\"envira-gallery-image envira-gallery-image-60 envira-normal envira-lazy\" data-envira-index=\"60\" src=\"https:\/\/hochzeitsfotograf-bb.de\/wp-content\/uploads\/2019\/12\/ld0021-640x480.jpg\" data-envira-src=\"https:\/\/hochzeitsfotograf-bb.de\/wp-content\/uploads\/2019\/12\/ld0021-640x480.jpg\" data-envira-gallery-id=\"1475\" data-envira-item-id=\"1480\" data-envira-caption=\"ld0021\" alt=\"\" title=\"ld0021\"  itemprop=\"thumbnailUrl\" data-envira-srcset=\"https:\/\/hochzeitsfotograf-bb.de\/wp-content\/uploads\/2019\/12\/ld0021-640x480.jpg 400w,https:\/\/hochzeitsfotograf-bb.de\/wp-content\/uploads\/2019\/12\/ld0021-640x480.jpg 2x\" data-envira-width=\"300\" data-envira-height=\"200\" srcset=\"data:image\/gif;base64,R0lGODlhAQABAIAAAP\/\/\/\/\/\/\/yH5BAEKAAEALAAAAAABAAEAAAICTAEAOw==\" data-safe-src=\"data:image\/gif;base64,R0lGODlhAQABAIAAAP\/\/\/\/\/\/\/yH5BAEKAAEALAAAAAABAAEAAAICTAEAOw==\" \/><\/a><\/div><\/div><div id=\"envira-gallery-item-1481\" class=\"envira-gallery-item enviratope-item envira-gallery-item-61 envira-lazy-load\" style=\"padding-left: 1px; padding-bottom: 1px; padding-right: 1px;\"  itemscope itemtype=\"https:\/\/schema.org\/ImageObject\"><div class=\"envira-gallery-item-inner\"><div class=\"envira-gallery-position-overlay  envira-gallery-top-left\"><\/div><div class=\"envira-gallery-position-overlay  envira-gallery-top-right\"><\/div><div class=\"envira-gallery-position-overlay  envira-gallery-bottom-left\"><\/div><div class=\"envira-gallery-position-overlay  envira-gallery-bottom-right\"><\/div><a href=\"https:\/\/hochzeitsfotograf-bb.de\/wp-content\/uploads\/2019\/12\/ld0024.jpg\" class=\"envira-gallery-1475 envira-gallery-link\" rel=\"enviragallery1475\" title=\"ld0024\" data-envira-caption=\"ld0024\" data-envira-retina=\"\" data-thumbnail=\"\"  itemprop=\"contentUrl\"><img decoding=\"async\" id=\"envira-gallery-image-1481\" class=\"envira-gallery-image envira-gallery-image-61 envira-normal envira-lazy\" data-envira-index=\"61\" src=\"https:\/\/hochzeitsfotograf-bb.de\/wp-content\/uploads\/2019\/12\/ld0024-640x480.jpg\" data-envira-src=\"https:\/\/hochzeitsfotograf-bb.de\/wp-content\/uploads\/2019\/12\/ld0024-640x480.jpg\" data-envira-gallery-id=\"1475\" data-envira-item-id=\"1481\" data-envira-caption=\"ld0024\" alt=\"\" title=\"ld0024\"  itemprop=\"thumbnailUrl\" data-envira-srcset=\"https:\/\/hochzeitsfotograf-bb.de\/wp-content\/uploads\/2019\/12\/ld0024-640x480.jpg 400w,https:\/\/hochzeitsfotograf-bb.de\/wp-content\/uploads\/2019\/12\/ld0024-640x480.jpg 2x\" data-envira-width=\"300\" data-envira-height=\"200\" srcset=\"data:image\/gif;base64,R0lGODlhAQABAIAAAP\/\/\/\/\/\/\/yH5BAEKAAEALAAAAAABAAEAAAICTAEAOw==\" data-safe-src=\"data:image\/gif;base64,R0lGODlhAQABAIAAAP\/\/\/\/\/\/\/yH5BAEKAAEALAAAAAABAAEAAAICTAEAOw==\" \/><\/a><\/div><\/div><div id=\"envira-gallery-item-1915\" class=\"envira-gallery-item enviratope-item envira-gallery-item-62 envira-lazy-load\" style=\"padding-left: 1px; padding-bottom: 1px; padding-right: 1px;\"  itemscope itemtype=\"https:\/\/schema.org\/ImageObject\"><div class=\"envira-gallery-item-inner\"><div class=\"envira-gallery-position-overlay  envira-gallery-top-left\"><\/div><div class=\"envira-gallery-position-overlay  envira-gallery-top-right\"><\/div><div class=\"envira-gallery-position-overlay  envira-gallery-bottom-left\"><\/div><div class=\"envira-gallery-position-overlay  envira-gallery-bottom-right\"><\/div><a href=\"https:\/\/hochzeitsfotograf-bb.de\/wp-content\/uploads\/2019\/12\/sa0135.jpg\" class=\"envira-gallery-1475 envira-gallery-link\" rel=\"enviragallery1475\" title=\"sa0135\" data-envira-caption=\"sa0135\" data-envira-retina=\"\" data-thumbnail=\"\"  itemprop=\"contentUrl\"><img decoding=\"async\" id=\"envira-gallery-image-1915\" class=\"envira-gallery-image envira-gallery-image-62 envira-normal envira-lazy\" data-envira-index=\"62\" src=\"https:\/\/hochzeitsfotograf-bb.de\/wp-content\/uploads\/2019\/12\/sa0135-1024x683-640x480.jpg\" data-envira-src=\"https:\/\/hochzeitsfotograf-bb.de\/wp-content\/uploads\/2019\/12\/sa0135-1024x683-640x480.jpg\" data-envira-gallery-id=\"1475\" data-envira-item-id=\"1915\" data-envira-caption=\"sa0135\" alt=\"\" title=\"sa0135\"  itemprop=\"thumbnailUrl\" data-envira-srcset=\"https:\/\/hochzeitsfotograf-bb.de\/wp-content\/uploads\/2019\/12\/sa0135-1024x683-640x480.jpg 400w,https:\/\/hochzeitsfotograf-bb.de\/wp-content\/uploads\/2019\/12\/sa0135-1024x683-640x480.jpg 2x\" data-envira-width=\"300\" data-envira-height=\"200\" srcset=\"data:image\/gif;base64,R0lGODlhAQABAIAAAP\/\/\/\/\/\/\/yH5BAEKAAEALAAAAAABAAEAAAICTAEAOw==\" data-safe-src=\"data:image\/gif;base64,R0lGODlhAQABAIAAAP\/\/\/\/\/\/\/yH5BAEKAAEALAAAAAABAAEAAAICTAEAOw==\" \/><\/a><\/div><\/div><div id=\"envira-gallery-item-1912\" class=\"envira-gallery-item enviratope-item envira-gallery-item-63 envira-lazy-load\" style=\"padding-left: 1px; padding-bottom: 1px; padding-right: 1px;\"  itemscope itemtype=\"https:\/\/schema.org\/ImageObject\"><div class=\"envira-gallery-item-inner\"><div class=\"envira-gallery-position-overlay  envira-gallery-top-left\"><\/div><div class=\"envira-gallery-position-overlay  envira-gallery-top-right\"><\/div><div class=\"envira-gallery-position-overlay  envira-gallery-bottom-left\"><\/div><div class=\"envira-gallery-position-overlay  envira-gallery-bottom-right\"><\/div><a href=\"https:\/\/hochzeitsfotograf-bb.de\/wp-content\/uploads\/2019\/12\/mt0579.jpg\" class=\"envira-gallery-1475 envira-gallery-link\" rel=\"enviragallery1475\" title=\"mt0579\" data-envira-caption=\"mt0579\" data-envira-retina=\"\" data-thumbnail=\"\"  itemprop=\"contentUrl\"><img decoding=\"async\" id=\"envira-gallery-image-1912\" class=\"envira-gallery-image envira-gallery-image-63 envira-normal envira-lazy\" data-envira-index=\"63\" src=\"https:\/\/hochzeitsfotograf-bb.de\/wp-content\/uploads\/2019\/12\/mt0579-1024x683-640x480.jpg\" data-envira-src=\"https:\/\/hochzeitsfotograf-bb.de\/wp-content\/uploads\/2019\/12\/mt0579-1024x683-640x480.jpg\" data-envira-gallery-id=\"1475\" data-envira-item-id=\"1912\" data-envira-caption=\"mt0579\" alt=\"\" title=\"mt0579\"  itemprop=\"thumbnailUrl\" data-envira-srcset=\"https:\/\/hochzeitsfotograf-bb.de\/wp-content\/uploads\/2019\/12\/mt0579-1024x683-640x480.jpg 400w,https:\/\/hochzeitsfotograf-bb.de\/wp-content\/uploads\/2019\/12\/mt0579-1024x683-640x480.jpg 2x\" data-envira-width=\"300\" data-envira-height=\"200\" srcset=\"data:image\/gif;base64,R0lGODlhAQABAIAAAP\/\/\/\/\/\/\/yH5BAEKAAEALAAAAAABAAEAAAICTAEAOw==\" data-safe-src=\"data:image\/gif;base64,R0lGODlhAQABAIAAAP\/\/\/\/\/\/\/yH5BAEKAAEALAAAAAABAAEAAAICTAEAOw==\" \/><\/a><\/div><\/div><\/div><\/div><noscript><img decoding=\"async\" src=\"https:\/\/hochzeitsfotograf-bb.de\/wp-content\/uploads\/2019\/12\/jt1752.jpg\" alt=\"hochzeitsfotograf, burg stettenfels, fotoshooting, brautpaar, benjamin knoblauch\" \/><img decoding=\"async\" src=\"https:\/\/hochzeitsfotograf-bb.de\/wp-content\/uploads\/2019\/12\/jt1818.jpg\" alt=\"hochzeitsfotograf, burg stettenfels, fotoshooting, brautpaar, benjamin knoblauch\" \/><img decoding=\"async\" src=\"https:\/\/hochzeitsfotograf-bb.de\/wp-content\/uploads\/2019\/12\/vs0228.jpg\" alt=\"hochzeitsfotograf, sindelfingen, schw\u00e4bische alb, b\u00f6blingen, fotoshooting, brautpaar, benjamin knoblauch\" \/><img decoding=\"async\" src=\"https:\/\/hochzeitsfotograf-bb.de\/wp-content\/uploads\/2019\/12\/vs0343.jpg\" alt=\"hochzeitsfotograf, sindelfingen, schw\u00e4bische alb, b\u00f6blingen, fotoshooting, brautpaar, benjamin knoblauch\" \/><img decoding=\"async\" src=\"https:\/\/hochzeitsfotograf-bb.de\/wp-content\/uploads\/2019\/12\/vs0500.jpg\" alt=\"hochzeitsfotograf, sindelfingen, schw\u00e4bische alb, b\u00f6blingen, fotoshooting, brautpaar, benjamin knoblauch\" \/><img decoding=\"async\" src=\"https:\/\/hochzeitsfotograf-bb.de\/wp-content\/uploads\/2019\/12\/vs0502.jpg\" alt=\"hochzeitsfotograf, sindelfingen, schw\u00e4bische alb, b\u00f6blingen, fotoshooting, brautpaar, benjamin knoblauch\" \/><img decoding=\"async\" src=\"https:\/\/hochzeitsfotograf-bb.de\/wp-content\/uploads\/2019\/12\/vs0513.jpg\" alt=\"hochzeitsfotograf, sindelfingen, schw\u00e4bische alb, b\u00f6blingen, fotoshooting, brautpaar, benjamin knoblauch, maisenburg\" \/><img decoding=\"async\" src=\"https:\/\/hochzeitsfotograf-bb.de\/wp-content\/uploads\/2019\/12\/vs0549.jpg\" alt=\"hochzeitsfotograf hofgut maisenburg, maisenburg, schw\u00e4bische alb, benjamin knoblauch\" \/><img decoding=\"async\" src=\"https:\/\/hochzeitsfotograf-bb.de\/wp-content\/uploads\/2019\/12\/sisi0142.jpg\" alt=\"First Look Fotoshooting im Remstal\" \/><img decoding=\"async\" src=\"https:\/\/hochzeitsfotograf-bb.de\/wp-content\/uploads\/2019\/12\/sisi0147.jpg\" alt=\"First Look Fotoshooting im Remstal\" \/><img decoding=\"async\" src=\"https:\/\/hochzeitsfotograf-bb.de\/wp-content\/uploads\/2019\/12\/sisi0149.jpg\" alt=\"First Look Fotoshooting im Remstal\" \/><img decoding=\"async\" src=\"https:\/\/hochzeitsfotograf-bb.de\/wp-content\/uploads\/2019\/12\/sisi0153.jpg\" alt=\"First Look Fotoshooting im Remstal\" \/><img decoding=\"async\" src=\"https:\/\/hochzeitsfotograf-bb.de\/wp-content\/uploads\/2019\/12\/sisi0432.jpg\" alt=\"Hochzeitsfotografie in der Natur in Stuttgart\" \/><img decoding=\"async\" src=\"https:\/\/hochzeitsfotograf-bb.de\/wp-content\/uploads\/2019\/12\/jg0390.jpg\" alt=\"hochzeitsfotograf baden-baden, schloss eberstein, schwarzwald, benjamin knoblauch\" \/><img decoding=\"async\" src=\"https:\/\/hochzeitsfotograf-bb.de\/wp-content\/uploads\/2019\/12\/jg2083.jpg\" alt=\"hochzeitsfotograf baden-baden, schloss eberstein, schwarzwald, benjamin knoblauch\" \/><img decoding=\"async\" src=\"https:\/\/hochzeitsfotograf-bb.de\/wp-content\/uploads\/2019\/12\/jg2103.jpg\" alt=\"hochzeitsfotograf baden-baden, schloss eberstein, schwarzwald, benjamin knoblauch\" \/><img decoding=\"async\" src=\"https:\/\/hochzeitsfotograf-bb.de\/wp-content\/uploads\/2019\/12\/jg2592.jpg\" alt=\"hochzeitsfotograf baden-baden, schloss eberstein, schwarzwald, benjamin knoblauch\" \/><img decoding=\"async\" src=\"https:\/\/hochzeitsfotograf-bb.de\/wp-content\/uploads\/2019\/12\/jg2856.jpg\" alt=\"hochzeitsfotograf baden-baden, schloss eberstein, schwarzwald, benjamin knoblauch\" \/><img decoding=\"async\" src=\"https:\/\/hochzeitsfotograf-bb.de\/wp-content\/uploads\/2019\/12\/jg3294.jpg\" alt=\"hochzeitsfotograf, schloss eberstein, hochzeit, fotoshooting, fotograf, brautpaar, benjamin knoblauch\" \/><img decoding=\"async\" src=\"https:\/\/hochzeitsfotograf-bb.de\/wp-content\/uploads\/2019\/12\/jg3331.jpg\" alt=\"hochzeitsfotograf, schloss eberstein, schwarzwald, fotoshooting, fotograf, brautpaar, benjamin knoblauch\" \/><img decoding=\"async\" src=\"https:\/\/hochzeitsfotograf-bb.de\/wp-content\/uploads\/2019\/12\/ld2055.jpg\" alt=\"Hochzeitsfotografie auf einer Streuobstwiese im Gro\u00dfraum Stuttgart\" \/><img decoding=\"async\" src=\"https:\/\/hochzeitsfotograf-bb.de\/wp-content\/uploads\/2019\/12\/ld2188.jpg\" alt=\"Hochzeitsfotografie auf einer Streuobstwiese im Gro\u00dfraum Stuttgart\" \/><img decoding=\"async\" src=\"https:\/\/hochzeitsfotograf-bb.de\/wp-content\/uploads\/2019\/12\/ld2268.jpg\" alt=\"Hochzeitsfotografie auf einer Streuobstwiese im Gro\u00dfraum Stuttgart\" \/><img decoding=\"async\" src=\"https:\/\/hochzeitsfotograf-bb.de\/wp-content\/uploads\/2019\/12\/ld2376.jpg\" alt=\"Hochzeitsfotografie im Gro\u00dfraum Stuttgart mit G-Klasse\" \/><img decoding=\"async\" src=\"https:\/\/hochzeitsfotograf-bb.de\/wp-content\/uploads\/2019\/12\/sf0802.jpg\" alt=\"Brautpaar beim Fotoshooting am Hochzeitstag in der Natur\" \/><img decoding=\"async\" src=\"https:\/\/hochzeitsfotograf-bb.de\/wp-content\/uploads\/2019\/12\/nc0803.jpg\" alt=\"Hochzeitsfotograf Eselsm\u00fchle Stuttgart, Brautpaar, Fotoshooting, Natur\" \/><img decoding=\"async\" src=\"https:\/\/hochzeitsfotograf-bb.de\/wp-content\/uploads\/2019\/12\/ej0337.jpg\" alt=\"hochzeitsfotograf, brautpaar, schloss solitude, sonnenaufgang, fotoshooting, benjamin knoblauch, herbst\" \/><img decoding=\"async\" src=\"https:\/\/hochzeitsfotograf-bb.de\/wp-content\/uploads\/2024\/11\/winterhochzeit_stuttgart_benjamin-knoblauch.jpg\" alt=\"fotograf stuttgart, hochzeit, winter, sonne, fotoshooting, hochzeitsfotograf\" \/><img decoding=\"async\" src=\"https:\/\/hochzeitsfotograf-bb.de\/wp-content\/uploads\/2025\/01\/fg_1727.jpg\" alt=\"Brautpaar beim Fotoshooting in der Altstadt von Magstadt im Sommer mit Hochzeitsfotograf Benjamin Knoblauch von www.hochzeitsfotograf-bb.de\" \/><img decoding=\"async\" src=\"https:\/\/hochzeitsfotograf-bb.de\/wp-content\/uploads\/2019\/12\/rs1298.jpg\" alt=\"\" \/><img decoding=\"async\" src=\"https:\/\/hochzeitsfotograf-bb.de\/wp-content\/uploads\/2019\/12\/jasminkevin.jpg\" alt=\"hochzeitsfotograf, b\u00f6blingen, fotoknobi, benjamin knoblauch, brautpaar, paarshooting, brautkleid, braut, brautstrau\u00df\" \/><img decoding=\"async\" src=\"https:\/\/hochzeitsfotograf-bb.de\/wp-content\/uploads\/2019\/12\/nc1485.jpg\" alt=\"hochzeitsfotograf heilbronn, benjamin knoblauch, brautpaar, fotoshooting heilbronn,\" \/><img decoding=\"async\" src=\"https:\/\/hochzeitsfotograf-bb.de\/wp-content\/uploads\/2019\/12\/tz0338.jpg\" alt=\"\" \/><img decoding=\"async\" src=\"https:\/\/hochzeitsfotograf-bb.de\/wp-content\/uploads\/2019\/12\/vc0219.jpg\" alt=\"\" \/><img decoding=\"async\" src=\"https:\/\/hochzeitsfotograf-bb.de\/wp-content\/uploads\/2019\/12\/it0871.jpg\" alt=\"\" \/><img decoding=\"async\" src=\"https:\/\/hochzeitsfotograf-bb.de\/wp-content\/uploads\/2019\/12\/jasmintimo_mailand_dom.jpg\" alt=\"mailand, dom, sonnenaufgang, hochzeitsfotograf, wedding, photoshooting, milan, sunrise\" \/><img decoding=\"async\" src=\"https:\/\/hochzeitsfotograf-bb.de\/wp-content\/uploads\/2019\/12\/ld0392.jpg\" alt=\"\" \/><img decoding=\"async\" src=\"https:\/\/hochzeitsfotograf-bb.de\/wp-content\/uploads\/2019\/12\/jt0153.jpg\" alt=\"hochzeitsfotograf, getting ready, braut, trauzeugin, bridesmaid, sindelfingen, b\u00f6blingen, fotoshooting, benjamin knoblauch\" \/><img decoding=\"async\" src=\"https:\/\/hochzeitsfotograf-bb.de\/wp-content\/uploads\/2019\/12\/ld0242.jpg\" alt=\"hochzeitsfotograf, getting ready, braut, trauzeugin, bridesmaid, sindelfingen, b\u00f6blingen, fotoshooting, benjamin knoblauch\" \/><img decoding=\"async\" src=\"https:\/\/hochzeitsfotograf-bb.de\/wp-content\/uploads\/2019\/12\/jt0221.jpg\" alt=\"hochzeitsfotograf, getting ready, braut, trauzeugin, bridesmaid, sindelfingen, b\u00f6blingen, fotoshooting, benjamin knoblauch\" \/><img decoding=\"async\" src=\"https:\/\/hochzeitsfotograf-bb.de\/wp-content\/uploads\/2019\/12\/sd0613.jpg\" alt=\"b\u00f6blingen, marktplatz, fotoshooting, hochzeit, brautpaar, hochzeitsfotograf, stadtkirche,\" \/><img decoding=\"async\" src=\"https:\/\/hochzeitsfotograf-bb.de\/wp-content\/uploads\/2019\/12\/jt2245.jpg\" alt=\"\" \/><img decoding=\"async\" src=\"https:\/\/hochzeitsfotograf-bb.de\/wp-content\/uploads\/2019\/12\/uf2150.jpg\" alt=\"\" \/><img decoding=\"async\" src=\"https:\/\/hochzeitsfotograf-bb.de\/wp-content\/uploads\/2019\/12\/IMG_7991.jpg\" alt=\"\" \/><img decoding=\"async\" src=\"https:\/\/hochzeitsfotograf-bb.de\/wp-content\/uploads\/2019\/12\/jm1306.jpg\" alt=\"\" \/><img decoding=\"async\" src=\"https:\/\/hochzeitsfotograf-bb.de\/wp-content\/uploads\/2019\/12\/ej0415.jpg\" alt=\"\" \/><img decoding=\"async\" src=\"https:\/\/hochzeitsfotograf-bb.de\/wp-content\/uploads\/2019\/12\/IMG_4267.jpg\" alt=\"\" \/><img decoding=\"async\" src=\"https:\/\/hochzeitsfotograf-bb.de\/wp-content\/uploads\/2019\/12\/im3684.jpg\" alt=\"Hochzeitstanz, Hochzeitsfotograf, Ludwigsburg, Benjamin Knoblauch\" \/><img decoding=\"async\" src=\"https:\/\/hochzeitsfotograf-bb.de\/wp-content\/uploads\/2019\/12\/im3725.jpg\" alt=\"Hochzeitstanz, Hochzeitsfotograf, Ludwigsburg, Benjamin Knoblauch\" \/><img decoding=\"async\" src=\"https:\/\/hochzeitsfotograf-bb.de\/wp-content\/uploads\/2019\/12\/jg4910.jpg\" alt=\"schloss eberstein, schwarzwald, hochzeit, hochzeitstanz, hochzeitsfotograf, party\" \/><img decoding=\"async\" src=\"https:\/\/hochzeitsfotograf-bb.de\/wp-content\/uploads\/2019\/12\/jg3628.jpg\" alt=\"schloss eberstein, schwarzwald, hochzeit, essen, hochzeitsfotograf, vorspeise\" \/><img decoding=\"async\" src=\"https:\/\/hochzeitsfotograf-bb.de\/wp-content\/uploads\/2019\/12\/nt1482.jpg\" alt=\"Schlosshotel Stonsdorf, Hochzeit, Hochzeitsfotograf, Benjamin Knoblauch, fotoknobi, weddingphotographer, palac staniszow, jelenia gora\" \/><img decoding=\"async\" src=\"https:\/\/hochzeitsfotograf-bb.de\/wp-content\/uploads\/2019\/12\/nt1486.jpg\" alt=\"Schlosshotel Stonsdorf, Hochzeit, Hochzeitsfotograf, Benjamin Knoblauch, fotoknobi, weddingphotographer, palac staniszow, jelenia gora\" \/><img decoding=\"async\" src=\"https:\/\/hochzeitsfotograf-bb.de\/wp-content\/uploads\/2019\/12\/nt1538.jpg\" alt=\"Schlosshotel Stonsdorf, Hochzeit, Hochzeitsfotograf, Benjamin Knoblauch, fotoknobi, weddingphotographer, palac staniszow, jelenia gora\" \/><img decoding=\"async\" src=\"https:\/\/hochzeitsfotograf-bb.de\/wp-content\/uploads\/2019\/12\/nt1653.jpg\" alt=\"Schlosshotel Stonsdorf, Hochzeit, Hochzeitsfotograf, Benjamin Knoblauch, fotoknobi, weddingphotographer, palac staniszow, jelenia gora\" \/><img decoding=\"async\" src=\"https:\/\/hochzeitsfotograf-bb.de\/wp-content\/uploads\/2019\/12\/dw0585.jpg\" alt=\"\" \/><img decoding=\"async\" src=\"https:\/\/hochzeitsfotograf-bb.de\/wp-content\/uploads\/2019\/12\/nc1813.jpg\" alt=\"Granai Certosa Societ\u00e0 Agricola Snc, pavia, wedding, Granai Certosa, milan, weddingphotographer, hochzeitsfotograf, fotograf, benjamin knoblauch,\" \/><img decoding=\"async\" src=\"https:\/\/hochzeitsfotograf-bb.de\/wp-content\/uploads\/2019\/12\/nc2821.jpg\" alt=\"Granai Certosa Societ\u00e0 Agricola Snc, pavia, wedding, Granai Certosa, milan, weddingphotographer, hochzeitsfotograf, fotograf, benjamin knoblauch,\" \/><img decoding=\"async\" src=\"https:\/\/hochzeitsfotograf-bb.de\/wp-content\/uploads\/2019\/12\/nc1868.jpg\" alt=\"Granai Certosa Societ\u00e0 Agricola Snc, pavia, wedding, Granai Certosa, milan, weddingphotographer, hochzeitsfotograf, fotograf, benjamin knoblauch,\" \/><img decoding=\"async\" src=\"https:\/\/hochzeitsfotograf-bb.de\/wp-content\/uploads\/2019\/12\/ld0021.jpg\" alt=\"\" \/><img decoding=\"async\" src=\"https:\/\/hochzeitsfotograf-bb.de\/wp-content\/uploads\/2019\/12\/ld0024.jpg\" alt=\"\" \/><img decoding=\"async\" src=\"https:\/\/hochzeitsfotograf-bb.de\/wp-content\/uploads\/2019\/12\/sa0135.jpg\" alt=\"\" \/><img decoding=\"async\" src=\"https:\/\/hochzeitsfotograf-bb.de\/wp-content\/uploads\/2019\/12\/mt0579.jpg\" alt=\"\" \/><\/noscript><\/div>\n\n\n\n<p class=\"has-large-font-size\">Hallo, ich bin Benjamin, Hochzeitsfotograf aus Sindelfingen und begleite seit 2011 Hochzeiten oftmals im Landkreis B\u00f6blingen, G\u00f6ppingen, Stuttgart, T\u00fcbingen, Ludwigsburg und Esslingen jedoch auch europaweit u.a. war ich als Hochzeitsfotograf am Gardasee, in Mailand, an der C\u00f4te d\u2019Azur, am Ammersee, in Polen und in Monaco t\u00e4tig.<\/p>\n\n\n\n<h4 class=\"wp-block-heading\"><\/h4>\n\n\n\n<h2 class=\"wp-block-heading\">Hochzeitsreportage Sabrina &amp; Richard<\/h2>\n\n\n\n<figure class=\"wp-block-image size-large\" id=\"https:\/\/hochzeitsfotograf-bb.de\/?p=2007\"><a href=\"https:\/\/hochzeitsfotograf-bb.de\/?p=2007\" target=\"_blank\" rel=\"noreferrer noopener\"><img loading=\"lazy\" decoding=\"async\" width=\"1050\" height=\"700\" src=\"https:\/\/hochzeitsfotograf-bb.de\/wp-content\/uploads\/2023\/01\/sr-2224.jpg\" alt=\"\" class=\"wp-image-2057\" srcset=\"https:\/\/hochzeitsfotograf-bb.de\/wp-content\/uploads\/2023\/01\/sr-2224.jpg 1050w, https:\/\/hochzeitsfotograf-bb.de\/wp-content\/uploads\/2023\/01\/sr-2224-300x200.jpg 300w, https:\/\/hochzeitsfotograf-bb.de\/wp-content\/uploads\/2023\/01\/sr-2224-1024x683.jpg 1024w, https:\/\/hochzeitsfotograf-bb.de\/wp-content\/uploads\/2023\/01\/sr-2224-768x512.jpg 768w\" sizes=\"auto, (max-width: 1050px) 100vw, 1050px\" \/><\/a><\/figure>\n\n\n\n<p><\/p>\n\n\n\n<h2 class=\"wp-block-heading\">Engagementshooting<\/h2>\n\n\n\n<p><\/p>\n\n\n\n<div class=\"wp-block-envira-envira-gallery\"><div id=\"envira-gallery-wrap-1447\" class=\"envira-gallery-wrap envira-gallery-theme-base envira-lightbox-theme-base\" itemscope itemtype=\"https:\/\/schema.org\/ImageGallery\"><div data-row-height=\"150\" data-gallery-theme=\"normal\" id=\"envira-gallery-1447\" class=\"envira-gallery-public envira-gallery-justified-public envira-gallery-0-columns envira-clear enviratope envira-gallery-css-animations\" data-envira-columns=\"0\"><div id=\"envira-gallery-item-1460\" class=\"envira-gallery-item enviratope-item envira-gallery-item-1 envira-lazy-load\" style=\"padding-left: 1px; padding-bottom: 1px; padding-right: 1px;\"  itemscope itemtype=\"https:\/\/schema.org\/ImageObject\"><div class=\"envira-gallery-item-inner\"><div class=\"envira-gallery-position-overlay  envira-gallery-top-left\"><\/div><div class=\"envira-gallery-position-overlay  envira-gallery-top-right\"><\/div><div class=\"envira-gallery-position-overlay  envira-gallery-bottom-left\"><\/div><div class=\"envira-gallery-position-overlay  envira-gallery-bottom-right\"><\/div><a href=\"https:\/\/hochzeitsfotograf-bb.de\/wp-content\/uploads\/2019\/12\/IMG_0816.jpg\" class=\"envira-gallery-1447 envira-gallery-link\" rel=\"enviragallery1447\" title=\"IMG_0816\" data-envira-caption=\"IMG_0816\" data-envira-retina=\"\" data-thumbnail=\"\"  itemprop=\"contentUrl\"><img decoding=\"async\" id=\"envira-gallery-image-1460\" class=\"envira-gallery-image envira-gallery-image-1 envira-normal envira-lazy\" data-envira-index=\"1\" src=\"https:\/\/hochzeitsfotograf-bb.de\/wp-content\/uploads\/2019\/12\/IMG_0816-640x480.jpg\" data-envira-src=\"https:\/\/hochzeitsfotograf-bb.de\/wp-content\/uploads\/2019\/12\/IMG_0816-640x480.jpg\" data-envira-gallery-id=\"1447\" data-envira-item-id=\"1460\" data-envira-caption=\"IMG_0816\" alt=\"\" title=\"IMG_0816\"  itemprop=\"thumbnailUrl\" data-envira-srcset=\"https:\/\/hochzeitsfotograf-bb.de\/wp-content\/uploads\/2019\/12\/IMG_0816-640x480.jpg 400w,https:\/\/hochzeitsfotograf-bb.de\/wp-content\/uploads\/2019\/12\/IMG_0816-640x480.jpg 2x\" data-envira-width=\"300\" data-envira-height=\"240\" srcset=\"data:image\/gif;base64,R0lGODlhAQABAIAAAP\/\/\/\/\/\/\/yH5BAEKAAEALAAAAAABAAEAAAICTAEAOw==\" data-safe-src=\"data:image\/gif;base64,R0lGODlhAQABAIAAAP\/\/\/\/\/\/\/yH5BAEKAAEALAAAAAABAAEAAAICTAEAOw==\" \/><\/a><\/div><\/div><div id=\"envira-gallery-item-1461\" class=\"envira-gallery-item enviratope-item envira-gallery-item-2 envira-lazy-load\" style=\"padding-left: 1px; padding-bottom: 1px; padding-right: 1px;\"  itemscope itemtype=\"https:\/\/schema.org\/ImageObject\"><div class=\"envira-gallery-item-inner\"><div class=\"envira-gallery-position-overlay  envira-gallery-top-left\"><\/div><div class=\"envira-gallery-position-overlay  envira-gallery-top-right\"><\/div><div class=\"envira-gallery-position-overlay  envira-gallery-bottom-left\"><\/div><div class=\"envira-gallery-position-overlay  envira-gallery-bottom-right\"><\/div><a href=\"https:\/\/hochzeitsfotograf-bb.de\/wp-content\/uploads\/2019\/12\/IMG_0824.jpg\" class=\"envira-gallery-1447 envira-gallery-link\" rel=\"enviragallery1447\" title=\"IMG_0824\" data-envira-caption=\"IMG_0824\" data-envira-retina=\"\" data-thumbnail=\"\"  itemprop=\"contentUrl\"><img decoding=\"async\" id=\"envira-gallery-image-1461\" class=\"envira-gallery-image envira-gallery-image-2 envira-normal envira-lazy\" data-envira-index=\"2\" src=\"https:\/\/hochzeitsfotograf-bb.de\/wp-content\/uploads\/2019\/12\/IMG_0824-640x480.jpg\" data-envira-src=\"https:\/\/hochzeitsfotograf-bb.de\/wp-content\/uploads\/2019\/12\/IMG_0824-640x480.jpg\" data-envira-gallery-id=\"1447\" data-envira-item-id=\"1461\" data-envira-caption=\"IMG_0824\" alt=\"\" title=\"IMG_0824\"  itemprop=\"thumbnailUrl\" data-envira-srcset=\"https:\/\/hochzeitsfotograf-bb.de\/wp-content\/uploads\/2019\/12\/IMG_0824-640x480.jpg 400w,https:\/\/hochzeitsfotograf-bb.de\/wp-content\/uploads\/2019\/12\/IMG_0824-640x480.jpg 2x\" data-envira-width=\"300\" data-envira-height=\"240\" srcset=\"data:image\/gif;base64,R0lGODlhAQABAIAAAP\/\/\/\/\/\/\/yH5BAEKAAEALAAAAAABAAEAAAICTAEAOw==\" data-safe-src=\"data:image\/gif;base64,R0lGODlhAQABAIAAAP\/\/\/\/\/\/\/yH5BAEKAAEALAAAAAABAAEAAAICTAEAOw==\" \/><\/a><\/div><\/div><div id=\"envira-gallery-item-1448\" class=\"envira-gallery-item enviratope-item envira-gallery-item-3 envira-lazy-load\" style=\"padding-left: 1px; padding-bottom: 1px; padding-right: 1px;\"  itemscope itemtype=\"https:\/\/schema.org\/ImageObject\"><div class=\"envira-gallery-item-inner\"><div class=\"envira-gallery-position-overlay  envira-gallery-top-left\"><\/div><div class=\"envira-gallery-position-overlay  envira-gallery-top-right\"><\/div><div class=\"envira-gallery-position-overlay  envira-gallery-bottom-left\"><\/div><div class=\"envira-gallery-position-overlay  envira-gallery-bottom-right\"><\/div><a href=\"https:\/\/hochzeitsfotograf-bb.de\/wp-content\/uploads\/2019\/12\/IMG_0875.jpg\" class=\"envira-gallery-1447 envira-gallery-link\" rel=\"enviragallery1447\" title=\"IMG_0875\" data-envira-caption=\"IMG_0875\" data-envira-retina=\"\" data-thumbnail=\"\"  itemprop=\"contentUrl\"><img decoding=\"async\" id=\"envira-gallery-image-1448\" class=\"envira-gallery-image envira-gallery-image-3 envira-normal envira-lazy\" data-envira-index=\"3\" src=\"https:\/\/hochzeitsfotograf-bb.de\/wp-content\/uploads\/2019\/12\/IMG_0875-640x480.jpg\" data-envira-src=\"https:\/\/hochzeitsfotograf-bb.de\/wp-content\/uploads\/2019\/12\/IMG_0875-640x480.jpg\" data-envira-gallery-id=\"1447\" data-envira-item-id=\"1448\" data-envira-caption=\"IMG_0875\" alt=\"\" title=\"IMG_0875\"  itemprop=\"thumbnailUrl\" data-envira-srcset=\"https:\/\/hochzeitsfotograf-bb.de\/wp-content\/uploads\/2019\/12\/IMG_0875-640x480.jpg 400w,https:\/\/hochzeitsfotograf-bb.de\/wp-content\/uploads\/2019\/12\/IMG_0875-640x480.jpg 2x\" data-envira-width=\"240\" data-envira-height=\"300\" srcset=\"data:image\/gif;base64,R0lGODlhAQABAIAAAP\/\/\/\/\/\/\/yH5BAEKAAEALAAAAAABAAEAAAICTAEAOw==\" data-safe-src=\"data:image\/gif;base64,R0lGODlhAQABAIAAAP\/\/\/\/\/\/\/yH5BAEKAAEALAAAAAABAAEAAAICTAEAOw==\" \/><\/a><\/div><\/div><div id=\"envira-gallery-item-1449\" class=\"envira-gallery-item enviratope-item envira-gallery-item-4 envira-lazy-load\" style=\"padding-left: 1px; padding-bottom: 1px; padding-right: 1px;\"  itemscope itemtype=\"https:\/\/schema.org\/ImageObject\"><div class=\"envira-gallery-item-inner\"><div class=\"envira-gallery-position-overlay  envira-gallery-top-left\"><\/div><div class=\"envira-gallery-position-overlay  envira-gallery-top-right\"><\/div><div class=\"envira-gallery-position-overlay  envira-gallery-bottom-left\"><\/div><div class=\"envira-gallery-position-overlay  envira-gallery-bottom-right\"><\/div><a href=\"https:\/\/hochzeitsfotograf-bb.de\/wp-content\/uploads\/2019\/12\/IMG_0888.jpg\" class=\"envira-gallery-1447 envira-gallery-link\" rel=\"enviragallery1447\" title=\"IMG_0888\" data-envira-caption=\"IMG_0888\" data-envira-retina=\"\" data-thumbnail=\"\"  itemprop=\"contentUrl\"><img decoding=\"async\" id=\"envira-gallery-image-1449\" class=\"envira-gallery-image envira-gallery-image-4 envira-normal envira-lazy\" data-envira-index=\"4\" src=\"https:\/\/hochzeitsfotograf-bb.de\/wp-content\/uploads\/2019\/12\/IMG_0888-640x480.jpg\" data-envira-src=\"https:\/\/hochzeitsfotograf-bb.de\/wp-content\/uploads\/2019\/12\/IMG_0888-640x480.jpg\" data-envira-gallery-id=\"1447\" data-envira-item-id=\"1449\" data-envira-caption=\"IMG_0888\" alt=\"\" title=\"IMG_0888\"  itemprop=\"thumbnailUrl\" data-envira-srcset=\"https:\/\/hochzeitsfotograf-bb.de\/wp-content\/uploads\/2019\/12\/IMG_0888-640x480.jpg 400w,https:\/\/hochzeitsfotograf-bb.de\/wp-content\/uploads\/2019\/12\/IMG_0888-640x480.jpg 2x\" data-envira-width=\"240\" data-envira-height=\"300\" srcset=\"data:image\/gif;base64,R0lGODlhAQABAIAAAP\/\/\/\/\/\/\/yH5BAEKAAEALAAAAAABAAEAAAICTAEAOw==\" data-safe-src=\"data:image\/gif;base64,R0lGODlhAQABAIAAAP\/\/\/\/\/\/\/yH5BAEKAAEALAAAAAABAAEAAAICTAEAOw==\" \/><\/a><\/div><\/div><div id=\"envira-gallery-item-1713\" class=\"envira-gallery-item enviratope-item envira-gallery-item-5 envira-lazy-load\" style=\"padding-left: 1px; padding-bottom: 1px; padding-right: 1px;\"  itemscope itemtype=\"https:\/\/schema.org\/ImageObject\"><div class=\"envira-gallery-item-inner\"><div class=\"envira-gallery-position-overlay  envira-gallery-top-left\"><\/div><div class=\"envira-gallery-position-overlay  envira-gallery-top-right\"><\/div><div class=\"envira-gallery-position-overlay  envira-gallery-bottom-left\"><\/div><div class=\"envira-gallery-position-overlay  envira-gallery-bottom-right\"><\/div><a href=\"https:\/\/hochzeitsfotograf-bb.de\/wp-content\/uploads\/2019\/12\/IMG_0082-1.jpg\" class=\"envira-gallery-1447 envira-gallery-link\" rel=\"enviragallery1447\" title=\"IMG_0082\" data-envira-caption=\"IMG_0082\" data-envira-retina=\"\" data-thumbnail=\"\"  itemprop=\"contentUrl\"><img decoding=\"async\" id=\"envira-gallery-image-1713\" class=\"envira-gallery-image envira-gallery-image-5 envira-normal envira-lazy\" data-envira-index=\"5\" src=\"https:\/\/hochzeitsfotograf-bb.de\/wp-content\/uploads\/2019\/12\/IMG_0082-1-640x480.jpg\" data-envira-src=\"https:\/\/hochzeitsfotograf-bb.de\/wp-content\/uploads\/2019\/12\/IMG_0082-1-640x480.jpg\" data-envira-gallery-id=\"1447\" data-envira-item-id=\"1713\" data-envira-caption=\"IMG_0082\" alt=\"\" title=\"IMG_0082\"  itemprop=\"thumbnailUrl\" data-envira-srcset=\"https:\/\/hochzeitsfotograf-bb.de\/wp-content\/uploads\/2019\/12\/IMG_0082-1-640x480.jpg 400w,https:\/\/hochzeitsfotograf-bb.de\/wp-content\/uploads\/2019\/12\/IMG_0082-1-640x480.jpg 2x\" data-envira-width=\"300\" data-envira-height=\"200\" srcset=\"data:image\/gif;base64,R0lGODlhAQABAIAAAP\/\/\/\/\/\/\/yH5BAEKAAEALAAAAAABAAEAAAICTAEAOw==\" data-safe-src=\"data:image\/gif;base64,R0lGODlhAQABAIAAAP\/\/\/\/\/\/\/yH5BAEKAAEALAAAAAABAAEAAAICTAEAOw==\" \/><\/a><\/div><\/div><div id=\"envira-gallery-item-1712\" class=\"envira-gallery-item enviratope-item envira-gallery-item-6 envira-lazy-load\" style=\"padding-left: 1px; padding-bottom: 1px; padding-right: 1px;\"  itemscope itemtype=\"https:\/\/schema.org\/ImageObject\"><div class=\"envira-gallery-item-inner\"><div class=\"envira-gallery-position-overlay  envira-gallery-top-left\"><\/div><div class=\"envira-gallery-position-overlay  envira-gallery-top-right\"><\/div><div class=\"envira-gallery-position-overlay  envira-gallery-bottom-left\"><\/div><div class=\"envira-gallery-position-overlay  envira-gallery-bottom-right\"><\/div><a href=\"https:\/\/hochzeitsfotograf-bb.de\/wp-content\/uploads\/2019\/12\/IMG_0132.jpg\" class=\"envira-gallery-1447 envira-gallery-link\" rel=\"enviragallery1447\" title=\"IMG_0132\" data-envira-caption=\"IMG_0132\" data-envira-retina=\"\" data-thumbnail=\"\"  itemprop=\"contentUrl\"><img decoding=\"async\" id=\"envira-gallery-image-1712\" class=\"envira-gallery-image envira-gallery-image-6 envira-normal envira-lazy\" data-envira-index=\"6\" src=\"https:\/\/hochzeitsfotograf-bb.de\/wp-content\/uploads\/2019\/12\/IMG_0132-640x480.jpg\" data-envira-src=\"https:\/\/hochzeitsfotograf-bb.de\/wp-content\/uploads\/2019\/12\/IMG_0132-640x480.jpg\" data-envira-gallery-id=\"1447\" data-envira-item-id=\"1712\" data-envira-caption=\"IMG_0132\" alt=\"\" title=\"IMG_0132\"  itemprop=\"thumbnailUrl\" data-envira-srcset=\"https:\/\/hochzeitsfotograf-bb.de\/wp-content\/uploads\/2019\/12\/IMG_0132-640x480.jpg 400w,https:\/\/hochzeitsfotograf-bb.de\/wp-content\/uploads\/2019\/12\/IMG_0132-640x480.jpg 2x\" data-envira-width=\"300\" data-envira-height=\"200\" srcset=\"data:image\/gif;base64,R0lGODlhAQABAIAAAP\/\/\/\/\/\/\/yH5BAEKAAEALAAAAAABAAEAAAICTAEAOw==\" data-safe-src=\"data:image\/gif;base64,R0lGODlhAQABAIAAAP\/\/\/\/\/\/\/yH5BAEKAAEALAAAAAABAAEAAAICTAEAOw==\" \/><\/a><\/div><\/div><div id=\"envira-gallery-item-1714\" class=\"envira-gallery-item enviratope-item envira-gallery-item-7 envira-lazy-load\" style=\"padding-left: 1px; padding-bottom: 1px; padding-right: 1px;\"  itemscope itemtype=\"https:\/\/schema.org\/ImageObject\"><div class=\"envira-gallery-item-inner\"><div class=\"envira-gallery-position-overlay  envira-gallery-top-left\"><\/div><div class=\"envira-gallery-position-overlay  envira-gallery-top-right\"><\/div><div class=\"envira-gallery-position-overlay  envira-gallery-bottom-left\"><\/div><div class=\"envira-gallery-position-overlay  envira-gallery-bottom-right\"><\/div><a href=\"https:\/\/hochzeitsfotograf-bb.de\/wp-content\/uploads\/2019\/12\/IMG_0197-1.jpg\" class=\"envira-gallery-1447 envira-gallery-link\" rel=\"enviragallery1447\" title=\"IMG_0197\" data-envira-caption=\"IMG_0197\" data-envira-retina=\"\" data-thumbnail=\"\"  itemprop=\"contentUrl\"><img decoding=\"async\" id=\"envira-gallery-image-1714\" class=\"envira-gallery-image envira-gallery-image-7 envira-normal envira-lazy\" data-envira-index=\"7\" src=\"https:\/\/hochzeitsfotograf-bb.de\/wp-content\/uploads\/2019\/12\/IMG_0197-1-640x480.jpg\" data-envira-src=\"https:\/\/hochzeitsfotograf-bb.de\/wp-content\/uploads\/2019\/12\/IMG_0197-1-640x480.jpg\" data-envira-gallery-id=\"1447\" data-envira-item-id=\"1714\" data-envira-caption=\"IMG_0197\" alt=\"\" title=\"IMG_0197\"  itemprop=\"thumbnailUrl\" data-envira-srcset=\"https:\/\/hochzeitsfotograf-bb.de\/wp-content\/uploads\/2019\/12\/IMG_0197-1-640x480.jpg 400w,https:\/\/hochzeitsfotograf-bb.de\/wp-content\/uploads\/2019\/12\/IMG_0197-1-640x480.jpg 2x\" data-envira-width=\"300\" data-envira-height=\"200\" srcset=\"data:image\/gif;base64,R0lGODlhAQABAIAAAP\/\/\/\/\/\/\/yH5BAEKAAEALAAAAAABAAEAAAICTAEAOw==\" data-safe-src=\"data:image\/gif;base64,R0lGODlhAQABAIAAAP\/\/\/\/\/\/\/yH5BAEKAAEALAAAAAABAAEAAAICTAEAOw==\" \/><\/a><\/div><\/div><div id=\"envira-gallery-item-1752\" class=\"envira-gallery-item enviratope-item envira-gallery-item-8 envira-lazy-load\" style=\"padding-left: 1px; padding-bottom: 1px; padding-right: 1px;\"  itemscope itemtype=\"https:\/\/schema.org\/ImageObject\"><div class=\"envira-gallery-item-inner\"><div class=\"envira-gallery-position-overlay  envira-gallery-top-left\"><\/div><div class=\"envira-gallery-position-overlay  envira-gallery-top-right\"><\/div><div class=\"envira-gallery-position-overlay  envira-gallery-bottom-left\"><\/div><div class=\"envira-gallery-position-overlay  envira-gallery-bottom-right\"><\/div><a href=\"https:\/\/hochzeitsfotograf-bb.de\/wp-content\/uploads\/2019\/12\/IMG_5760.jpg\" class=\"envira-gallery-1447 envira-gallery-link\" rel=\"enviragallery1447\" title=\"IMG_5760\" data-envira-caption=\"IMG_5760\" data-envira-retina=\"\" data-thumbnail=\"\"  itemprop=\"contentUrl\"><img decoding=\"async\" id=\"envira-gallery-image-1752\" class=\"envira-gallery-image envira-gallery-image-8 envira-normal envira-lazy\" data-envira-index=\"8\" src=\"https:\/\/hochzeitsfotograf-bb.de\/wp-content\/uploads\/2019\/12\/IMG_5760-640x480.jpg\" data-envira-src=\"https:\/\/hochzeitsfotograf-bb.de\/wp-content\/uploads\/2019\/12\/IMG_5760-640x480.jpg\" data-envira-gallery-id=\"1447\" data-envira-item-id=\"1752\" data-envira-caption=\"IMG_5760\" alt=\"\" title=\"IMG_5760\"  itemprop=\"thumbnailUrl\" data-envira-srcset=\"https:\/\/hochzeitsfotograf-bb.de\/wp-content\/uploads\/2019\/12\/IMG_5760-640x480.jpg 400w,https:\/\/hochzeitsfotograf-bb.de\/wp-content\/uploads\/2019\/12\/IMG_5760-640x480.jpg 2x\" data-envira-width=\"300\" data-envira-height=\"200\" srcset=\"data:image\/gif;base64,R0lGODlhAQABAIAAAP\/\/\/\/\/\/\/yH5BAEKAAEALAAAAAABAAEAAAICTAEAOw==\" data-safe-src=\"data:image\/gif;base64,R0lGODlhAQABAIAAAP\/\/\/\/\/\/\/yH5BAEKAAEALAAAAAABAAEAAAICTAEAOw==\" \/><\/a><\/div><\/div><div id=\"envira-gallery-item-1754\" class=\"envira-gallery-item enviratope-item envira-gallery-item-9 envira-lazy-load\" style=\"padding-left: 1px; padding-bottom: 1px; padding-right: 1px;\"  itemscope itemtype=\"https:\/\/schema.org\/ImageObject\"><div class=\"envira-gallery-item-inner\"><div class=\"envira-gallery-position-overlay  envira-gallery-top-left\"><\/div><div class=\"envira-gallery-position-overlay  envira-gallery-top-right\"><\/div><div class=\"envira-gallery-position-overlay  envira-gallery-bottom-left\"><\/div><div class=\"envira-gallery-position-overlay  envira-gallery-bottom-right\"><\/div><a href=\"https:\/\/hochzeitsfotograf-bb.de\/wp-content\/uploads\/2019\/12\/IMG_5897.jpg\" class=\"envira-gallery-1447 envira-gallery-link\" rel=\"enviragallery1447\" title=\"IMG_5897\" data-envira-caption=\"IMG_5897\" data-envira-retina=\"\" data-thumbnail=\"\"  itemprop=\"contentUrl\"><img decoding=\"async\" id=\"envira-gallery-image-1754\" class=\"envira-gallery-image envira-gallery-image-9 envira-normal envira-lazy\" data-envira-index=\"9\" src=\"https:\/\/hochzeitsfotograf-bb.de\/wp-content\/uploads\/2019\/12\/IMG_5897-640x480.jpg\" data-envira-src=\"https:\/\/hochzeitsfotograf-bb.de\/wp-content\/uploads\/2019\/12\/IMG_5897-640x480.jpg\" data-envira-gallery-id=\"1447\" data-envira-item-id=\"1754\" data-envira-caption=\"IMG_5897\" alt=\"\" title=\"IMG_5897\"  itemprop=\"thumbnailUrl\" data-envira-srcset=\"https:\/\/hochzeitsfotograf-bb.de\/wp-content\/uploads\/2019\/12\/IMG_5897-640x480.jpg 400w,https:\/\/hochzeitsfotograf-bb.de\/wp-content\/uploads\/2019\/12\/IMG_5897-640x480.jpg 2x\" data-envira-width=\"300\" data-envira-height=\"200\" srcset=\"data:image\/gif;base64,R0lGODlhAQABAIAAAP\/\/\/\/\/\/\/yH5BAEKAAEALAAAAAABAAEAAAICTAEAOw==\" data-safe-src=\"data:image\/gif;base64,R0lGODlhAQABAIAAAP\/\/\/\/\/\/\/yH5BAEKAAEALAAAAAABAAEAAAICTAEAOw==\" \/><\/a><\/div><\/div><div id=\"envira-gallery-item-1755\" class=\"envira-gallery-item enviratope-item envira-gallery-item-10 envira-lazy-load\" style=\"padding-left: 1px; padding-bottom: 1px; padding-right: 1px;\"  itemscope itemtype=\"https:\/\/schema.org\/ImageObject\"><div class=\"envira-gallery-item-inner\"><div class=\"envira-gallery-position-overlay  envira-gallery-top-left\"><\/div><div class=\"envira-gallery-position-overlay  envira-gallery-top-right\"><\/div><div class=\"envira-gallery-position-overlay  envira-gallery-bottom-left\"><\/div><div class=\"envira-gallery-position-overlay  envira-gallery-bottom-right\"><\/div><a href=\"https:\/\/hochzeitsfotograf-bb.de\/wp-content\/uploads\/2019\/12\/IMG_5573.jpg\" class=\"envira-gallery-1447 envira-gallery-link\" rel=\"enviragallery1447\" title=\"IMG_5573\" data-envira-caption=\"IMG_5573\" data-envira-retina=\"\" data-thumbnail=\"\"  itemprop=\"contentUrl\"><img decoding=\"async\" id=\"envira-gallery-image-1755\" class=\"envira-gallery-image envira-gallery-image-10 envira-normal envira-lazy\" data-envira-index=\"10\" src=\"https:\/\/hochzeitsfotograf-bb.de\/wp-content\/uploads\/2019\/12\/IMG_5573-640x480.jpg\" data-envira-src=\"https:\/\/hochzeitsfotograf-bb.de\/wp-content\/uploads\/2019\/12\/IMG_5573-640x480.jpg\" data-envira-gallery-id=\"1447\" data-envira-item-id=\"1755\" data-envira-caption=\"IMG_5573\" alt=\"\" title=\"IMG_5573\"  itemprop=\"thumbnailUrl\" data-envira-srcset=\"https:\/\/hochzeitsfotograf-bb.de\/wp-content\/uploads\/2019\/12\/IMG_5573-640x480.jpg 400w,https:\/\/hochzeitsfotograf-bb.de\/wp-content\/uploads\/2019\/12\/IMG_5573-640x480.jpg 2x\" data-envira-width=\"300\" data-envira-height=\"240\" srcset=\"data:image\/gif;base64,R0lGODlhAQABAIAAAP\/\/\/\/\/\/\/yH5BAEKAAEALAAAAAABAAEAAAICTAEAOw==\" data-safe-src=\"data:image\/gif;base64,R0lGODlhAQABAIAAAP\/\/\/\/\/\/\/yH5BAEKAAEALAAAAAABAAEAAAICTAEAOw==\" \/><\/a><\/div><\/div><div id=\"envira-gallery-item-2205\" class=\"envira-gallery-item enviratope-item envira-gallery-item-11 envira-lazy-load\" style=\"padding-left: 1px; padding-bottom: 1px; padding-right: 1px;\"  itemscope itemtype=\"https:\/\/schema.org\/ImageObject\"><div class=\"envira-gallery-item-inner\"><div class=\"envira-gallery-position-overlay  envira-gallery-top-left\"><\/div><div class=\"envira-gallery-position-overlay  envira-gallery-top-right\"><\/div><div class=\"envira-gallery-position-overlay  envira-gallery-bottom-left\"><\/div><div class=\"envira-gallery-position-overlay  envira-gallery-bottom-right\"><\/div><a href=\"https:\/\/hochzeitsfotograf-bb.de\/wp-content\/uploads\/2019\/12\/engagementshooting_baden-baden_benjamin_knoblauch.jpg\" class=\"envira-gallery-1447 envira-gallery-link\" rel=\"enviragallery1447\" title=\"engagementshooting_baden-baden_benjamin_knoblauch\" data-envira-caption=\"engagementshooting_baden-baden_benjamin_knoblauch\" data-envira-retina=\"\" data-thumbnail=\"\"  itemprop=\"contentUrl\"><img decoding=\"async\" id=\"envira-gallery-image-2205\" class=\"envira-gallery-image envira-gallery-image-11 envira-normal envira-lazy\" data-envira-index=\"11\" src=\"https:\/\/hochzeitsfotograf-bb.de\/wp-content\/uploads\/2019\/12\/engagementshooting_baden-baden_benjamin_knoblauch-640x480.jpg\" data-envira-src=\"https:\/\/hochzeitsfotograf-bb.de\/wp-content\/uploads\/2019\/12\/engagementshooting_baden-baden_benjamin_knoblauch-640x480.jpg\" data-envira-gallery-id=\"1447\" data-envira-item-id=\"2205\" data-envira-caption=\"engagementshooting_baden-baden_benjamin_knoblauch\" alt=\"benjamin knoblauch, fotoshooting, baden-baden, hochzeitsfotograf, paarshooting, fotograf,\" title=\"engagementshooting_baden-baden_benjamin_knoblauch\"  itemprop=\"thumbnailUrl\" data-envira-srcset=\"https:\/\/hochzeitsfotograf-bb.de\/wp-content\/uploads\/2019\/12\/engagementshooting_baden-baden_benjamin_knoblauch-640x480.jpg 400w,https:\/\/hochzeitsfotograf-bb.de\/wp-content\/uploads\/2019\/12\/engagementshooting_baden-baden_benjamin_knoblauch-640x480.jpg 2x\" data-envira-width=\"300\" data-envira-height=\"240\" srcset=\"data:image\/gif;base64,R0lGODlhAQABAIAAAP\/\/\/\/\/\/\/yH5BAEKAAEALAAAAAABAAEAAAICTAEAOw==\" data-safe-src=\"data:image\/gif;base64,R0lGODlhAQABAIAAAP\/\/\/\/\/\/\/yH5BAEKAAEALAAAAAABAAEAAAICTAEAOw==\" \/><\/a><\/div><\/div><div id=\"envira-gallery-item-1450\" class=\"envira-gallery-item enviratope-item envira-gallery-item-12 envira-lazy-load\" style=\"padding-left: 1px; padding-bottom: 1px; padding-right: 1px;\"  itemscope itemtype=\"https:\/\/schema.org\/ImageObject\"><div class=\"envira-gallery-item-inner\"><div class=\"envira-gallery-position-overlay  envira-gallery-top-left\"><\/div><div class=\"envira-gallery-position-overlay  envira-gallery-top-right\"><\/div><div class=\"envira-gallery-position-overlay  envira-gallery-bottom-left\"><\/div><div class=\"envira-gallery-position-overlay  envira-gallery-bottom-right\"><\/div><a href=\"https:\/\/hochzeitsfotograf-bb.de\/wp-content\/uploads\/2019\/12\/IMG_5065.jpg\" class=\"envira-gallery-1447 envira-gallery-link\" rel=\"enviragallery1447\" title=\"IMG_5065\" data-envira-caption=\"IMG_5065\" data-envira-retina=\"\" data-thumbnail=\"\"  itemprop=\"contentUrl\"><img decoding=\"async\" id=\"envira-gallery-image-1450\" class=\"envira-gallery-image envira-gallery-image-12 envira-normal envira-lazy\" data-envira-index=\"12\" src=\"https:\/\/hochzeitsfotograf-bb.de\/wp-content\/uploads\/2019\/12\/IMG_5065-640x480.jpg\" data-envira-src=\"https:\/\/hochzeitsfotograf-bb.de\/wp-content\/uploads\/2019\/12\/IMG_5065-640x480.jpg\" data-envira-gallery-id=\"1447\" data-envira-item-id=\"1450\" data-envira-caption=\"IMG_5065\" alt=\"\" title=\"IMG_5065\"  itemprop=\"thumbnailUrl\" data-envira-srcset=\"https:\/\/hochzeitsfotograf-bb.de\/wp-content\/uploads\/2019\/12\/IMG_5065-640x480.jpg 400w,https:\/\/hochzeitsfotograf-bb.de\/wp-content\/uploads\/2019\/12\/IMG_5065-640x480.jpg 2x\" data-envira-width=\"200\" data-envira-height=\"300\" srcset=\"data:image\/gif;base64,R0lGODlhAQABAIAAAP\/\/\/\/\/\/\/yH5BAEKAAEALAAAAAABAAEAAAICTAEAOw==\" data-safe-src=\"data:image\/gif;base64,R0lGODlhAQABAIAAAP\/\/\/\/\/\/\/yH5BAEKAAEALAAAAAABAAEAAAICTAEAOw==\" \/><\/a><\/div><\/div><div id=\"envira-gallery-item-1456\" class=\"envira-gallery-item enviratope-item envira-gallery-item-13 envira-lazy-load\" style=\"padding-left: 1px; padding-bottom: 1px; padding-right: 1px;\"  itemscope itemtype=\"https:\/\/schema.org\/ImageObject\"><div class=\"envira-gallery-item-inner\"><div class=\"envira-gallery-position-overlay  envira-gallery-top-left\"><\/div><div class=\"envira-gallery-position-overlay  envira-gallery-top-right\"><\/div><div class=\"envira-gallery-position-overlay  envira-gallery-bottom-left\"><\/div><div class=\"envira-gallery-position-overlay  envira-gallery-bottom-right\"><\/div><a href=\"https:\/\/hochzeitsfotograf-bb.de\/wp-content\/uploads\/2019\/12\/IMG_4983.jpg\" class=\"envira-gallery-1447 envira-gallery-link\" rel=\"enviragallery1447\" title=\"IMG_4983\" data-envira-caption=\"IMG_4983\" data-envira-retina=\"\" data-thumbnail=\"\"  itemprop=\"contentUrl\"><img decoding=\"async\" id=\"envira-gallery-image-1456\" class=\"envira-gallery-image envira-gallery-image-13 envira-normal envira-lazy\" data-envira-index=\"13\" src=\"https:\/\/hochzeitsfotograf-bb.de\/wp-content\/uploads\/2019\/12\/IMG_4983-640x480.jpg\" data-envira-src=\"https:\/\/hochzeitsfotograf-bb.de\/wp-content\/uploads\/2019\/12\/IMG_4983-640x480.jpg\" data-envira-gallery-id=\"1447\" data-envira-item-id=\"1456\" data-envira-caption=\"IMG_4983\" alt=\"\" title=\"IMG_4983\"  itemprop=\"thumbnailUrl\" data-envira-srcset=\"https:\/\/hochzeitsfotograf-bb.de\/wp-content\/uploads\/2019\/12\/IMG_4983-640x480.jpg 400w,https:\/\/hochzeitsfotograf-bb.de\/wp-content\/uploads\/2019\/12\/IMG_4983-640x480.jpg 2x\" data-envira-width=\"300\" data-envira-height=\"200\" srcset=\"data:image\/gif;base64,R0lGODlhAQABAIAAAP\/\/\/\/\/\/\/yH5BAEKAAEALAAAAAABAAEAAAICTAEAOw==\" data-safe-src=\"data:image\/gif;base64,R0lGODlhAQABAIAAAP\/\/\/\/\/\/\/yH5BAEKAAEALAAAAAABAAEAAAICTAEAOw==\" \/><\/a><\/div><\/div><div id=\"envira-gallery-item-1907\" class=\"envira-gallery-item enviratope-item envira-gallery-item-14 envira-lazy-load\" style=\"padding-left: 1px; padding-bottom: 1px; padding-right: 1px;\"  itemscope itemtype=\"https:\/\/schema.org\/ImageObject\"><div class=\"envira-gallery-item-inner\"><div class=\"envira-gallery-position-overlay  envira-gallery-top-left\"><\/div><div class=\"envira-gallery-position-overlay  envira-gallery-top-right\"><\/div><div class=\"envira-gallery-position-overlay  envira-gallery-bottom-left\"><\/div><div class=\"envira-gallery-position-overlay  envira-gallery-bottom-right\"><\/div><a href=\"https:\/\/hochzeitsfotograf-bb.de\/wp-content\/uploads\/2019\/12\/IMG_3260.jpg\" class=\"envira-gallery-1447 envira-gallery-link\" rel=\"enviragallery1447\" title=\"IMG_3260\" data-envira-caption=\"IMG_3260\" data-envira-retina=\"\" data-thumbnail=\"\"  itemprop=\"contentUrl\"><img decoding=\"async\" id=\"envira-gallery-image-1907\" class=\"envira-gallery-image envira-gallery-image-14 envira-normal envira-lazy\" data-envira-index=\"14\" src=\"https:\/\/hochzeitsfotograf-bb.de\/wp-content\/uploads\/2019\/12\/IMG_3260-640x480.jpg\" data-envira-src=\"https:\/\/hochzeitsfotograf-bb.de\/wp-content\/uploads\/2019\/12\/IMG_3260-640x480.jpg\" data-envira-gallery-id=\"1447\" data-envira-item-id=\"1907\" data-envira-caption=\"IMG_3260\" alt=\"\" title=\"IMG_3260\"  itemprop=\"thumbnailUrl\" data-envira-srcset=\"https:\/\/hochzeitsfotograf-bb.de\/wp-content\/uploads\/2019\/12\/IMG_3260-640x480.jpg 400w,https:\/\/hochzeitsfotograf-bb.de\/wp-content\/uploads\/2019\/12\/IMG_3260-640x480.jpg 2x\" data-envira-width=\"225\" data-envira-height=\"300\" srcset=\"data:image\/gif;base64,R0lGODlhAQABAIAAAP\/\/\/\/\/\/\/yH5BAEKAAEALAAAAAABAAEAAAICTAEAOw==\" data-safe-src=\"data:image\/gif;base64,R0lGODlhAQABAIAAAP\/\/\/\/\/\/\/yH5BAEKAAEALAAAAAABAAEAAAICTAEAOw==\" \/><\/a><\/div><\/div><div id=\"envira-gallery-item-1904\" class=\"envira-gallery-item enviratope-item envira-gallery-item-15 envira-lazy-load\" style=\"padding-left: 1px; padding-bottom: 1px; padding-right: 1px;\"  itemscope itemtype=\"https:\/\/schema.org\/ImageObject\"><div class=\"envira-gallery-item-inner\"><div class=\"envira-gallery-position-overlay  envira-gallery-top-left\"><\/div><div class=\"envira-gallery-position-overlay  envira-gallery-top-right\"><\/div><div class=\"envira-gallery-position-overlay  envira-gallery-bottom-left\"><\/div><div class=\"envira-gallery-position-overlay  envira-gallery-bottom-right\"><\/div><a href=\"https:\/\/hochzeitsfotograf-bb.de\/wp-content\/uploads\/2019\/12\/IMG_3282.jpg\" class=\"envira-gallery-1447 envira-gallery-link\" rel=\"enviragallery1447\" title=\"IMG_3282\" data-envira-caption=\"IMG_3282\" data-envira-retina=\"\" data-thumbnail=\"\"  itemprop=\"contentUrl\"><img decoding=\"async\" id=\"envira-gallery-image-1904\" class=\"envira-gallery-image envira-gallery-image-15 envira-normal envira-lazy\" data-envira-index=\"15\" src=\"https:\/\/hochzeitsfotograf-bb.de\/wp-content\/uploads\/2019\/12\/IMG_3282-640x480.jpg\" data-envira-src=\"https:\/\/hochzeitsfotograf-bb.de\/wp-content\/uploads\/2019\/12\/IMG_3282-640x480.jpg\" data-envira-gallery-id=\"1447\" data-envira-item-id=\"1904\" data-envira-caption=\"IMG_3282\" alt=\"\" title=\"IMG_3282\"  itemprop=\"thumbnailUrl\" data-envira-srcset=\"https:\/\/hochzeitsfotograf-bb.de\/wp-content\/uploads\/2019\/12\/IMG_3282-640x480.jpg 400w,https:\/\/hochzeitsfotograf-bb.de\/wp-content\/uploads\/2019\/12\/IMG_3282-640x480.jpg 2x\" data-envira-width=\"200\" data-envira-height=\"300\" srcset=\"data:image\/gif;base64,R0lGODlhAQABAIAAAP\/\/\/\/\/\/\/yH5BAEKAAEALAAAAAABAAEAAAICTAEAOw==\" data-safe-src=\"data:image\/gif;base64,R0lGODlhAQABAIAAAP\/\/\/\/\/\/\/yH5BAEKAAEALAAAAAABAAEAAAICTAEAOw==\" \/><\/a><\/div><\/div><div id=\"envira-gallery-item-1905\" class=\"envira-gallery-item enviratope-item envira-gallery-item-16 envira-lazy-load\" style=\"padding-left: 1px; padding-bottom: 1px; padding-right: 1px;\"  itemscope itemtype=\"https:\/\/schema.org\/ImageObject\"><div class=\"envira-gallery-item-inner\"><div class=\"envira-gallery-position-overlay  envira-gallery-top-left\"><\/div><div class=\"envira-gallery-position-overlay  envira-gallery-top-right\"><\/div><div class=\"envira-gallery-position-overlay  envira-gallery-bottom-left\"><\/div><div class=\"envira-gallery-position-overlay  envira-gallery-bottom-right\"><\/div><a href=\"https:\/\/hochzeitsfotograf-bb.de\/wp-content\/uploads\/2019\/12\/IMG_3301.jpg\" class=\"envira-gallery-1447 envira-gallery-link\" rel=\"enviragallery1447\" title=\"IMG_3301\" data-envira-caption=\"IMG_3301\" data-envira-retina=\"\" data-thumbnail=\"\"  itemprop=\"contentUrl\"><img decoding=\"async\" id=\"envira-gallery-image-1905\" class=\"envira-gallery-image envira-gallery-image-16 envira-normal envira-lazy\" data-envira-index=\"16\" src=\"https:\/\/hochzeitsfotograf-bb.de\/wp-content\/uploads\/2019\/12\/IMG_3301-640x480.jpg\" data-envira-src=\"https:\/\/hochzeitsfotograf-bb.de\/wp-content\/uploads\/2019\/12\/IMG_3301-640x480.jpg\" data-envira-gallery-id=\"1447\" data-envira-item-id=\"1905\" data-envira-caption=\"IMG_3301\" alt=\"\" title=\"IMG_3301\"  itemprop=\"thumbnailUrl\" data-envira-srcset=\"https:\/\/hochzeitsfotograf-bb.de\/wp-content\/uploads\/2019\/12\/IMG_3301-640x480.jpg 400w,https:\/\/hochzeitsfotograf-bb.de\/wp-content\/uploads\/2019\/12\/IMG_3301-640x480.jpg 2x\" data-envira-width=\"300\" data-envira-height=\"225\" srcset=\"data:image\/gif;base64,R0lGODlhAQABAIAAAP\/\/\/\/\/\/\/yH5BAEKAAEALAAAAAABAAEAAAICTAEAOw==\" data-safe-src=\"data:image\/gif;base64,R0lGODlhAQABAIAAAP\/\/\/\/\/\/\/yH5BAEKAAEALAAAAAABAAEAAAICTAEAOw==\" \/><\/a><\/div><\/div><div id=\"envira-gallery-item-1906\" class=\"envira-gallery-item enviratope-item envira-gallery-item-17 envira-lazy-load\" style=\"padding-left: 1px; padding-bottom: 1px; padding-right: 1px;\"  itemscope itemtype=\"https:\/\/schema.org\/ImageObject\"><div class=\"envira-gallery-item-inner\"><div class=\"envira-gallery-position-overlay  envira-gallery-top-left\"><\/div><div class=\"envira-gallery-position-overlay  envira-gallery-top-right\"><\/div><div class=\"envira-gallery-position-overlay  envira-gallery-bottom-left\"><\/div><div class=\"envira-gallery-position-overlay  envira-gallery-bottom-right\"><\/div><a href=\"https:\/\/hochzeitsfotograf-bb.de\/wp-content\/uploads\/2019\/12\/IMG_3442.jpg\" class=\"envira-gallery-1447 envira-gallery-link\" rel=\"enviragallery1447\" title=\"IMG_3442\" data-envira-caption=\"IMG_3442\" data-envira-retina=\"\" data-thumbnail=\"\"  itemprop=\"contentUrl\"><img decoding=\"async\" id=\"envira-gallery-image-1906\" class=\"envira-gallery-image envira-gallery-image-17 envira-normal envira-lazy\" data-envira-index=\"17\" src=\"https:\/\/hochzeitsfotograf-bb.de\/wp-content\/uploads\/2019\/12\/IMG_3442-1024x683-640x480.jpg\" data-envira-src=\"https:\/\/hochzeitsfotograf-bb.de\/wp-content\/uploads\/2019\/12\/IMG_3442-1024x683-640x480.jpg\" data-envira-gallery-id=\"1447\" data-envira-item-id=\"1906\" data-envira-caption=\"IMG_3442\" alt=\"\" title=\"IMG_3442\"  itemprop=\"thumbnailUrl\" data-envira-srcset=\"https:\/\/hochzeitsfotograf-bb.de\/wp-content\/uploads\/2019\/12\/IMG_3442-1024x683-640x480.jpg 400w,https:\/\/hochzeitsfotograf-bb.de\/wp-content\/uploads\/2019\/12\/IMG_3442-1024x683-640x480.jpg 2x\" data-envira-width=\"300\" data-envira-height=\"200\" srcset=\"data:image\/gif;base64,R0lGODlhAQABAIAAAP\/\/\/\/\/\/\/yH5BAEKAAEALAAAAAABAAEAAAICTAEAOw==\" data-safe-src=\"data:image\/gif;base64,R0lGODlhAQABAIAAAP\/\/\/\/\/\/\/yH5BAEKAAEALAAAAAABAAEAAAICTAEAOw==\" \/><\/a><\/div><\/div><div id=\"envira-gallery-item-1903\" class=\"envira-gallery-item enviratope-item envira-gallery-item-18 envira-lazy-load\" style=\"padding-left: 1px; padding-bottom: 1px; padding-right: 1px;\"  itemscope itemtype=\"https:\/\/schema.org\/ImageObject\"><div class=\"envira-gallery-item-inner\"><div class=\"envira-gallery-position-overlay  envira-gallery-top-left\"><\/div><div class=\"envira-gallery-position-overlay  envira-gallery-top-right\"><\/div><div class=\"envira-gallery-position-overlay  envira-gallery-bottom-left\"><\/div><div class=\"envira-gallery-position-overlay  envira-gallery-bottom-right\"><\/div><a href=\"https:\/\/hochzeitsfotograf-bb.de\/wp-content\/uploads\/2019\/12\/IMG_3723.jpg\" class=\"envira-gallery-1447 envira-gallery-link\" rel=\"enviragallery1447\" title=\"IMG_3723\" data-envira-caption=\"IMG_3723\" data-envira-retina=\"\" data-thumbnail=\"\"  itemprop=\"contentUrl\"><img decoding=\"async\" id=\"envira-gallery-image-1903\" class=\"envira-gallery-image envira-gallery-image-18 envira-normal envira-lazy\" data-envira-index=\"18\" src=\"https:\/\/hochzeitsfotograf-bb.de\/wp-content\/uploads\/2019\/12\/IMG_3723-640x480.jpg\" data-envira-src=\"https:\/\/hochzeitsfotograf-bb.de\/wp-content\/uploads\/2019\/12\/IMG_3723-640x480.jpg\" data-envira-gallery-id=\"1447\" data-envira-item-id=\"1903\" data-envira-caption=\"IMG_3723\" alt=\"\" title=\"IMG_3723\"  itemprop=\"thumbnailUrl\" data-envira-srcset=\"https:\/\/hochzeitsfotograf-bb.de\/wp-content\/uploads\/2019\/12\/IMG_3723-640x480.jpg 400w,https:\/\/hochzeitsfotograf-bb.de\/wp-content\/uploads\/2019\/12\/IMG_3723-640x480.jpg 2x\" data-envira-width=\"225\" data-envira-height=\"300\" srcset=\"data:image\/gif;base64,R0lGODlhAQABAIAAAP\/\/\/\/\/\/\/yH5BAEKAAEALAAAAAABAAEAAAICTAEAOw==\" data-safe-src=\"data:image\/gif;base64,R0lGODlhAQABAIAAAP\/\/\/\/\/\/\/yH5BAEKAAEALAAAAAABAAEAAAICTAEAOw==\" \/><\/a><\/div><\/div><div id=\"envira-gallery-item-2211\" class=\"envira-gallery-item enviratope-item envira-gallery-item-19 envira-lazy-load\" style=\"padding-left: 1px; padding-bottom: 1px; padding-right: 1px;\"  itemscope itemtype=\"https:\/\/schema.org\/ImageObject\"><div class=\"envira-gallery-item-inner\"><div class=\"envira-gallery-position-overlay  envira-gallery-top-left\"><\/div><div class=\"envira-gallery-position-overlay  envira-gallery-top-right\"><\/div><div class=\"envira-gallery-position-overlay  envira-gallery-bottom-left\"><\/div><div class=\"envira-gallery-position-overlay  envira-gallery-bottom-right\"><\/div><a href=\"https:\/\/hochzeitsfotograf-bb.de\/wp-content\/uploads\/2019\/12\/engagement_fotoshooting_schloss-solitude.jpg\" class=\"envira-gallery-1447 envira-gallery-link\" rel=\"enviragallery1447\" title=\"engagement_fotoshooting_schloss-solitude\" data-envira-caption=\"engagement_fotoshooting_schloss-solitude\" data-envira-retina=\"\" data-thumbnail=\"\"  itemprop=\"contentUrl\"><img decoding=\"async\" id=\"envira-gallery-image-2211\" class=\"envira-gallery-image envira-gallery-image-19 envira-normal envira-lazy\" data-envira-index=\"19\" src=\"https:\/\/hochzeitsfotograf-bb.de\/wp-content\/uploads\/2019\/12\/engagement_fotoshooting_schloss-solitude-1024x683-640x480.jpg\" data-envira-src=\"https:\/\/hochzeitsfotograf-bb.de\/wp-content\/uploads\/2019\/12\/engagement_fotoshooting_schloss-solitude-1024x683-640x480.jpg\" data-envira-gallery-id=\"1447\" data-envira-item-id=\"2211\" data-envira-caption=\"engagement_fotoshooting_schloss-solitude\" alt=\"Fotoshooting am Schloss Solitude in Stuttgart mit einem tollen Paar in der Natur\" title=\"engagement_fotoshooting_schloss-solitude\"  itemprop=\"thumbnailUrl\" data-envira-srcset=\"https:\/\/hochzeitsfotograf-bb.de\/wp-content\/uploads\/2019\/12\/engagement_fotoshooting_schloss-solitude-1024x683-640x480.jpg 400w,https:\/\/hochzeitsfotograf-bb.de\/wp-content\/uploads\/2019\/12\/engagement_fotoshooting_schloss-solitude-1024x683-640x480.jpg 2x\" data-envira-width=\"300\" data-envira-height=\"200\" srcset=\"data:image\/gif;base64,R0lGODlhAQABAIAAAP\/\/\/\/\/\/\/yH5BAEKAAEALAAAAAABAAEAAAICTAEAOw==\" data-safe-src=\"data:image\/gif;base64,R0lGODlhAQABAIAAAP\/\/\/\/\/\/\/yH5BAEKAAEALAAAAAABAAEAAAICTAEAOw==\" \/><\/a><\/div><\/div><div id=\"envira-gallery-item-1457\" class=\"envira-gallery-item enviratope-item envira-gallery-item-20 envira-lazy-load\" style=\"padding-left: 1px; padding-bottom: 1px; padding-right: 1px;\"  itemscope itemtype=\"https:\/\/schema.org\/ImageObject\"><div class=\"envira-gallery-item-inner\"><div class=\"envira-gallery-position-overlay  envira-gallery-top-left\"><\/div><div class=\"envira-gallery-position-overlay  envira-gallery-top-right\"><\/div><div class=\"envira-gallery-position-overlay  envira-gallery-bottom-left\"><\/div><div class=\"envira-gallery-position-overlay  envira-gallery-bottom-right\"><\/div><a href=\"https:\/\/hochzeitsfotograf-bb.de\/wp-content\/uploads\/2019\/12\/IMG_8165.jpg\" class=\"envira-gallery-1447 envira-gallery-link\" rel=\"enviragallery1447\" title=\"IMG_8165\" data-envira-caption=\"IMG_8165\" data-envira-retina=\"\" data-thumbnail=\"\"  itemprop=\"contentUrl\"><img decoding=\"async\" id=\"envira-gallery-image-1457\" class=\"envira-gallery-image envira-gallery-image-20 envira-normal envira-lazy\" data-envira-index=\"20\" src=\"https:\/\/hochzeitsfotograf-bb.de\/wp-content\/uploads\/2019\/12\/IMG_8165-640x480.jpg\" data-envira-src=\"https:\/\/hochzeitsfotograf-bb.de\/wp-content\/uploads\/2019\/12\/IMG_8165-640x480.jpg\" data-envira-gallery-id=\"1447\" data-envira-item-id=\"1457\" data-envira-caption=\"IMG_8165\" alt=\"\" title=\"IMG_8165\"  itemprop=\"thumbnailUrl\" data-envira-srcset=\"https:\/\/hochzeitsfotograf-bb.de\/wp-content\/uploads\/2019\/12\/IMG_8165-640x480.jpg 400w,https:\/\/hochzeitsfotograf-bb.de\/wp-content\/uploads\/2019\/12\/IMG_8165-640x480.jpg 2x\" data-envira-width=\"300\" data-envira-height=\"225\" srcset=\"data:image\/gif;base64,R0lGODlhAQABAIAAAP\/\/\/\/\/\/\/yH5BAEKAAEALAAAAAABAAEAAAICTAEAOw==\" data-safe-src=\"data:image\/gif;base64,R0lGODlhAQABAIAAAP\/\/\/\/\/\/\/yH5BAEKAAEALAAAAAABAAEAAAICTAEAOw==\" \/><\/a><\/div><\/div><div id=\"envira-gallery-item-1451\" class=\"envira-gallery-item enviratope-item envira-gallery-item-21 envira-lazy-load\" style=\"padding-left: 1px; padding-bottom: 1px; padding-right: 1px;\"  itemscope itemtype=\"https:\/\/schema.org\/ImageObject\"><div class=\"envira-gallery-item-inner\"><div class=\"envira-gallery-position-overlay  envira-gallery-top-left\"><\/div><div class=\"envira-gallery-position-overlay  envira-gallery-top-right\"><\/div><div class=\"envira-gallery-position-overlay  envira-gallery-bottom-left\"><\/div><div class=\"envira-gallery-position-overlay  envira-gallery-bottom-right\"><\/div><a href=\"https:\/\/hochzeitsfotograf-bb.de\/wp-content\/uploads\/2019\/12\/IMG_5231.jpg\" class=\"envira-gallery-1447 envira-gallery-link\" rel=\"enviragallery1447\" title=\"IMG_5231\" data-envira-caption=\"IMG_5231\" data-envira-retina=\"\" data-thumbnail=\"\"  itemprop=\"contentUrl\"><img decoding=\"async\" id=\"envira-gallery-image-1451\" class=\"envira-gallery-image envira-gallery-image-21 envira-normal envira-lazy\" data-envira-index=\"21\" src=\"https:\/\/hochzeitsfotograf-bb.de\/wp-content\/uploads\/2019\/12\/IMG_5231-640x480.jpg\" data-envira-src=\"https:\/\/hochzeitsfotograf-bb.de\/wp-content\/uploads\/2019\/12\/IMG_5231-640x480.jpg\" data-envira-gallery-id=\"1447\" data-envira-item-id=\"1451\" data-envira-caption=\"IMG_5231\" alt=\"\" title=\"IMG_5231\"  itemprop=\"thumbnailUrl\" data-envira-srcset=\"https:\/\/hochzeitsfotograf-bb.de\/wp-content\/uploads\/2019\/12\/IMG_5231-640x480.jpg 400w,https:\/\/hochzeitsfotograf-bb.de\/wp-content\/uploads\/2019\/12\/IMG_5231-640x480.jpg 2x\" data-envira-width=\"300\" data-envira-height=\"200\" srcset=\"data:image\/gif;base64,R0lGODlhAQABAIAAAP\/\/\/\/\/\/\/yH5BAEKAAEALAAAAAABAAEAAAICTAEAOw==\" data-safe-src=\"data:image\/gif;base64,R0lGODlhAQABAIAAAP\/\/\/\/\/\/\/yH5BAEKAAEALAAAAAABAAEAAAICTAEAOw==\" \/><\/a><\/div><\/div><div id=\"envira-gallery-item-1462\" class=\"envira-gallery-item enviratope-item envira-gallery-item-22 envira-lazy-load\" style=\"padding-left: 1px; padding-bottom: 1px; padding-right: 1px;\"  itemscope itemtype=\"https:\/\/schema.org\/ImageObject\"><div class=\"envira-gallery-item-inner\"><div class=\"envira-gallery-position-overlay  envira-gallery-top-left\"><\/div><div class=\"envira-gallery-position-overlay  envira-gallery-top-right\"><\/div><div class=\"envira-gallery-position-overlay  envira-gallery-bottom-left\"><\/div><div class=\"envira-gallery-position-overlay  envira-gallery-bottom-right\"><\/div><a href=\"https:\/\/hochzeitsfotograf-bb.de\/wp-content\/uploads\/2019\/12\/IMG_5256.jpg\" class=\"envira-gallery-1447 envira-gallery-link\" rel=\"enviragallery1447\" title=\"IMG_5256\" data-envira-caption=\"IMG_5256\" data-envira-retina=\"\" data-thumbnail=\"\"  itemprop=\"contentUrl\"><img decoding=\"async\" id=\"envira-gallery-image-1462\" class=\"envira-gallery-image envira-gallery-image-22 envira-normal envira-lazy\" data-envira-index=\"22\" src=\"https:\/\/hochzeitsfotograf-bb.de\/wp-content\/uploads\/2019\/12\/IMG_5256-640x480.jpg\" data-envira-src=\"https:\/\/hochzeitsfotograf-bb.de\/wp-content\/uploads\/2019\/12\/IMG_5256-640x480.jpg\" data-envira-gallery-id=\"1447\" data-envira-item-id=\"1462\" data-envira-caption=\"IMG_5256\" alt=\"\" title=\"IMG_5256\"  itemprop=\"thumbnailUrl\" data-envira-srcset=\"https:\/\/hochzeitsfotograf-bb.de\/wp-content\/uploads\/2019\/12\/IMG_5256-640x480.jpg 400w,https:\/\/hochzeitsfotograf-bb.de\/wp-content\/uploads\/2019\/12\/IMG_5256-640x480.jpg 2x\" data-envira-width=\"300\" data-envira-height=\"240\" srcset=\"data:image\/gif;base64,R0lGODlhAQABAIAAAP\/\/\/\/\/\/\/yH5BAEKAAEALAAAAAABAAEAAAICTAEAOw==\" data-safe-src=\"data:image\/gif;base64,R0lGODlhAQABAIAAAP\/\/\/\/\/\/\/yH5BAEKAAEALAAAAAABAAEAAAICTAEAOw==\" \/><\/a><\/div><\/div><div id=\"envira-gallery-item-1452\" class=\"envira-gallery-item enviratope-item envira-gallery-item-23 envira-lazy-load\" style=\"padding-left: 1px; padding-bottom: 1px; padding-right: 1px;\"  itemscope itemtype=\"https:\/\/schema.org\/ImageObject\"><div class=\"envira-gallery-item-inner\"><div class=\"envira-gallery-position-overlay  envira-gallery-top-left\"><\/div><div class=\"envira-gallery-position-overlay  envira-gallery-top-right\"><\/div><div class=\"envira-gallery-position-overlay  envira-gallery-bottom-left\"><\/div><div class=\"envira-gallery-position-overlay  envira-gallery-bottom-right\"><\/div><a href=\"https:\/\/hochzeitsfotograf-bb.de\/wp-content\/uploads\/2019\/12\/IMG_5274.jpg\" class=\"envira-gallery-1447 envira-gallery-link\" rel=\"enviragallery1447\" title=\"IMG_5274\" data-envira-caption=\"IMG_5274\" data-envira-retina=\"\" data-thumbnail=\"\"  itemprop=\"contentUrl\"><img decoding=\"async\" id=\"envira-gallery-image-1452\" class=\"envira-gallery-image envira-gallery-image-23 envira-normal envira-lazy\" data-envira-index=\"23\" src=\"https:\/\/hochzeitsfotograf-bb.de\/wp-content\/uploads\/2019\/12\/IMG_5274-640x480.jpg\" data-envira-src=\"https:\/\/hochzeitsfotograf-bb.de\/wp-content\/uploads\/2019\/12\/IMG_5274-640x480.jpg\" data-envira-gallery-id=\"1447\" data-envira-item-id=\"1452\" data-envira-caption=\"IMG_5274\" alt=\"\" title=\"IMG_5274\"  itemprop=\"thumbnailUrl\" data-envira-srcset=\"https:\/\/hochzeitsfotograf-bb.de\/wp-content\/uploads\/2019\/12\/IMG_5274-640x480.jpg 400w,https:\/\/hochzeitsfotograf-bb.de\/wp-content\/uploads\/2019\/12\/IMG_5274-640x480.jpg 2x\" data-envira-width=\"300\" data-envira-height=\"200\" srcset=\"data:image\/gif;base64,R0lGODlhAQABAIAAAP\/\/\/\/\/\/\/yH5BAEKAAEALAAAAAABAAEAAAICTAEAOw==\" data-safe-src=\"data:image\/gif;base64,R0lGODlhAQABAIAAAP\/\/\/\/\/\/\/yH5BAEKAAEALAAAAAABAAEAAAICTAEAOw==\" \/><\/a><\/div><\/div><div id=\"envira-gallery-item-1453\" class=\"envira-gallery-item enviratope-item envira-gallery-item-24 envira-lazy-load\" style=\"padding-left: 1px; padding-bottom: 1px; padding-right: 1px;\"  itemscope itemtype=\"https:\/\/schema.org\/ImageObject\"><div class=\"envira-gallery-item-inner\"><div class=\"envira-gallery-position-overlay  envira-gallery-top-left\"><\/div><div class=\"envira-gallery-position-overlay  envira-gallery-top-right\"><\/div><div class=\"envira-gallery-position-overlay  envira-gallery-bottom-left\"><\/div><div class=\"envira-gallery-position-overlay  envira-gallery-bottom-right\"><\/div><a href=\"https:\/\/hochzeitsfotograf-bb.de\/wp-content\/uploads\/2019\/12\/XPRO4727.jpg\" class=\"envira-gallery-1447 envira-gallery-link\" rel=\"enviragallery1447\" title=\"XPRO4727\" data-envira-caption=\"XPRO4727\" data-envira-retina=\"\" data-thumbnail=\"\"  itemprop=\"contentUrl\"><img decoding=\"async\" id=\"envira-gallery-image-1453\" class=\"envira-gallery-image envira-gallery-image-24 envira-normal envira-lazy\" data-envira-index=\"24\" src=\"https:\/\/hochzeitsfotograf-bb.de\/wp-content\/uploads\/2019\/12\/XPRO4727-640x480.jpg\" data-envira-src=\"https:\/\/hochzeitsfotograf-bb.de\/wp-content\/uploads\/2019\/12\/XPRO4727-640x480.jpg\" data-envira-gallery-id=\"1447\" data-envira-item-id=\"1453\" data-envira-caption=\"XPRO4727\" alt=\"\" title=\"XPRO4727\"  itemprop=\"thumbnailUrl\" data-envira-srcset=\"https:\/\/hochzeitsfotograf-bb.de\/wp-content\/uploads\/2019\/12\/XPRO4727-640x480.jpg 400w,https:\/\/hochzeitsfotograf-bb.de\/wp-content\/uploads\/2019\/12\/XPRO4727-640x480.jpg 2x\" data-envira-width=\"300\" data-envira-height=\"200\" srcset=\"data:image\/gif;base64,R0lGODlhAQABAIAAAP\/\/\/\/\/\/\/yH5BAEKAAEALAAAAAABAAEAAAICTAEAOw==\" data-safe-src=\"data:image\/gif;base64,R0lGODlhAQABAIAAAP\/\/\/\/\/\/\/yH5BAEKAAEALAAAAAABAAEAAAICTAEAOw==\" \/><\/a><\/div><\/div><div id=\"envira-gallery-item-1464\" class=\"envira-gallery-item enviratope-item envira-gallery-item-25 envira-lazy-load\" style=\"padding-left: 1px; padding-bottom: 1px; padding-right: 1px;\"  itemscope itemtype=\"https:\/\/schema.org\/ImageObject\"><div class=\"envira-gallery-item-inner\"><div class=\"envira-gallery-position-overlay  envira-gallery-top-left\"><\/div><div class=\"envira-gallery-position-overlay  envira-gallery-top-right\"><\/div><div class=\"envira-gallery-position-overlay  envira-gallery-bottom-left\"><\/div><div class=\"envira-gallery-position-overlay  envira-gallery-bottom-right\"><\/div><a href=\"https:\/\/hochzeitsfotograf-bb.de\/wp-content\/uploads\/2019\/12\/IMG_5639.jpg\" class=\"envira-gallery-1447 envira-gallery-link\" rel=\"enviragallery1447\" title=\"IMG_5639\" data-envira-caption=\"IMG_5639\" data-envira-retina=\"\" data-thumbnail=\"\"  itemprop=\"contentUrl\"><img decoding=\"async\" id=\"envira-gallery-image-1464\" class=\"envira-gallery-image envira-gallery-image-25 envira-normal envira-lazy\" data-envira-index=\"25\" src=\"https:\/\/hochzeitsfotograf-bb.de\/wp-content\/uploads\/2019\/12\/IMG_5639-640x480.jpg\" data-envira-src=\"https:\/\/hochzeitsfotograf-bb.de\/wp-content\/uploads\/2019\/12\/IMG_5639-640x480.jpg\" data-envira-gallery-id=\"1447\" data-envira-item-id=\"1464\" data-envira-caption=\"IMG_5639\" alt=\"\" title=\"IMG_5639\"  itemprop=\"thumbnailUrl\" data-envira-srcset=\"https:\/\/hochzeitsfotograf-bb.de\/wp-content\/uploads\/2019\/12\/IMG_5639-640x480.jpg 400w,https:\/\/hochzeitsfotograf-bb.de\/wp-content\/uploads\/2019\/12\/IMG_5639-640x480.jpg 2x\" data-envira-width=\"300\" data-envira-height=\"200\" srcset=\"data:image\/gif;base64,R0lGODlhAQABAIAAAP\/\/\/\/\/\/\/yH5BAEKAAEALAAAAAABAAEAAAICTAEAOw==\" data-safe-src=\"data:image\/gif;base64,R0lGODlhAQABAIAAAP\/\/\/\/\/\/\/yH5BAEKAAEALAAAAAABAAEAAAICTAEAOw==\" \/><\/a><\/div><\/div><div id=\"envira-gallery-item-1454\" class=\"envira-gallery-item enviratope-item envira-gallery-item-26 envira-lazy-load\" style=\"padding-left: 1px; padding-bottom: 1px; padding-right: 1px;\"  itemscope itemtype=\"https:\/\/schema.org\/ImageObject\"><div class=\"envira-gallery-item-inner\"><div class=\"envira-gallery-position-overlay  envira-gallery-top-left\"><\/div><div class=\"envira-gallery-position-overlay  envira-gallery-top-right\"><\/div><div class=\"envira-gallery-position-overlay  envira-gallery-bottom-left\"><\/div><div class=\"envira-gallery-position-overlay  envira-gallery-bottom-right\"><\/div><a href=\"https:\/\/hochzeitsfotograf-bb.de\/wp-content\/uploads\/2019\/12\/IMG_1131.jpg\" class=\"envira-gallery-1447 envira-gallery-link\" rel=\"enviragallery1447\" title=\"IMG_1131\" data-envira-caption=\"IMG_1131\" data-envira-retina=\"\" data-thumbnail=\"\"  itemprop=\"contentUrl\"><img decoding=\"async\" id=\"envira-gallery-image-1454\" class=\"envira-gallery-image envira-gallery-image-26 envira-normal envira-lazy\" data-envira-index=\"26\" src=\"https:\/\/hochzeitsfotograf-bb.de\/wp-content\/uploads\/2019\/12\/IMG_1131-640x480.jpg\" data-envira-src=\"https:\/\/hochzeitsfotograf-bb.de\/wp-content\/uploads\/2019\/12\/IMG_1131-640x480.jpg\" data-envira-gallery-id=\"1447\" data-envira-item-id=\"1454\" data-envira-caption=\"IMG_1131\" alt=\"\" title=\"IMG_1131\"  itemprop=\"thumbnailUrl\" data-envira-srcset=\"https:\/\/hochzeitsfotograf-bb.de\/wp-content\/uploads\/2019\/12\/IMG_1131-640x480.jpg 400w,https:\/\/hochzeitsfotograf-bb.de\/wp-content\/uploads\/2019\/12\/IMG_1131-640x480.jpg 2x\" data-envira-width=\"200\" data-envira-height=\"300\" srcset=\"data:image\/gif;base64,R0lGODlhAQABAIAAAP\/\/\/\/\/\/\/yH5BAEKAAEALAAAAAABAAEAAAICTAEAOw==\" data-safe-src=\"data:image\/gif;base64,R0lGODlhAQABAIAAAP\/\/\/\/\/\/\/yH5BAEKAAEALAAAAAABAAEAAAICTAEAOw==\" \/><\/a><\/div><\/div><div id=\"envira-gallery-item-1455\" class=\"envira-gallery-item enviratope-item envira-gallery-item-27 envira-lazy-load\" style=\"padding-left: 1px; padding-bottom: 1px; padding-right: 1px;\"  itemscope itemtype=\"https:\/\/schema.org\/ImageObject\"><div class=\"envira-gallery-item-inner\"><div class=\"envira-gallery-position-overlay  envira-gallery-top-left\"><\/div><div class=\"envira-gallery-position-overlay  envira-gallery-top-right\"><\/div><div class=\"envira-gallery-position-overlay  envira-gallery-bottom-left\"><\/div><div class=\"envira-gallery-position-overlay  envira-gallery-bottom-right\"><\/div><a href=\"https:\/\/hochzeitsfotograf-bb.de\/wp-content\/uploads\/2019\/12\/IMG_9823.jpg\" class=\"envira-gallery-1447 envira-gallery-link\" rel=\"enviragallery1447\" title=\"IMG_9823\" data-envira-caption=\"IMG_9823\" data-envira-retina=\"\" data-thumbnail=\"\"  itemprop=\"contentUrl\"><img decoding=\"async\" id=\"envira-gallery-image-1455\" class=\"envira-gallery-image envira-gallery-image-27 envira-normal envira-lazy\" data-envira-index=\"27\" src=\"https:\/\/hochzeitsfotograf-bb.de\/wp-content\/uploads\/2019\/12\/IMG_9823-640x480.jpg\" data-envira-src=\"https:\/\/hochzeitsfotograf-bb.de\/wp-content\/uploads\/2019\/12\/IMG_9823-640x480.jpg\" data-envira-gallery-id=\"1447\" data-envira-item-id=\"1455\" data-envira-caption=\"IMG_9823\" alt=\"\" title=\"IMG_9823\"  itemprop=\"thumbnailUrl\" data-envira-srcset=\"https:\/\/hochzeitsfotograf-bb.de\/wp-content\/uploads\/2019\/12\/IMG_9823-640x480.jpg 400w,https:\/\/hochzeitsfotograf-bb.de\/wp-content\/uploads\/2019\/12\/IMG_9823-640x480.jpg 2x\" data-envira-width=\"300\" data-envira-height=\"240\" srcset=\"data:image\/gif;base64,R0lGODlhAQABAIAAAP\/\/\/\/\/\/\/yH5BAEKAAEALAAAAAABAAEAAAICTAEAOw==\" data-safe-src=\"data:image\/gif;base64,R0lGODlhAQABAIAAAP\/\/\/\/\/\/\/yH5BAEKAAEALAAAAAABAAEAAAICTAEAOw==\" \/><\/a><\/div><\/div><div id=\"envira-gallery-item-1458\" class=\"envira-gallery-item enviratope-item envira-gallery-item-28 envira-lazy-load\" style=\"padding-left: 1px; padding-bottom: 1px; padding-right: 1px;\"  itemscope itemtype=\"https:\/\/schema.org\/ImageObject\"><div class=\"envira-gallery-item-inner\"><div class=\"envira-gallery-position-overlay  envira-gallery-top-left\"><\/div><div class=\"envira-gallery-position-overlay  envira-gallery-top-right\"><\/div><div class=\"envira-gallery-position-overlay  envira-gallery-bottom-left\"><\/div><div class=\"envira-gallery-position-overlay  envira-gallery-bottom-right\"><\/div><a href=\"https:\/\/hochzeitsfotograf-bb.de\/wp-content\/uploads\/2019\/12\/sd-2.jpg\" class=\"envira-gallery-1447 envira-gallery-link\" rel=\"enviragallery1447\" title=\"sd-2\" data-envira-caption=\"sd-2\" data-envira-retina=\"\" data-thumbnail=\"\"  itemprop=\"contentUrl\"><img decoding=\"async\" id=\"envira-gallery-image-1458\" class=\"envira-gallery-image envira-gallery-image-28 envira-normal envira-lazy\" data-envira-index=\"28\" src=\"https:\/\/hochzeitsfotograf-bb.de\/wp-content\/uploads\/2019\/12\/sd-2-640x480.jpg\" data-envira-src=\"https:\/\/hochzeitsfotograf-bb.de\/wp-content\/uploads\/2019\/12\/sd-2-640x480.jpg\" data-envira-gallery-id=\"1447\" data-envira-item-id=\"1458\" data-envira-caption=\"sd-2\" alt=\"\" title=\"sd-2\"  itemprop=\"thumbnailUrl\" data-envira-srcset=\"https:\/\/hochzeitsfotograf-bb.de\/wp-content\/uploads\/2019\/12\/sd-2-640x480.jpg 400w,https:\/\/hochzeitsfotograf-bb.de\/wp-content\/uploads\/2019\/12\/sd-2-640x480.jpg 2x\" data-envira-width=\"300\" data-envira-height=\"200\" srcset=\"data:image\/gif;base64,R0lGODlhAQABAIAAAP\/\/\/\/\/\/\/yH5BAEKAAEALAAAAAABAAEAAAICTAEAOw==\" data-safe-src=\"data:image\/gif;base64,R0lGODlhAQABAIAAAP\/\/\/\/\/\/\/yH5BAEKAAEALAAAAAABAAEAAAICTAEAOw==\" \/><\/a><\/div><\/div><div id=\"envira-gallery-item-1459\" class=\"envira-gallery-item enviratope-item envira-gallery-item-29 envira-lazy-load\" style=\"padding-left: 1px; padding-bottom: 1px; padding-right: 1px;\"  itemscope itemtype=\"https:\/\/schema.org\/ImageObject\"><div class=\"envira-gallery-item-inner\"><div class=\"envira-gallery-position-overlay  envira-gallery-top-left\"><\/div><div class=\"envira-gallery-position-overlay  envira-gallery-top-right\"><\/div><div class=\"envira-gallery-position-overlay  envira-gallery-bottom-left\"><\/div><div class=\"envira-gallery-position-overlay  envira-gallery-bottom-right\"><\/div><a href=\"https:\/\/hochzeitsfotograf-bb.de\/wp-content\/uploads\/2019\/12\/sd-1.jpg\" class=\"envira-gallery-1447 envira-gallery-link\" rel=\"enviragallery1447\" title=\"sd-1\" data-envira-caption=\"sd-1\" data-envira-retina=\"\" data-thumbnail=\"\"  itemprop=\"contentUrl\"><img decoding=\"async\" id=\"envira-gallery-image-1459\" class=\"envira-gallery-image envira-gallery-image-29 envira-normal envira-lazy\" data-envira-index=\"29\" src=\"https:\/\/hochzeitsfotograf-bb.de\/wp-content\/uploads\/2019\/12\/sd-1-640x480.jpg\" data-envira-src=\"https:\/\/hochzeitsfotograf-bb.de\/wp-content\/uploads\/2019\/12\/sd-1-640x480.jpg\" data-envira-gallery-id=\"1447\" data-envira-item-id=\"1459\" data-envira-caption=\"sd-1\" alt=\"\" title=\"sd-1\"  itemprop=\"thumbnailUrl\" data-envira-srcset=\"https:\/\/hochzeitsfotograf-bb.de\/wp-content\/uploads\/2019\/12\/sd-1-640x480.jpg 400w,https:\/\/hochzeitsfotograf-bb.de\/wp-content\/uploads\/2019\/12\/sd-1-640x480.jpg 2x\" data-envira-width=\"240\" data-envira-height=\"300\" srcset=\"data:image\/gif;base64,R0lGODlhAQABAIAAAP\/\/\/\/\/\/\/yH5BAEKAAEALAAAAAABAAEAAAICTAEAOw==\" data-safe-src=\"data:image\/gif;base64,R0lGODlhAQABAIAAAP\/\/\/\/\/\/\/yH5BAEKAAEALAAAAAABAAEAAAICTAEAOw==\" \/><\/a><\/div><\/div><div id=\"envira-gallery-item-1468\" class=\"envira-gallery-item enviratope-item envira-gallery-item-30 envira-lazy-load\" style=\"padding-left: 1px; padding-bottom: 1px; padding-right: 1px;\"  itemscope itemtype=\"https:\/\/schema.org\/ImageObject\"><div class=\"envira-gallery-item-inner\"><div class=\"envira-gallery-position-overlay  envira-gallery-top-left\"><\/div><div class=\"envira-gallery-position-overlay  envira-gallery-top-right\"><\/div><div class=\"envira-gallery-position-overlay  envira-gallery-bottom-left\"><\/div><div class=\"envira-gallery-position-overlay  envira-gallery-bottom-right\"><\/div><a href=\"https:\/\/hochzeitsfotograf-bb.de\/wp-content\/uploads\/2019\/12\/IMG_8804-2.jpg\" class=\"envira-gallery-1447 envira-gallery-link\" rel=\"enviragallery1447\" title=\"IMG_8804-2\" data-envira-caption=\"IMG_8804-2\" data-envira-retina=\"\" data-thumbnail=\"\"  itemprop=\"contentUrl\"><img decoding=\"async\" id=\"envira-gallery-image-1468\" class=\"envira-gallery-image envira-gallery-image-30 envira-normal envira-lazy\" data-envira-index=\"30\" src=\"https:\/\/hochzeitsfotograf-bb.de\/wp-content\/uploads\/2019\/12\/IMG_8804-2-640x480.jpg\" data-envira-src=\"https:\/\/hochzeitsfotograf-bb.de\/wp-content\/uploads\/2019\/12\/IMG_8804-2-640x480.jpg\" data-envira-gallery-id=\"1447\" data-envira-item-id=\"1468\" data-envira-caption=\"IMG_8804-2\" alt=\"\" title=\"IMG_8804-2\"  itemprop=\"thumbnailUrl\" data-envira-srcset=\"https:\/\/hochzeitsfotograf-bb.de\/wp-content\/uploads\/2019\/12\/IMG_8804-2-640x480.jpg 400w,https:\/\/hochzeitsfotograf-bb.de\/wp-content\/uploads\/2019\/12\/IMG_8804-2-640x480.jpg 2x\" data-envira-width=\"300\" data-envira-height=\"240\" srcset=\"data:image\/gif;base64,R0lGODlhAQABAIAAAP\/\/\/\/\/\/\/yH5BAEKAAEALAAAAAABAAEAAAICTAEAOw==\" data-safe-src=\"data:image\/gif;base64,R0lGODlhAQABAIAAAP\/\/\/\/\/\/\/yH5BAEKAAEALAAAAAABAAEAAAICTAEAOw==\" \/><\/a><\/div><\/div><div id=\"envira-gallery-item-2206\" class=\"envira-gallery-item enviratope-item envira-gallery-item-31 envira-lazy-load\" style=\"padding-left: 1px; padding-bottom: 1px; padding-right: 1px;\"  itemscope itemtype=\"https:\/\/schema.org\/ImageObject\"><div class=\"envira-gallery-item-inner\"><div class=\"envira-gallery-position-overlay  envira-gallery-top-left\"><\/div><div class=\"envira-gallery-position-overlay  envira-gallery-top-right\"><\/div><div class=\"envira-gallery-position-overlay  envira-gallery-bottom-left\"><\/div><div class=\"envira-gallery-position-overlay  envira-gallery-bottom-right\"><\/div><a href=\"https:\/\/hochzeitsfotograf-bb.de\/wp-content\/uploads\/2019\/12\/IMG_7557.jpg\" class=\"envira-gallery-1447 envira-gallery-link\" rel=\"enviragallery1447\" title=\"IMG_7557\" data-envira-caption=\"IMG_7557\" data-envira-retina=\"\" data-thumbnail=\"\"  itemprop=\"contentUrl\"><img decoding=\"async\" id=\"envira-gallery-image-2206\" class=\"envira-gallery-image envira-gallery-image-31 envira-normal envira-lazy\" data-envira-index=\"31\" src=\"https:\/\/hochzeitsfotograf-bb.de\/wp-content\/uploads\/2019\/12\/IMG_7557-1024x683-640x480.jpg\" data-envira-src=\"https:\/\/hochzeitsfotograf-bb.de\/wp-content\/uploads\/2019\/12\/IMG_7557-1024x683-640x480.jpg\" data-envira-gallery-id=\"1447\" data-envira-item-id=\"2206\" data-envira-caption=\"IMG_7557\" alt=\"hochzeitsfotograf, holzgerlingen, benjamin knoblauch, paarshooting, fotoshooting, natur, hund, bridetobe\" title=\"IMG_7557\"  itemprop=\"thumbnailUrl\" data-envira-srcset=\"https:\/\/hochzeitsfotograf-bb.de\/wp-content\/uploads\/2019\/12\/IMG_7557-1024x683-640x480.jpg 400w,https:\/\/hochzeitsfotograf-bb.de\/wp-content\/uploads\/2019\/12\/IMG_7557-1024x683-640x480.jpg 2x\" data-envira-width=\"300\" data-envira-height=\"200\" srcset=\"data:image\/gif;base64,R0lGODlhAQABAIAAAP\/\/\/\/\/\/\/yH5BAEKAAEALAAAAAABAAEAAAICTAEAOw==\" data-safe-src=\"data:image\/gif;base64,R0lGODlhAQABAIAAAP\/\/\/\/\/\/\/yH5BAEKAAEALAAAAAABAAEAAAICTAEAOw==\" \/><\/a><\/div><\/div><\/div><\/div><noscript><img decoding=\"async\" src=\"https:\/\/hochzeitsfotograf-bb.de\/wp-content\/uploads\/2019\/12\/IMG_0816.jpg\" alt=\"\" \/><img decoding=\"async\" src=\"https:\/\/hochzeitsfotograf-bb.de\/wp-content\/uploads\/2019\/12\/IMG_0824.jpg\" alt=\"\" \/><img decoding=\"async\" src=\"https:\/\/hochzeitsfotograf-bb.de\/wp-content\/uploads\/2019\/12\/IMG_0875.jpg\" alt=\"\" \/><img decoding=\"async\" src=\"https:\/\/hochzeitsfotograf-bb.de\/wp-content\/uploads\/2019\/12\/IMG_0888.jpg\" alt=\"\" \/><img decoding=\"async\" src=\"https:\/\/hochzeitsfotograf-bb.de\/wp-content\/uploads\/2019\/12\/IMG_0082-1.jpg\" alt=\"\" \/><img decoding=\"async\" src=\"https:\/\/hochzeitsfotograf-bb.de\/wp-content\/uploads\/2019\/12\/IMG_0132.jpg\" alt=\"\" \/><img decoding=\"async\" src=\"https:\/\/hochzeitsfotograf-bb.de\/wp-content\/uploads\/2019\/12\/IMG_0197-1.jpg\" alt=\"\" \/><img decoding=\"async\" src=\"https:\/\/hochzeitsfotograf-bb.de\/wp-content\/uploads\/2019\/12\/IMG_5760.jpg\" alt=\"\" \/><img decoding=\"async\" src=\"https:\/\/hochzeitsfotograf-bb.de\/wp-content\/uploads\/2019\/12\/IMG_5897.jpg\" alt=\"\" \/><img decoding=\"async\" src=\"https:\/\/hochzeitsfotograf-bb.de\/wp-content\/uploads\/2019\/12\/IMG_5573.jpg\" alt=\"\" \/><img decoding=\"async\" src=\"https:\/\/hochzeitsfotograf-bb.de\/wp-content\/uploads\/2019\/12\/engagementshooting_baden-baden_benjamin_knoblauch.jpg\" alt=\"benjamin knoblauch, fotoshooting, baden-baden, hochzeitsfotograf, paarshooting, fotograf,\" \/><img decoding=\"async\" src=\"https:\/\/hochzeitsfotograf-bb.de\/wp-content\/uploads\/2019\/12\/IMG_5065.jpg\" alt=\"\" \/><img decoding=\"async\" src=\"https:\/\/hochzeitsfotograf-bb.de\/wp-content\/uploads\/2019\/12\/IMG_4983.jpg\" alt=\"\" \/><img decoding=\"async\" src=\"https:\/\/hochzeitsfotograf-bb.de\/wp-content\/uploads\/2019\/12\/IMG_3260.jpg\" alt=\"\" \/><img decoding=\"async\" src=\"https:\/\/hochzeitsfotograf-bb.de\/wp-content\/uploads\/2019\/12\/IMG_3282.jpg\" alt=\"\" \/><img decoding=\"async\" src=\"https:\/\/hochzeitsfotograf-bb.de\/wp-content\/uploads\/2019\/12\/IMG_3301.jpg\" alt=\"\" \/><img decoding=\"async\" src=\"https:\/\/hochzeitsfotograf-bb.de\/wp-content\/uploads\/2019\/12\/IMG_3442.jpg\" alt=\"\" \/><img decoding=\"async\" src=\"https:\/\/hochzeitsfotograf-bb.de\/wp-content\/uploads\/2019\/12\/IMG_3723.jpg\" alt=\"\" \/><img decoding=\"async\" src=\"https:\/\/hochzeitsfotograf-bb.de\/wp-content\/uploads\/2019\/12\/engagement_fotoshooting_schloss-solitude.jpg\" alt=\"Fotoshooting am Schloss Solitude in Stuttgart mit einem tollen Paar in der Natur\" \/><img decoding=\"async\" src=\"https:\/\/hochzeitsfotograf-bb.de\/wp-content\/uploads\/2019\/12\/IMG_8165.jpg\" alt=\"\" \/><img decoding=\"async\" src=\"https:\/\/hochzeitsfotograf-bb.de\/wp-content\/uploads\/2019\/12\/IMG_5231.jpg\" alt=\"\" \/><img decoding=\"async\" src=\"https:\/\/hochzeitsfotograf-bb.de\/wp-content\/uploads\/2019\/12\/IMG_5256.jpg\" alt=\"\" \/><img decoding=\"async\" src=\"https:\/\/hochzeitsfotograf-bb.de\/wp-content\/uploads\/2019\/12\/IMG_5274.jpg\" alt=\"\" \/><img decoding=\"async\" src=\"https:\/\/hochzeitsfotograf-bb.de\/wp-content\/uploads\/2019\/12\/XPRO4727.jpg\" alt=\"\" \/><img decoding=\"async\" src=\"https:\/\/hochzeitsfotograf-bb.de\/wp-content\/uploads\/2019\/12\/IMG_5639.jpg\" alt=\"\" \/><img decoding=\"async\" src=\"https:\/\/hochzeitsfotograf-bb.de\/wp-content\/uploads\/2019\/12\/IMG_1131.jpg\" alt=\"\" \/><img decoding=\"async\" src=\"https:\/\/hochzeitsfotograf-bb.de\/wp-content\/uploads\/2019\/12\/IMG_9823.jpg\" alt=\"\" \/><img decoding=\"async\" src=\"https:\/\/hochzeitsfotograf-bb.de\/wp-content\/uploads\/2019\/12\/sd-2.jpg\" alt=\"\" \/><img decoding=\"async\" src=\"https:\/\/hochzeitsfotograf-bb.de\/wp-content\/uploads\/2019\/12\/sd-1.jpg\" alt=\"\" \/><img decoding=\"async\" src=\"https:\/\/hochzeitsfotograf-bb.de\/wp-content\/uploads\/2019\/12\/IMG_8804-2.jpg\" alt=\"\" \/><img decoding=\"async\" src=\"https:\/\/hochzeitsfotograf-bb.de\/wp-content\/uploads\/2019\/12\/IMG_7557.jpg\" alt=\"hochzeitsfotograf, holzgerlingen, benjamin knoblauch, paarshooting, fotoshooting, natur, hund, bridetobe\" \/><\/noscript><\/div>\n\n\n\n<h4 class=\"wp-block-heading\">.<\/h4>\n\n\n\n<p><\/p>\n\n\n\n<h2 class=\"wp-block-heading\">Hochzeitsreportage Deborah &amp; Stefan<\/h2>\n\n\n<div class=\"wp-block-image\">\n<figure class=\"aligncenter size-large\"><a href=\"https:\/\/hochzeitsfotograf-bb.de\/?p=559\"><img loading=\"lazy\" decoding=\"async\" width=\"640\" height=\"427\" src=\"https:\/\/hochzeitsfotograf-bb.de\/wp-content\/uploads\/2013\/08\/ds_0001.jpg\" alt=\"\" class=\"wp-image-560\" srcset=\"https:\/\/hochzeitsfotograf-bb.de\/wp-content\/uploads\/2013\/08\/ds_0001.jpg 640w, https:\/\/hochzeitsfotograf-bb.de\/wp-content\/uploads\/2013\/08\/ds_0001-300x200.jpg 300w\" sizes=\"auto, (max-width: 640px) 100vw, 640px\" \/><\/a><\/figure>\n<\/div>\n\n\n<h2 class=\"wp-block-heading\">.<\/h2>\n\n\n\n<h2 class=\"wp-block-heading\">Schwangerschaftsbilder<\/h2>\n\n\n\n<p><\/p>\n\n\n\n<div class=\"wp-block-envira-envira-gallery\"><div id=\"envira-gallery-wrap-1436\" class=\"envira-gallery-wrap envira-gallery-theme-base envira-lightbox-theme-base\" itemscope itemtype=\"https:\/\/schema.org\/ImageGallery\"><div data-row-height=\"150\" data-gallery-theme=\"normal\" id=\"envira-gallery-1436\" class=\"envira-gallery-public envira-gallery-justified-public envira-gallery-0-columns envira-clear enviratope envira-gallery-css-animations\" data-envira-columns=\"0\"><div id=\"envira-gallery-item-1437\" class=\"envira-gallery-item enviratope-item envira-gallery-item-1 envira-lazy-load\" style=\"padding-left: 1px; padding-bottom: 1px; padding-right: 1px;\"  itemscope itemtype=\"https:\/\/schema.org\/ImageObject\"><div class=\"envira-gallery-item-inner\"><div class=\"envira-gallery-position-overlay  envira-gallery-top-left\"><\/div><div class=\"envira-gallery-position-overlay  envira-gallery-top-right\"><\/div><div class=\"envira-gallery-position-overlay  envira-gallery-bottom-left\"><\/div><div class=\"envira-gallery-position-overlay  envira-gallery-bottom-right\"><\/div><a href=\"https:\/\/hochzeitsfotograf-bb.de\/wp-content\/uploads\/2019\/12\/IMG_7901.jpg\" class=\"envira-gallery-1436 envira-gallery-link\" rel=\"enviragallery1436\" title=\"IMG_7901\" data-envira-caption=\"IMG_7901\" data-envira-retina=\"\" data-thumbnail=\"\"  itemprop=\"contentUrl\"><img decoding=\"async\" id=\"envira-gallery-image-1437\" class=\"envira-gallery-image envira-gallery-image-1 envira-normal envira-lazy\" data-envira-index=\"1\" src=\"https:\/\/hochzeitsfotograf-bb.de\/wp-content\/uploads\/2019\/12\/IMG_7901.jpg\" data-envira-src=\"https:\/\/hochzeitsfotograf-bb.de\/wp-content\/uploads\/2019\/12\/IMG_7901.jpg\" data-envira-gallery-id=\"1436\" data-envira-item-id=\"1437\" data-envira-caption=\"IMG_7901\" alt=\"\" title=\"IMG_7901\"  itemprop=\"thumbnailUrl\" data-envira-srcset=\"https:\/\/hochzeitsfotograf-bb.de\/wp-content\/uploads\/2019\/12\/IMG_7901.jpg 400w,https:\/\/hochzeitsfotograf-bb.de\/wp-content\/uploads\/2019\/12\/IMG_7901.jpg 2x\" data-envira-width=\"300\" data-envira-height=\"200\" srcset=\"data:image\/gif;base64,R0lGODlhAQABAIAAAP\/\/\/\/\/\/\/yH5BAEKAAEALAAAAAABAAEAAAICTAEAOw==\" data-safe-src=\"data:image\/gif;base64,R0lGODlhAQABAIAAAP\/\/\/\/\/\/\/yH5BAEKAAEALAAAAAABAAEAAAICTAEAOw==\" \/><\/a><\/div><\/div><div id=\"envira-gallery-item-1438\" class=\"envira-gallery-item enviratope-item envira-gallery-item-2 envira-lazy-load\" style=\"padding-left: 1px; padding-bottom: 1px; padding-right: 1px;\"  itemscope itemtype=\"https:\/\/schema.org\/ImageObject\"><div class=\"envira-gallery-item-inner\"><div class=\"envira-gallery-position-overlay  envira-gallery-top-left\"><\/div><div class=\"envira-gallery-position-overlay  envira-gallery-top-right\"><\/div><div class=\"envira-gallery-position-overlay  envira-gallery-bottom-left\"><\/div><div class=\"envira-gallery-position-overlay  envira-gallery-bottom-right\"><\/div><a href=\"https:\/\/hochzeitsfotograf-bb.de\/wp-content\/uploads\/2019\/12\/IMG_8116.jpg\" class=\"envira-gallery-1436 envira-gallery-link\" rel=\"enviragallery1436\" title=\"IMG_8116\" data-envira-caption=\"IMG_8116\" data-envira-retina=\"\" data-thumbnail=\"\"  itemprop=\"contentUrl\"><img decoding=\"async\" id=\"envira-gallery-image-1438\" class=\"envira-gallery-image envira-gallery-image-2 envira-normal envira-lazy\" data-envira-index=\"2\" src=\"https:\/\/hochzeitsfotograf-bb.de\/wp-content\/uploads\/2019\/12\/IMG_8116.jpg\" data-envira-src=\"https:\/\/hochzeitsfotograf-bb.de\/wp-content\/uploads\/2019\/12\/IMG_8116.jpg\" data-envira-gallery-id=\"1436\" data-envira-item-id=\"1438\" data-envira-caption=\"IMG_8116\" alt=\"\" title=\"IMG_8116\"  itemprop=\"thumbnailUrl\" data-envira-srcset=\"https:\/\/hochzeitsfotograf-bb.de\/wp-content\/uploads\/2019\/12\/IMG_8116.jpg 400w,https:\/\/hochzeitsfotograf-bb.de\/wp-content\/uploads\/2019\/12\/IMG_8116.jpg 2x\" data-envira-width=\"300\" data-envira-height=\"200\" srcset=\"data:image\/gif;base64,R0lGODlhAQABAIAAAP\/\/\/\/\/\/\/yH5BAEKAAEALAAAAAABAAEAAAICTAEAOw==\" data-safe-src=\"data:image\/gif;base64,R0lGODlhAQABAIAAAP\/\/\/\/\/\/\/yH5BAEKAAEALAAAAAABAAEAAAICTAEAOw==\" \/><\/a><\/div><\/div><div id=\"envira-gallery-item-1439\" class=\"envira-gallery-item enviratope-item envira-gallery-item-3 envira-lazy-load\" style=\"padding-left: 1px; padding-bottom: 1px; padding-right: 1px;\"  itemscope itemtype=\"https:\/\/schema.org\/ImageObject\"><div class=\"envira-gallery-item-inner\"><div class=\"envira-gallery-position-overlay  envira-gallery-top-left\"><\/div><div class=\"envira-gallery-position-overlay  envira-gallery-top-right\"><\/div><div class=\"envira-gallery-position-overlay  envira-gallery-bottom-left\"><\/div><div class=\"envira-gallery-position-overlay  envira-gallery-bottom-right\"><\/div><a href=\"https:\/\/hochzeitsfotograf-bb.de\/wp-content\/uploads\/2019\/12\/IMG_8318.jpg\" class=\"envira-gallery-1436 envira-gallery-link\" rel=\"enviragallery1436\" title=\"IMG_8318\" data-envira-caption=\"IMG_8318\" data-envira-retina=\"\" data-thumbnail=\"\"  itemprop=\"contentUrl\"><img decoding=\"async\" id=\"envira-gallery-image-1439\" class=\"envira-gallery-image envira-gallery-image-3 envira-normal envira-lazy\" data-envira-index=\"3\" src=\"https:\/\/hochzeitsfotograf-bb.de\/wp-content\/uploads\/2019\/12\/IMG_8318.jpg\" data-envira-src=\"https:\/\/hochzeitsfotograf-bb.de\/wp-content\/uploads\/2019\/12\/IMG_8318.jpg\" data-envira-gallery-id=\"1436\" data-envira-item-id=\"1439\" data-envira-caption=\"IMG_8318\" alt=\"\" title=\"IMG_8318\"  itemprop=\"thumbnailUrl\" data-envira-srcset=\"https:\/\/hochzeitsfotograf-bb.de\/wp-content\/uploads\/2019\/12\/IMG_8318.jpg 400w,https:\/\/hochzeitsfotograf-bb.de\/wp-content\/uploads\/2019\/12\/IMG_8318.jpg 2x\" data-envira-width=\"300\" data-envira-height=\"200\" srcset=\"data:image\/gif;base64,R0lGODlhAQABAIAAAP\/\/\/\/\/\/\/yH5BAEKAAEALAAAAAABAAEAAAICTAEAOw==\" data-safe-src=\"data:image\/gif;base64,R0lGODlhAQABAIAAAP\/\/\/\/\/\/\/yH5BAEKAAEALAAAAAABAAEAAAICTAEAOw==\" \/><\/a><\/div><\/div><div id=\"envira-gallery-item-1440\" class=\"envira-gallery-item enviratope-item envira-gallery-item-4 envira-lazy-load\" style=\"padding-left: 1px; padding-bottom: 1px; padding-right: 1px;\"  itemscope itemtype=\"https:\/\/schema.org\/ImageObject\"><div class=\"envira-gallery-item-inner\"><div class=\"envira-gallery-position-overlay  envira-gallery-top-left\"><\/div><div class=\"envira-gallery-position-overlay  envira-gallery-top-right\"><\/div><div class=\"envira-gallery-position-overlay  envira-gallery-bottom-left\"><\/div><div class=\"envira-gallery-position-overlay  envira-gallery-bottom-right\"><\/div><a href=\"https:\/\/hochzeitsfotograf-bb.de\/wp-content\/uploads\/2019\/12\/IMG_8064.jpg\" class=\"envira-gallery-1436 envira-gallery-link\" rel=\"enviragallery1436\" title=\"IMG_8064\" data-envira-caption=\"IMG_8064\" data-envira-retina=\"\" data-thumbnail=\"\"  itemprop=\"contentUrl\"><img decoding=\"async\" id=\"envira-gallery-image-1440\" class=\"envira-gallery-image envira-gallery-image-4 envira-normal envira-lazy\" data-envira-index=\"4\" src=\"https:\/\/hochzeitsfotograf-bb.de\/wp-content\/uploads\/2019\/12\/IMG_8064.jpg\" data-envira-src=\"https:\/\/hochzeitsfotograf-bb.de\/wp-content\/uploads\/2019\/12\/IMG_8064.jpg\" data-envira-gallery-id=\"1436\" data-envira-item-id=\"1440\" data-envira-caption=\"IMG_8064\" alt=\"\" title=\"IMG_8064\"  itemprop=\"thumbnailUrl\" data-envira-srcset=\"https:\/\/hochzeitsfotograf-bb.de\/wp-content\/uploads\/2019\/12\/IMG_8064.jpg 400w,https:\/\/hochzeitsfotograf-bb.de\/wp-content\/uploads\/2019\/12\/IMG_8064.jpg 2x\" data-envira-width=\"300\" data-envira-height=\"200\" srcset=\"data:image\/gif;base64,R0lGODlhAQABAIAAAP\/\/\/\/\/\/\/yH5BAEKAAEALAAAAAABAAEAAAICTAEAOw==\" data-safe-src=\"data:image\/gif;base64,R0lGODlhAQABAIAAAP\/\/\/\/\/\/\/yH5BAEKAAEALAAAAAABAAEAAAICTAEAOw==\" \/><\/a><\/div><\/div><div id=\"envira-gallery-item-2161\" class=\"envira-gallery-item enviratope-item envira-gallery-item-5 envira-lazy-load\" style=\"padding-left: 1px; padding-bottom: 1px; padding-right: 1px;\"  itemscope itemtype=\"https:\/\/schema.org\/ImageObject\"><div class=\"envira-gallery-item-inner\"><div class=\"envira-gallery-position-overlay  envira-gallery-top-left\"><\/div><div class=\"envira-gallery-position-overlay  envira-gallery-top-right\"><\/div><div class=\"envira-gallery-position-overlay  envira-gallery-bottom-left\"><\/div><div class=\"envira-gallery-position-overlay  envira-gallery-bottom-right\"><\/div><a href=\"https:\/\/hochzeitsfotograf-bb.de\/wp-content\/uploads\/2019\/12\/IMG_3012.jpg\" class=\"envira-gallery-1436 envira-gallery-link\" rel=\"enviragallery1436\" title=\"IMG_3012\" data-envira-caption=\"IMG_3012\" data-envira-retina=\"\" data-thumbnail=\"\"  itemprop=\"contentUrl\"><img decoding=\"async\" id=\"envira-gallery-image-2161\" class=\"envira-gallery-image envira-gallery-image-5 envira-normal envira-lazy\" data-envira-index=\"5\" src=\"https:\/\/hochzeitsfotograf-bb.de\/wp-content\/uploads\/2019\/12\/IMG_3012.jpg\" data-envira-src=\"https:\/\/hochzeitsfotograf-bb.de\/wp-content\/uploads\/2019\/12\/IMG_3012.jpg\" data-envira-gallery-id=\"1436\" data-envira-item-id=\"2161\" data-envira-caption=\"IMG_3012\" alt=\"sindelfingen, fotograf, schwangerschaft, babybauch, couple, fotoshooting, schnee\" title=\"IMG_3012\"  itemprop=\"thumbnailUrl\" data-envira-srcset=\"https:\/\/hochzeitsfotograf-bb.de\/wp-content\/uploads\/2019\/12\/IMG_3012.jpg 400w,https:\/\/hochzeitsfotograf-bb.de\/wp-content\/uploads\/2019\/12\/IMG_3012.jpg 2x\" data-envira-width=\"300\" data-envira-height=\"200\" srcset=\"data:image\/gif;base64,R0lGODlhAQABAIAAAP\/\/\/\/\/\/\/yH5BAEKAAEALAAAAAABAAEAAAICTAEAOw==\" data-safe-src=\"data:image\/gif;base64,R0lGODlhAQABAIAAAP\/\/\/\/\/\/\/yH5BAEKAAEALAAAAAABAAEAAAICTAEAOw==\" \/><\/a><\/div><\/div><div id=\"envira-gallery-item-2162\" class=\"envira-gallery-item enviratope-item envira-gallery-item-6 envira-lazy-load\" style=\"padding-left: 1px; padding-bottom: 1px; padding-right: 1px;\"  itemscope itemtype=\"https:\/\/schema.org\/ImageObject\"><div class=\"envira-gallery-item-inner\"><div class=\"envira-gallery-position-overlay  envira-gallery-top-left\"><\/div><div class=\"envira-gallery-position-overlay  envira-gallery-top-right\"><\/div><div class=\"envira-gallery-position-overlay  envira-gallery-bottom-left\"><\/div><div class=\"envira-gallery-position-overlay  envira-gallery-bottom-right\"><\/div><a href=\"https:\/\/hochzeitsfotograf-bb.de\/wp-content\/uploads\/2019\/12\/IMG_3127.jpg\" class=\"envira-gallery-1436 envira-gallery-link\" rel=\"enviragallery1436\" title=\"IMG_3127\" data-envira-caption=\"IMG_3127\" data-envira-retina=\"\" data-thumbnail=\"\"  itemprop=\"contentUrl\"><img decoding=\"async\" id=\"envira-gallery-image-2162\" class=\"envira-gallery-image envira-gallery-image-6 envira-normal envira-lazy\" data-envira-index=\"6\" src=\"https:\/\/hochzeitsfotograf-bb.de\/wp-content\/uploads\/2019\/12\/IMG_3127.jpg\" data-envira-src=\"https:\/\/hochzeitsfotograf-bb.de\/wp-content\/uploads\/2019\/12\/IMG_3127.jpg\" data-envira-gallery-id=\"1436\" data-envira-item-id=\"2162\" data-envira-caption=\"IMG_3127\" alt=\"sindelfingen, fotograf, schwangerschaft, babybauch, couple, fotoshooting, schnee\" title=\"IMG_3127\"  itemprop=\"thumbnailUrl\" data-envira-srcset=\"https:\/\/hochzeitsfotograf-bb.de\/wp-content\/uploads\/2019\/12\/IMG_3127.jpg 400w,https:\/\/hochzeitsfotograf-bb.de\/wp-content\/uploads\/2019\/12\/IMG_3127.jpg 2x\" data-envira-width=\"240\" data-envira-height=\"300\" srcset=\"data:image\/gif;base64,R0lGODlhAQABAIAAAP\/\/\/\/\/\/\/yH5BAEKAAEALAAAAAABAAEAAAICTAEAOw==\" data-safe-src=\"data:image\/gif;base64,R0lGODlhAQABAIAAAP\/\/\/\/\/\/\/yH5BAEKAAEALAAAAAABAAEAAAICTAEAOw==\" \/><\/a><\/div><\/div><div id=\"envira-gallery-item-1922\" class=\"envira-gallery-item enviratope-item envira-gallery-item-7 envira-lazy-load\" style=\"padding-left: 1px; padding-bottom: 1px; padding-right: 1px;\"  itemscope itemtype=\"https:\/\/schema.org\/ImageObject\"><div class=\"envira-gallery-item-inner\"><div class=\"envira-gallery-position-overlay  envira-gallery-top-left\"><\/div><div class=\"envira-gallery-position-overlay  envira-gallery-top-right\"><\/div><div class=\"envira-gallery-position-overlay  envira-gallery-bottom-left\"><\/div><div class=\"envira-gallery-position-overlay  envira-gallery-bottom-right\"><\/div><a href=\"https:\/\/hochzeitsfotograf-bb.de\/wp-content\/uploads\/2019\/12\/IMG_2434.jpg\" class=\"envira-gallery-1436 envira-gallery-link\" rel=\"enviragallery1436\" title=\"IMG_2434\" data-envira-caption=\"IMG_2434\" data-envira-retina=\"\" data-thumbnail=\"\"  itemprop=\"contentUrl\"><img decoding=\"async\" id=\"envira-gallery-image-1922\" class=\"envira-gallery-image envira-gallery-image-7 envira-normal envira-lazy\" data-envira-index=\"7\" src=\"https:\/\/hochzeitsfotograf-bb.de\/wp-content\/uploads\/2019\/12\/IMG_2434.jpg\" data-envira-src=\"https:\/\/hochzeitsfotograf-bb.de\/wp-content\/uploads\/2019\/12\/IMG_2434.jpg\" data-envira-gallery-id=\"1436\" data-envira-item-id=\"1922\" data-envira-caption=\"IMG_2434\" alt=\"\" title=\"IMG_2434\"  itemprop=\"thumbnailUrl\" data-envira-srcset=\"https:\/\/hochzeitsfotograf-bb.de\/wp-content\/uploads\/2019\/12\/IMG_2434.jpg 400w,https:\/\/hochzeitsfotograf-bb.de\/wp-content\/uploads\/2019\/12\/IMG_2434.jpg 2x\" data-envira-width=\"300\" data-envira-height=\"200\" srcset=\"data:image\/gif;base64,R0lGODlhAQABAIAAAP\/\/\/\/\/\/\/yH5BAEKAAEALAAAAAABAAEAAAICTAEAOw==\" data-safe-src=\"data:image\/gif;base64,R0lGODlhAQABAIAAAP\/\/\/\/\/\/\/yH5BAEKAAEALAAAAAABAAEAAAICTAEAOw==\" \/><\/a><\/div><\/div><div id=\"envira-gallery-item-1442\" class=\"envira-gallery-item enviratope-item envira-gallery-item-8 envira-lazy-load\" style=\"padding-left: 1px; padding-bottom: 1px; padding-right: 1px;\"  itemscope itemtype=\"https:\/\/schema.org\/ImageObject\"><div class=\"envira-gallery-item-inner\"><div class=\"envira-gallery-position-overlay  envira-gallery-top-left\"><\/div><div class=\"envira-gallery-position-overlay  envira-gallery-top-right\"><\/div><div class=\"envira-gallery-position-overlay  envira-gallery-bottom-left\"><\/div><div class=\"envira-gallery-position-overlay  envira-gallery-bottom-right\"><\/div><a href=\"https:\/\/hochzeitsfotograf-bb.de\/wp-content\/uploads\/2019\/12\/IMG_2865.jpg\" class=\"envira-gallery-1436 envira-gallery-link\" rel=\"enviragallery1436\" title=\"IMG_2865\" data-envira-caption=\"IMG_2865\" data-envira-retina=\"\" data-thumbnail=\"\"  itemprop=\"contentUrl\"><img decoding=\"async\" id=\"envira-gallery-image-1442\" class=\"envira-gallery-image envira-gallery-image-8 envira-normal envira-lazy\" data-envira-index=\"8\" src=\"https:\/\/hochzeitsfotograf-bb.de\/wp-content\/uploads\/2019\/12\/IMG_2865.jpg\" data-envira-src=\"https:\/\/hochzeitsfotograf-bb.de\/wp-content\/uploads\/2019\/12\/IMG_2865.jpg\" data-envira-gallery-id=\"1436\" data-envira-item-id=\"1442\" data-envira-caption=\"IMG_2865\" alt=\"\" title=\"IMG_2865\"  itemprop=\"thumbnailUrl\" data-envira-srcset=\"https:\/\/hochzeitsfotograf-bb.de\/wp-content\/uploads\/2019\/12\/IMG_2865.jpg 400w,https:\/\/hochzeitsfotograf-bb.de\/wp-content\/uploads\/2019\/12\/IMG_2865.jpg 2x\" data-envira-width=\"300\" data-envira-height=\"200\" srcset=\"data:image\/gif;base64,R0lGODlhAQABAIAAAP\/\/\/\/\/\/\/yH5BAEKAAEALAAAAAABAAEAAAICTAEAOw==\" data-safe-src=\"data:image\/gif;base64,R0lGODlhAQABAIAAAP\/\/\/\/\/\/\/yH5BAEKAAEALAAAAAABAAEAAAICTAEAOw==\" \/><\/a><\/div><\/div><div id=\"envira-gallery-item-1443\" class=\"envira-gallery-item enviratope-item envira-gallery-item-9 envira-lazy-load\" style=\"padding-left: 1px; padding-bottom: 1px; padding-right: 1px;\"  itemscope itemtype=\"https:\/\/schema.org\/ImageObject\"><div class=\"envira-gallery-item-inner\"><div class=\"envira-gallery-position-overlay  envira-gallery-top-left\"><\/div><div class=\"envira-gallery-position-overlay  envira-gallery-top-right\"><\/div><div class=\"envira-gallery-position-overlay  envira-gallery-bottom-left\"><\/div><div class=\"envira-gallery-position-overlay  envira-gallery-bottom-right\"><\/div><a href=\"https:\/\/hochzeitsfotograf-bb.de\/wp-content\/uploads\/2019\/12\/IMG_2880.jpg\" class=\"envira-gallery-1436 envira-gallery-link\" rel=\"enviragallery1436\" title=\"IMG_2880\" data-envira-caption=\"IMG_2880\" data-envira-retina=\"\" data-thumbnail=\"\"  itemprop=\"contentUrl\"><img decoding=\"async\" id=\"envira-gallery-image-1443\" class=\"envira-gallery-image envira-gallery-image-9 envira-normal envira-lazy\" data-envira-index=\"9\" src=\"https:\/\/hochzeitsfotograf-bb.de\/wp-content\/uploads\/2019\/12\/IMG_2880.jpg\" data-envira-src=\"https:\/\/hochzeitsfotograf-bb.de\/wp-content\/uploads\/2019\/12\/IMG_2880.jpg\" data-envira-gallery-id=\"1436\" data-envira-item-id=\"1443\" data-envira-caption=\"IMG_2880\" alt=\"\" title=\"IMG_2880\"  itemprop=\"thumbnailUrl\" data-envira-srcset=\"https:\/\/hochzeitsfotograf-bb.de\/wp-content\/uploads\/2019\/12\/IMG_2880.jpg 400w,https:\/\/hochzeitsfotograf-bb.de\/wp-content\/uploads\/2019\/12\/IMG_2880.jpg 2x\" data-envira-width=\"300\" data-envira-height=\"200\" srcset=\"data:image\/gif;base64,R0lGODlhAQABAIAAAP\/\/\/\/\/\/\/yH5BAEKAAEALAAAAAABAAEAAAICTAEAOw==\" data-safe-src=\"data:image\/gif;base64,R0lGODlhAQABAIAAAP\/\/\/\/\/\/\/yH5BAEKAAEALAAAAAABAAEAAAICTAEAOw==\" \/><\/a><\/div><\/div><div id=\"envira-gallery-item-1444\" class=\"envira-gallery-item enviratope-item envira-gallery-item-10 envira-lazy-load\" style=\"padding-left: 1px; padding-bottom: 1px; padding-right: 1px;\"  itemscope itemtype=\"https:\/\/schema.org\/ImageObject\"><div class=\"envira-gallery-item-inner\"><div class=\"envira-gallery-position-overlay  envira-gallery-top-left\"><\/div><div class=\"envira-gallery-position-overlay  envira-gallery-top-right\"><\/div><div class=\"envira-gallery-position-overlay  envira-gallery-bottom-left\"><\/div><div class=\"envira-gallery-position-overlay  envira-gallery-bottom-right\"><\/div><a href=\"https:\/\/hochzeitsfotograf-bb.de\/wp-content\/uploads\/2019\/12\/IMG_2887.jpg\" class=\"envira-gallery-1436 envira-gallery-link\" rel=\"enviragallery1436\" title=\"IMG_2887\" data-envira-caption=\"IMG_2887\" data-envira-retina=\"\" data-thumbnail=\"\"  itemprop=\"contentUrl\"><img decoding=\"async\" id=\"envira-gallery-image-1444\" class=\"envira-gallery-image envira-gallery-image-10 envira-normal envira-lazy\" data-envira-index=\"10\" src=\"https:\/\/hochzeitsfotograf-bb.de\/wp-content\/uploads\/2019\/12\/IMG_2887.jpg\" data-envira-src=\"https:\/\/hochzeitsfotograf-bb.de\/wp-content\/uploads\/2019\/12\/IMG_2887.jpg\" data-envira-gallery-id=\"1436\" data-envira-item-id=\"1444\" data-envira-caption=\"IMG_2887\" alt=\"\" title=\"IMG_2887\"  itemprop=\"thumbnailUrl\" data-envira-srcset=\"https:\/\/hochzeitsfotograf-bb.de\/wp-content\/uploads\/2019\/12\/IMG_2887.jpg 400w,https:\/\/hochzeitsfotograf-bb.de\/wp-content\/uploads\/2019\/12\/IMG_2887.jpg 2x\" data-envira-width=\"200\" data-envira-height=\"300\" srcset=\"data:image\/gif;base64,R0lGODlhAQABAIAAAP\/\/\/\/\/\/\/yH5BAEKAAEALAAAAAABAAEAAAICTAEAOw==\" data-safe-src=\"data:image\/gif;base64,R0lGODlhAQABAIAAAP\/\/\/\/\/\/\/yH5BAEKAAEALAAAAAABAAEAAAICTAEAOw==\" \/><\/a><\/div><\/div><div id=\"envira-gallery-item-1445\" class=\"envira-gallery-item enviratope-item envira-gallery-item-11 envira-lazy-load\" style=\"padding-left: 1px; padding-bottom: 1px; padding-right: 1px;\"  itemscope itemtype=\"https:\/\/schema.org\/ImageObject\"><div class=\"envira-gallery-item-inner\"><div class=\"envira-gallery-position-overlay  envira-gallery-top-left\"><\/div><div class=\"envira-gallery-position-overlay  envira-gallery-top-right\"><\/div><div class=\"envira-gallery-position-overlay  envira-gallery-bottom-left\"><\/div><div class=\"envira-gallery-position-overlay  envira-gallery-bottom-right\"><\/div><a href=\"https:\/\/hochzeitsfotograf-bb.de\/wp-content\/uploads\/2019\/12\/IMG_3124.jpg\" class=\"envira-gallery-1436 envira-gallery-link\" rel=\"enviragallery1436\" title=\"IMG_3124\" data-envira-caption=\"IMG_3124\" data-envira-retina=\"\" data-thumbnail=\"\"  itemprop=\"contentUrl\"><img decoding=\"async\" id=\"envira-gallery-image-1445\" class=\"envira-gallery-image envira-gallery-image-11 envira-normal envira-lazy\" data-envira-index=\"11\" src=\"https:\/\/hochzeitsfotograf-bb.de\/wp-content\/uploads\/2019\/12\/IMG_3124.jpg\" data-envira-src=\"https:\/\/hochzeitsfotograf-bb.de\/wp-content\/uploads\/2019\/12\/IMG_3124.jpg\" data-envira-gallery-id=\"1436\" data-envira-item-id=\"1445\" data-envira-caption=\"IMG_3124\" alt=\"\" title=\"IMG_3124\"  itemprop=\"thumbnailUrl\" data-envira-srcset=\"https:\/\/hochzeitsfotograf-bb.de\/wp-content\/uploads\/2019\/12\/IMG_3124.jpg 400w,https:\/\/hochzeitsfotograf-bb.de\/wp-content\/uploads\/2019\/12\/IMG_3124.jpg 2x\" data-envira-width=\"300\" data-envira-height=\"240\" srcset=\"data:image\/gif;base64,R0lGODlhAQABAIAAAP\/\/\/\/\/\/\/yH5BAEKAAEALAAAAAABAAEAAAICTAEAOw==\" data-safe-src=\"data:image\/gif;base64,R0lGODlhAQABAIAAAP\/\/\/\/\/\/\/yH5BAEKAAEALAAAAAABAAEAAAICTAEAOw==\" \/><\/a><\/div><\/div><\/div><\/div><noscript><img decoding=\"async\" src=\"https:\/\/hochzeitsfotograf-bb.de\/wp-content\/uploads\/2019\/12\/IMG_7901.jpg\" alt=\"\" \/><img decoding=\"async\" src=\"https:\/\/hochzeitsfotograf-bb.de\/wp-content\/uploads\/2019\/12\/IMG_8116.jpg\" alt=\"\" \/><img decoding=\"async\" src=\"https:\/\/hochzeitsfotograf-bb.de\/wp-content\/uploads\/2019\/12\/IMG_8318.jpg\" alt=\"\" \/><img decoding=\"async\" src=\"https:\/\/hochzeitsfotograf-bb.de\/wp-content\/uploads\/2019\/12\/IMG_8064.jpg\" alt=\"\" \/><img decoding=\"async\" src=\"https:\/\/hochzeitsfotograf-bb.de\/wp-content\/uploads\/2019\/12\/IMG_3012.jpg\" alt=\"sindelfingen, fotograf, schwangerschaft, babybauch, couple, fotoshooting, schnee\" \/><img decoding=\"async\" src=\"https:\/\/hochzeitsfotograf-bb.de\/wp-content\/uploads\/2019\/12\/IMG_3127.jpg\" alt=\"sindelfingen, fotograf, schwangerschaft, babybauch, couple, fotoshooting, schnee\" \/><img decoding=\"async\" src=\"https:\/\/hochzeitsfotograf-bb.de\/wp-content\/uploads\/2019\/12\/IMG_2434.jpg\" alt=\"\" \/><img decoding=\"async\" src=\"https:\/\/hochzeitsfotograf-bb.de\/wp-content\/uploads\/2019\/12\/IMG_2865.jpg\" alt=\"\" \/><img decoding=\"async\" src=\"https:\/\/hochzeitsfotograf-bb.de\/wp-content\/uploads\/2019\/12\/IMG_2880.jpg\" alt=\"\" \/><img decoding=\"async\" src=\"https:\/\/hochzeitsfotograf-bb.de\/wp-content\/uploads\/2019\/12\/IMG_2887.jpg\" alt=\"\" \/><img decoding=\"async\" src=\"https:\/\/hochzeitsfotograf-bb.de\/wp-content\/uploads\/2019\/12\/IMG_3124.jpg\" alt=\"\" \/><\/noscript><\/div>\n\n\n\n<h4 class=\"wp-block-heading\">.<\/h4>\n\n\n\n<h2 class=\"wp-block-heading\">Kontakt<\/h2>\n\n\n<div class=\"wpforms-container wpforms-container-full wpforms-block wpforms-block-e67087b1-d01f-4979-a03f-c34bda66e0af\" id=\"wpforms-2144\"><form id=\"wpforms-form-2144\" class=\"wpforms-validate wpforms-form wpforms-ajax-form\" data-formid=\"2144\" method=\"post\" enctype=\"multipart\/form-data\" action=\"\/index.php?rest_route=%2Fwp%2Fv2%2Fpages%2F8\" data-token=\"942e996737ffba895603ca8751458a90\" data-token-time=\"1777603192\"><noscript class=\"wpforms-error-noscript\">Bitte aktiviere JavaScript in deinem Browser, um dieses Formular fertigzustellen.<\/noscript><div class=\"wpforms-field-container\"><div id=\"wpforms-2144-field_0-container\" class=\"wpforms-field wpforms-field-name\" data-field-id=\"0\"><label class=\"wpforms-field-label\">Name <span class=\"wpforms-required-label\">*<\/span><\/label><div class=\"wpforms-field-row wpforms-field-medium\"><div class=\"wpforms-field-row-block wpforms-first wpforms-one-half\"><input type=\"text\" id=\"wpforms-2144-field_0\" class=\"wpforms-field-name-first wpforms-field-required\" name=\"wpforms[fields][0][first]\" required><label for=\"wpforms-2144-field_0\" class=\"wpforms-field-sublabel after\">Vorname<\/label><\/div><div class=\"wpforms-field-row-block wpforms-one-half\"><input type=\"text\" id=\"wpforms-2144-field_0-last\" class=\"wpforms-field-name-last wpforms-field-required\" name=\"wpforms[fields][0][last]\" required><label for=\"wpforms-2144-field_0-last\" class=\"wpforms-field-sublabel after\">Nachname<\/label><\/div><\/div><\/div><div id=\"wpforms-2144-field_1-container\" class=\"wpforms-field wpforms-field-email\" data-field-id=\"1\"><label class=\"wpforms-field-label\" for=\"wpforms-2144-field_1\">E-Mail-Adresse <span class=\"wpforms-required-label\">*<\/span><\/label><input type=\"email\" id=\"wpforms-2144-field_1\" class=\"wpforms-field-medium wpforms-field-required\" name=\"wpforms[fields][1]\" spellcheck=\"false\" required><\/div><div id=\"wpforms-2144-field_2-container\" class=\"wpforms-field wpforms-field-textarea\" data-field-id=\"2\"><label class=\"wpforms-field-label\" for=\"wpforms-2144-field_2\"> Nachricht<\/label><textarea id=\"wpforms-2144-field_2\" class=\"wpforms-field-medium\" name=\"wpforms[fields][2]\" ><\/textarea><\/div><\/div><!-- .wpforms-field-container --><div class=\"wpforms-submit-container\" ><input type=\"hidden\" name=\"wpforms[id]\" value=\"2144\"><input type=\"hidden\" name=\"page_title\" value=\"\"><input type=\"hidden\" name=\"page_url\" value=\"https:\/\/hochzeitsfotograf-bb.de\/index.php?rest_route=\/wp\/v2\/pages\/8\"><input type=\"hidden\" name=\"url_referer\" value=\"\"><button type=\"submit\" name=\"wpforms[submit]\" id=\"wpforms-submit-2144\" class=\"wpforms-submit\" data-alt-text=\"Wird gesendet\u00a0\u2026\" data-submit-text=\"Absenden\" aria-live=\"assertive\" value=\"wpforms-submit\">Absenden<\/button><img loading=\"lazy\" decoding=\"async\" src=\"https:\/\/hochzeitsfotograf-bb.de\/wp-content\/plugins\/wpforms-lite\/assets\/images\/submit-spin.svg\" class=\"wpforms-submit-spinner\" style=\"display: none;\" width=\"26\" height=\"26\" alt=\"Wird geladen\"><\/div><\/form><\/div>  <!-- .wpforms-container -->\n\n\n<p>Telefon +49 163 6305900             |             E-Mail  booking@hochzeitsfotograf-bb.de<\/p>\n\n\n\n<p><\/p>\n","protected":false},"excerpt":{"rendered":"<p>Hallo, ich bin Benjamin, Hochzeitsfotograf aus Sindelfingen und begleite seit 2011 Hochzeiten oftmals im Landkreis B\u00f6blingen, G\u00f6ppingen, Stuttgart, T\u00fcbingen, Ludwigsburg und Esslingen jedoch auch europaweit&#8230;<\/p>\n<div class=\"more-link-wrapper\"><a class=\"more-link\" href=\"https:\/\/hochzeitsfotograf-bb.de\/\">Weiterlesen<span class=\"screen-reader-text\">Hochzeitsbilder<\/span><\/a><\/div>\n","protected":false},"author":1,"featured_media":0,"parent":0,"menu_order":1,"comment_status":"closed","ping_status":"closed","template":"","meta":{"footnotes":""},"class_list":["post-8","page","type-page","status-publish","hentry","ratio-natural","entry"],"_links":{"self":[{"href":"https:\/\/hochzeitsfotograf-bb.de\/index.php?rest_route=\/wp\/v2\/pages\/8","targetHints":{"allow":["GET"]}}],"collection":[{"href":"https:\/\/hochzeitsfotograf-bb.de\/index.php?rest_route=\/wp\/v2\/pages"}],"about":[{"href":"https:\/\/hochzeitsfotograf-bb.de\/index.php?rest_route=\/wp\/v2\/types\/page"}],"author":[{"embeddable":true,"href":"https:\/\/hochzeitsfotograf-bb.de\/index.php?rest_route=\/wp\/v2\/users\/1"}],"replies":[{"embeddable":true,"href":"https:\/\/hochzeitsfotograf-bb.de\/index.php?rest_route=%2Fwp%2Fv2%2Fcomments&post=8"}],"version-history":[{"count":70,"href":"https:\/\/hochzeitsfotograf-bb.de\/index.php?rest_route=\/wp\/v2\/pages\/8\/revisions"}],"predecessor-version":[{"id":2149,"href":"https:\/\/hochzeitsfotograf-bb.de\/index.php?rest_route=\/wp\/v2\/pages\/8\/revisions\/2149"}],"wp:attachment":[{"href":"https:\/\/hochzeitsfotograf-bb.de\/index.php?rest_route=%2Fwp%2Fv2%2Fmedia&parent=8"}],"curies":[{"name":"wp","href":"https:\/\/api.w.org\/{rel}","templated":true}]}}